{"id":651,"date":"2014-03-03T13:16:52","date_gmt":"2014-03-03T13:16:52","guid":{"rendered":"http:\/\/masters.filescat.uab.cat\/muet\/?page_id=651"},"modified":"2014-03-03T13:16:52","modified_gmt":"2014-03-03T13:16:52","slug":"curs-2014-2015","status":"publish","type":"page","link":"https:\/\/masters.filescat.uab.cat\/muet\/curs-2014-2015\/","title":{"rendered":"Curs 2014-2015"},"content":{"rendered":"<h3>Calendari i horaris. Curs 2014-2015<\/h3>\n<h4>MATR\u00cdCULA I  INAUGURACI\u00d3<\/h4>\n<div class=\"box_gray\">\n<h6><strong>23 DE SETEMBRE<\/strong><\/h6>\n<div class=\"checklist checklist\">\n<ul>\n<li>11:00 Entrevistes personalitzades per als estudiants que vulguin optar a matricular-se al m\u00f2dul de Pr\u00e0ctiques externes (B11\/292, Sala de reunions del Departament de Filologia catalana, UAB)<\/li>\n<\/ul>\n<\/div>\n<\/div>\n<div class=\"box_gray\">\n<h6><strong>25 DE SETEMBRE<\/strong><\/h6>\n<div class=\"checklist checklist\">\n<ul>\n<li>11.00 Tutories de matr\u00edcula (Sala de Graus, Facultat de Filosofia i Lletres, UAB)<\/li>\n<li>11.30 Matriculaci\u00f3 dels estudiants a Gesti\u00f3 Acad\u00e8mica (Facultat de Filosofia i Lletres, UAB). Pr\u00e8viament, han de passar per la sessi\u00f3 de tutoria.<\/li>\n<li>16.00 Inauguraci\u00f3 oficial del M\u00e0ster. Lli\u00e7\u00f3 inaugural de Manuel Molins (Sala de Graus, Facultat de Filosofia i Lletres, UAB)<\/li>\n<\/ul>\n<\/div>\n<\/div>\n<p>&nbsp;<\/p>\n<h4>CURS ACAD\u00c8MIC 2014-2015<\/h4>\n<div class=\"box_gray\">\n<h6><strong>PRIMER SEMESTRE<\/strong><\/h6>\n<div class=\"checklist checklist\">\n<ul>\n<ul>\n<li>43150 Metodologies d\u2019an\u00e0lisi i investigaci\u00f3 de les arts esc\u00e8niques, 15 cr. \u2013 S1, dilluns i dimecres, UAB\/ IT<\/li>\n<li>43151 Hist\u00f2ria de la representaci\u00f3: text i espectacle, 9 cr. \u2013 S1, dimarts, UAB<\/li>\n<li>43152 Laboratori de direcci\u00f3 d\u2019actors i escenificaci\u00f3, 6 cr. \u2013 S1, dijous, IT<\/li>\n<li>43153 Laboratori de dramat\u00fargia, 9 cr. \u2013 S1, dimarts, IT<\/li>\n<li>43154 Teoria de la representaci\u00f3, 6 cr. \u2013 S1, dijous, UPF<\/li>\n<\/ul>\n<\/ul>\n<div align=\"center\">\n<table style=\"border-color: #660033;border-width: 1px;border-style: solid;width: 770px;height: 101px\" border=\"1\" cellspacing=\"5\" cellpadding=\"5\" align=\"center\">\n<tbody>\n<tr style=\"background-color: #ffffff\" align=\"center\">\n<td style=\"text-align: center;border-color: #f3f3f3;border-style: solid;border-width: 1px;background-color: #f3f3f3\"> <\/td>\n<td style=\"background-color: #a9a9a9;border-color: #fffafa;border-style: solid;border-width: 1px\">\n<h6><span style=\"color: #800000\"><strong>Dilluns<\/strong><\/span><\/h6>\n<\/td>\n<td style=\"background-color: #a9a9a9;border-color: #fffafa;border-style: solid;border-width: 1px\">\n<h6><span style=\"color: #800000\"><strong>Dimarts<\/strong><\/span><\/h6>\n<\/td>\n<td style=\"background-color: #a9a9a9;border-color: #fffafa;border-style: solid;border-width: 1px\">\n<h6><span style=\"color: #800000\"><strong>Dimecres<\/strong><\/span><\/h6>\n<\/td>\n<td style=\"background-color: #a9a9a9;border-color: #fffafa;border-style: solid;border-width: 1px\">\n<h6><span style=\"color: #800000\"><strong>Dijous<\/strong><\/span><\/h6>\n<\/td>\n<td style=\"background-color: #a9a9a9;border-color: #fffafa;border-style: solid;border-width: 1px\">\n<h6><span style=\"color: #800000\"><strong>Divendres<\/strong><\/span><\/h6>\n<\/td>\n<\/tr>\n<tr>\n<td style=\"background-color: #a9a9a9;border-color: #fffafa;border-style: solid;border-width: 1px\">\n<h6><span style=\"color: #800000\">16.00-19.00<\/span><\/h6>\n<\/td>\n<td style=\"background-color: #a9a9a9;border-color: #fffafa;border-style: solid;border-width: 1px\"><span style=\"color: #ffffff\"> 43150 (UAB, IT)<\/span><\/td>\n<td style=\"background-color: #a9a9a9;border-color: #fffafa;border-style: solid;border-width: 1px\"><span style=\"color: #ffffff\">43151 (UAB)<\/span><br \/><span style=\"color: #ffffff\">43153 (IT)<\/span><\/td>\n<td style=\"background-color: #a9a9a9;border-color: #fffafa;border-style: solid;border-width: 1px\"><span style=\"color: #ffffff\"> 43150 (UAB, IT)<\/span><\/td>\n<td style=\"background-color: #a9a9a9;border-color: #fffafa;border-style: solid;border-width: 1px\"><span style=\"color: #ffffff\">43154 (UPF)<\/span><span style=\"color: #ffffff\"><br \/>43152 (IT)<\/span><\/td>\n<td style=\"background-color: #a9a9a9;border-color: #fffafa;border-style: solid;border-width: 1px\"><span style=\"color: #ffffff\">Activitats complement\u00e0ries<\/span><\/td>\n<\/tr>\n<\/tbody>\n<\/table>\n<\/div>\n<\/div>\n<\/div>\n<div class=\"box_gray\">\n<h6><strong>SEGON SEMESTRE<\/strong><\/h6>\n<div class=\"checklist checklist\">\n<ul>\n<ul>\n<li>43155 Treball de fi de m\u00e0ster, 12 cr. \u2013 S2, sense horari reglat<\/li>\n<li>43156 Arts Esc\u00e8niques i altres arts, 6 cr. \u2013 S2, dimecres, UAB<\/li>\n<li>43157 Cr\u00edtica i recepci\u00f3 del drama contemporani, 6 cr. \u2013 S2, dilluns, UAB<\/li>\n<li>43158 Hist\u00f2ria i historiografia de les arts esc\u00e8niques, 6 cr. \u2013 S2, dimarts, IT<\/li>\n<li>43159 Metodologia de la investigaci\u00f3 en la dansa, 6 cr. \u2013 S2, dijous, IT<\/li>\n<li>43160 Pr\u00e0ctiques externes, 6 cr. \u2013 S2, sense horari reglat<\/li>\n<\/ul>\n<\/ul>\n<div align=\"center\">\n<table style=\"border-color: #660033;border-width: 1px;border-style: solid;width: 770px;height: 101px\" border=\"1\" cellspacing=\"5\" cellpadding=\"5\" align=\"center\">\n<tbody>\n<tr style=\"background-color: #ffffff\" align=\"center\">\n<td style=\"text-align: center;border-color: #f3f3f3;border-style: solid;border-width: 1px;background-color: #f3f3f3\"> <\/td>\n<td style=\"background-color: #a9a9a9;border-color: #fffafa;border-style: solid;border-width: 1px\">\n<h6><span style=\"color: #800000\"><strong>Dilluns<\/strong><\/span><\/h6>\n<\/td>\n<td style=\"background-color: #a9a9a9;border-color: #fffafa;border-style: solid;border-width: 1px\">\n<h6><span style=\"color: #800000\"><strong>Dimarts<\/strong><\/span><\/h6>\n<\/td>\n<td style=\"background-color: #a9a9a9;border-color: #fffafa;border-style: solid;border-width: 1px\">\n<h6><span style=\"color: #800000\"><strong>Dimecres<\/strong><\/span><\/h6>\n<\/td>\n<td style=\"background-color: #a9a9a9;border-color: #fffafa;border-style: solid;border-width: 1px\">\n<h6><span style=\"color: #800000\"><strong>Dijous<\/strong><\/span><\/h6>\n<\/td>\n<td style=\"background-color: #a9a9a9;border-color: #fffafa;border-style: solid;border-width: 1px\">\n<h6><span style=\"color: #800000\"><strong>Divendres<\/strong><\/span><\/h6>\n<\/td>\n<\/tr>\n<tr>\n<td style=\"background-color: #a9a9a9;border-color: #fffafa;border-style: solid;border-width: 1px\">\n<h6><span style=\"color: #800000\">16.00-19.00<\/span><\/h6>\n<\/td>\n<td style=\"background-color: #a9a9a9;border-color: #fffafa;border-style: solid;border-width: 1px\"><span style=\"color: #ffffff\"> 43157 (UAB)<\/span><\/td>\n<td style=\"background-color: #a9a9a9;border-color: #fffafa;border-style: solid;border-width: 1px\"><span style=\"color: #ffffff\">43158<\/span><span style=\"color: #ffffff\"> (IT)<\/span><\/td>\n<td style=\"background-color: #a9a9a9;border-color: #fffafa;border-style: solid;border-width: 1px\"><span style=\"color: #ffffff\"> 43156 (UAB)<\/span><\/td>\n<td style=\"background-color: #a9a9a9;border-color: #fffafa;border-style: solid;border-width: 1px\"><span style=\"color: #ffffff\">43159<\/span><span style=\"color: #ffffff\"> (IT)<\/span><\/td>\n<td style=\"background-color: #a9a9a9;border-color: #fffafa;border-style: solid;border-width: 1px\"><span style=\"color: #ffffff\">Activitats complement\u00e0ries<br \/>43155 i 43160<br \/><\/span><\/td>\n<\/tr>\n<\/tbody>\n<\/table>\n<\/div>\n<\/div>\n<\/div>\n<div class=\"box_gray\">\n<h6><strong>43150 Metodologies d\u2019an\u00e0lisi i investigaci\u00f3 de les arts esc\u00e8niques \u2013 coord. Francesc Foguet<\/strong><\/h6>\n<ol>\n<li>Merc\u00e8 Saumell. 1 i 8 d\u2019octubre. IT.<\/li>\n<li>N\u00faria Santamaria. 6 i 13 d\u2019octubre. UAB.<\/li>\n<li>Francesc Foguet. 20 i 27 d\u2019octubre. UAB.<\/li>\n<li>Francesc Foguet i N\u00faria Santamaria. 3 i 10 de novembre. UAB.<\/li>\n<li>Francesc Cort\u00e8s. 17 i 24 de novembre. UAB.<\/li>\n<li>Llu\u00eds Masgrau. 15, 22 i 29 d\u2019octubre, i 5, 12, 19 i 26 de novembre. IT.<\/li>\n<li>V\u00edctor Molina. 1, 15 i 22 de desembre, i 12 i 19 de gener. IT. <\/li>\n<li>Merc\u00e8 Saumell. 3, 10 i 17 de desembre. IT<\/li>\n<\/ol>\n<\/div>\n<div class=\"box_gray\">\n<h6><strong>43151 Hist\u00f2ria de la representaci\u00f3: text i espectacle \u2013 coord. Rossend Arqu\u00e8s<\/strong><\/h6>\n<ol>\n<li>Rossend Arqu\u00e8s. 7, 14, 21 i 28 d\u2019octubre, i 4 de novembre. UAB.<\/li>\n<li>Enric Gall\u00e9n. 11, 18 i 25 de novembre, i 2 i 9 de desembre. UAB.<\/li>\n<li>Anna Corral. 16 i 23 de desembre, i 13, 20 i 27 de gener. UAB.<\/li>\n<\/ol>\n<\/div>\n<div class=\"box_gray\">\n<h6><strong>43152 Laboratori de direcci\u00f3 d\u2019actors i escenificaci\u00f3 \u2013 coord. Merc\u00e8 Saumell<\/strong><\/h6>\n<ol>\n<li>Antonio Sim\u00f3n Rodr\u00edguez, 9, 16 i 23 d\u2019octubre; 6, 13 i 27 de novembre; 4 i 18 de desembre; i 8 de gener. Lliurament del projecte d\u2019escenificaci\u00f3: 16 de gener. IT.<\/li>\n<li>Pere Riera, 9 i 30 d&#8217;octubre, 20 de novembre, 11 de desembre, i 8 de gener. IT.<\/li>\n<\/ol>\n<\/div>\n<div class=\"box_gray\">\n<h6><strong>43153 Laboratori de dramat\u00fargia \u2013 coord. Carles Batlle<\/strong><\/h6>\n<ol>\n<li>Guillem-Jordi Graells. 7, 14, 21 i 28 d\u2019octubre, i 4 de novembre. IT.<\/li>\n<li>Joan Casas. 11, 18 i 25 de novembre, i 2 i 9 de desembre. IT.<\/li>\n<li>Carles Batlle. 16 de desembre; 13, 20 i 27 de gener, i 3 de febrer. IT.<\/li>\n<\/ol>\n<\/div>\n<div class=\"box_gray\">\n<h6><strong>43154 Teoria de la representaci\u00f3 \u2013 coord. Miquel Gibert<\/strong><\/h6>\n<ol>\n<li>Javier Aparicio. 2 i 9 d\u2019octubre. UPF.<\/li>\n<li>Miquel M. Gibert. 16, 23 i 30 d\u2019octubre. UPF.<\/li>\n<li>Enric Gall\u00e9n, 6, 13, 20, 27 de novembre, i 3 de desembre. UPF.<\/li>\n<\/ol>\n<\/div>\n<div class=\"box_gray\">\n<h6><strong>43155 Treball de fi de m\u00e0ster \u2013 coord. Rossend Arqu\u00e9s<\/strong><\/h6>\n<div class=\"checklist checklist\">\n<ul>\n<li>El 10 d\u2019octubre, a les 16.00 hores: primera reuni\u00f3 informativa amb el coordinador del m\u00f2dul.<\/li>\n<li>Del 27 al 31 d&#8217;octubre: proposta de tema.<\/li>\n<li>Del 3 al 7 de novembre: adjudicaci\u00f3 de tutor.<\/li>\n<li>Del 10 al 21 de novembre: sessions d\u2019orientaci\u00f3 amb el tutor i elecci\u00f3 definitiva del tema.<\/li>\n<li>El 24 de novembre: presentaci\u00f3 al coordinador del tema definitiu i aprovaci\u00f3 de la proposta.<\/li>\n<li>Del 26 de novembre al 19 de desembre: sessions amb el tutor i elaboraci\u00f3 de l\u2019esquema del treball.<\/li>\n<li>El 16 de gener, a partir de les 16.00: presentaci\u00f3 en sessi\u00f3 conjunta (43150) dels esquemes de treball realitzats pels alumnes.<\/li>\n<li>A partir del 19 de gener: sessions de treball amb el tutor i elaboraci\u00f3 del treball.<\/li>\n<li>El 4 de maig \u00e9s la data l\u00edmit en qu\u00e8 s&#8217;accepta, sempre que sigui per causes justificades, l&#8217;anul\u00b7laci\u00f3 de matr\u00edcula d&#8217;aquest m\u00f2dul.<\/li>\n<li>El 15 de juliol: data l\u00edmit de lliurament del treball: quatre c\u00f2pies (tres per a cada membre del tribunal i una per al departament). No s\u2019admetran treballs fora d\u2019aquest termini.<\/li>\n<li>El 24 de juliol: es faran p\u00fablics els tribunals.<\/li>\n<li>El 14 de setembre: defensa dels treballs.<\/li>\n<\/ul>\n<\/div>\n<\/div>\n<div class=\"box_gray\">\n<h6><strong>43156 Arts Esc\u00e8niques i altres arts \u2013 coord. Francesc Foguet<\/strong><\/h6>\n<ol>\n<li>Sara Mart\u00edn. 11, 18 i 25 de febrer, i 4 de mar\u00e7. UAB.<\/li>\n<li>Pau Monterde. 11, 18 i 25 de mar\u00e7, i 8 d\u2019abril. UAB.<\/li>\n<li>N\u00faria Llorens. 15, 22 i 29 d\u2019abril, i 6 de maig. UAB.<\/li>\n<\/ol>\n<\/div>\n<div class=\"box_gray\">\n<h6><strong>43157 Cr\u00edtica i recepci\u00f3 del drama contemporani \u2013 coord. N\u00faria Santamaria<\/strong><\/h6>\n<div class=\"checklist checklist\">\n<ul>\n<li>Francesc Foguet. 16 i 23 de febrer, i 2, 9 i 16 de mar\u00e7. UAB.<\/li>\n<li>N\u00faria Santamaria. 23 de mar\u00e7, 13, 20 i 27 d\u2019abril, i 4 de maig. UAB.<\/li>\n<\/ul>\n<\/div>\n<\/div>\n<div class=\"box_gray\">\n<h6><strong>43158 Hist\u00f2ria i historiografia de les arts esc\u00e8niques \u2013 coord. Llu\u00eds Masgrau<\/strong><\/h6>\n<ol>\n<li>Joan Casas. 10, 17 i 24 de febrer; 3, 10, 17 i 24 de mar\u00e7; i 7 d\u2019abril (en aquest darrer cas, de 16.00 a 17.30). IT.<\/li>\n<li>Antoni Ramon. 14, 21 i 28 d\u2019abril (en aquest darrer cas, de 16.00 a 18.30). IT.<\/li>\n<\/ol>\n<\/div>\n<div class=\"box_gray\">\n<h6><strong>43159 Metodologia de la investigaci\u00f3 en la dansa \u2013coord. Roberto Fratini<\/strong><\/h6>\n<ol>\n<li>Ester Vendrell, 12, 19 i 25 de febrer, i 5 i 12 mar\u00e7. IT.<\/li>\n<li>Roberto Fratini, 19 i 26 de mar\u00e7; i 9, 16 i 23 d\u2019abril. IT.<\/li>\n<\/ol>\n<\/div>\n<div class=\"box_gray\">\n<h6><strong>43160 Pr\u00e0ctiques externes \u2013 coord. Ester Vendrell<\/strong><\/h6>\n<div class=\"checklist checklist\">\n<ul>\n<li>17 d\u2019octubre, a les 16h: reuni\u00f3 inicial amb els tutors de les Pr\u00e0ctiques Externes. IT.<\/li>\n<li>7 de novembre, a les 16h: reuni\u00f3 per estudiar el perfil i tipus de pr\u00e0ctica. IT.<\/li>\n<li>9 de gener, a les 16h: reuni\u00f3 per acabar de definir perfils i tancar els convenis. IT.<\/li>\n<li>10 i 17 d\u2019abril, a les 16h: tutories de seguiment. IT.<\/li>\n<li>4 i 11 de juny, a les 16h:  tutories de seguiment.<\/li>\n<\/ul>\n<\/div>\n<\/div>\n<p>&nbsp;<\/p>\n","protected":false},"excerpt":{"rendered":"<p>Calendari i horaris. Curs 2014-2015 MATR\u00cdCULA I INAUGURACI\u00d3 23 DE SETEMBRE 11:00 Entrevistes personalitzades per als estudiants que vulguin optar a matricular-se al m\u00f2dul de Pr\u00e0ctiques externes (B11\/292, Sala de reunions del Departament de Filologia catalana, UAB) 25 DE SETEMBRE 11.00 Tutories de matr\u00edcula (Sala de Graus, Facultat de Filosofia i Lletres, UAB) 11.30 Matriculaci\u00f3 [&hellip;]<\/p>\n","protected":false},"author":1,"featured_media":0,"parent":0,"menu_order":0,"comment_status":"open","ping_status":"open","template":"","meta":{"_et_pb_use_builder":"","_et_pb_old_content":"","_et_gb_content_width":"","footnotes":""},"class_list":["post-651","page","type-page","status-publish","hentry"],"_links":{"self":[{"href":"https:\/\/masters.filescat.uab.cat\/muet\/wp-json\/wp\/v2\/pages\/651","targetHints":{"allow":["GET"]}}],"collection":[{"href":"https:\/\/masters.filescat.uab.cat\/muet\/wp-json\/wp\/v2\/pages"}],"about":[{"href":"https:\/\/masters.filescat.uab.cat\/muet\/wp-json\/wp\/v2\/types\/page"}],"author":[{"embeddable":true,"href":"https:\/\/masters.filescat.uab.cat\/muet\/wp-json\/wp\/v2\/users\/1"}],"replies":[{"embeddable":true,"href":"https:\/\/masters.filescat.uab.cat\/muet\/wp-json\/wp\/v2\/comments?post=651"}],"version-history":[{"count":0,"href":"https:\/\/masters.filescat.uab.cat\/muet\/wp-json\/wp\/v2\/pages\/651\/revisions"}],"wp:attachment":[{"href":"https:\/\/masters.filescat.uab.cat\/muet\/wp-json\/wp\/v2\/media?parent=651"}],"curies":[{"name":"wp","href":"https:\/\/api.w.org\/{rel}","templated":true}]}}