{"id":150,"date":"2013-03-01T17:08:09","date_gmt":"2013-03-01T17:08:09","guid":{"rendered":"http:\/\/masters.filescat.uab.catwebs\/portal\/muet\/?page_id=150"},"modified":"2025-09-15T07:17:11","modified_gmt":"2025-09-15T06:17:11","slug":"professorat-del-master","status":"publish","type":"page","link":"https:\/\/masters.filescat.uab.cat\/muet\/professorat-del-master\/","title":{"rendered":"Professorat del m\u00e0ster"},"content":{"rendered":"<p>[et_pb_section fb_built=&#8221;1&#8243; _builder_version=&#8221;4.16&#8243; custom_padding=&#8221;0px||||false|false&#8221; global_colors_info=&#8221;{}&#8221;][et_pb_row column_structure=&#8221;1_4,1_4,1_4,1_4&#8243; _builder_version=&#8221;4.16&#8243; global_colors_info=&#8221;{}&#8221;][et_pb_column type=&#8221;1_4&#8243; _builder_version=&#8221;4.16&#8243; custom_padding=&#8221;|||&#8221; global_colors_info=&#8221;{}&#8221; custom_padding__hover=&#8221;|||&#8221;][et_pb_team_member name=&#8221;Alc\u00e1zar Serrat, Ivan&#8221; position=&#8221;Departament de Teoria i Hist\u00f2ria de l&#8217;Arquitectura i T\u00e8cniques de Comunicaci\u00f3. Escola T\u00e8cnica Superior d&#8217;Arquitectura de Barcelona (ETSAB-UPC)&#8221; image_url=&#8221;https:\/\/masters.filescat.uab.cat\/muet\/wp-content\/uploads\/sites\/2\/2025\/09\/alcazar_ivan.jpg&#8221; admin_label=&#8221;Alcazar&#8221; _builder_version=&#8221;4.27.4&#8243; body_font_size=&#8221;14px&#8221; link_option_url_new_window=&#8221;on&#8221; hover_enabled=&#8221;0&#8243; global_colors_info=&#8221;{}&#8221; sticky_enabled=&#8221;0&#8243;]<\/p>\n<p><a href=\"mailto:tomas.ivan.alcazar@upc.edu\">tomas.ivan.alcazar@upc.edu<\/a><br \/><a href=\"https:\/\/masters.filescat.uab.cat\/muet\/wp-content\/uploads\/sites\/2\/2025\/09\/alcazar_ivan_curriculum.pdf\" target=\"_blank\" rel=\"noopener\">Curr\u00edculum<\/a><\/p>\n<p>[\/et_pb_team_member][\/et_pb_column][et_pb_column type=&#8221;1_4&#8243; _builder_version=&#8221;4.16&#8243; custom_padding=&#8221;|||&#8221; global_colors_info=&#8221;{}&#8221; custom_padding__hover=&#8221;|||&#8221;][et_pb_team_member name=&#8221;Arqu\u00e9s i Corominas, Rossend&#8221; position=&#8221;Departament de Filologia Francesa i Rom\u00e0nica. Facultat de Filosofia i Lletres (UAB)&#8221; image_url=&#8221;https:\/\/masters.filescat.uab.cat\/muet\/wp-content\/uploads\/sites\/2\/2022\/01\/arques_rossend.jpg&#8221; admin_label=&#8221;Arqu\u00e9s&#8221; _builder_version=&#8221;4.27.4&#8243; body_font_size=&#8221;14px&#8221; link_option_url=&#8221;http:\/\/centresderecerca.uab.cat\/iem\/en\/node\/198&#8243; link_option_url_new_window=&#8221;on&#8221; global_colors_info=&#8221;{}&#8221;]<\/p>\n<p><a href=\"mailto:rossend.arques@uab.cat\">Rossend.Arques@uab.cat<\/a><br \/><a href=\"https:\/\/portalrecerca.uab.cat\/ca\/persons\/rossend-arques-corominas-4\" target=\"_blank\" rel=\"noopener noreferrer\">Curr\u00edculum<\/a><\/p>\n<p>[\/et_pb_team_member][\/et_pb_column][et_pb_column type=&#8221;1_4&#8243; _builder_version=&#8221;4.16&#8243; custom_padding=&#8221;|||&#8221; global_colors_info=&#8221;{}&#8221; custom_padding__hover=&#8221;|||&#8221;][et_pb_team_member name=&#8221;Bala\u00f1\u00e0, Gl\u00f2ria&#8221; position=&#8221;Departament de Dramat\u00fargia, Escenificaci\u00f3 i Coreografia (ITB)&#8221; image_url=&#8221;https:\/\/masters.filescat.uab.cat\/muet\/wp-content\/uploads\/sites\/2\/2022\/01\/balana_gloria.jpg&#8221; disabled_on=&#8221;off|off|off&#8221; admin_label=&#8221;bala\u00f1\u00e0&#8221; _builder_version=&#8221;4.24.0&#8243; body_font_size=&#8221;14px&#8221; link_option_url=&#8221;https:\/\/www.institutdelteatre.cat\/ca\/estudis\/professorat\/id49\/balana-altimira-gloria.htm&#8221; link_option_url_new_window=&#8221;on&#8221; global_colors_info=&#8221;{}&#8221;]<\/p>\n<p><a href=\"mailto:balanaag@institutdelteatre.cat\">balanaag@institutdelteatre.cat<\/a><br \/><a href=\"https:\/\/www.institutdelteatre.cat\/ca\/estudis\/professorat\/id49\/balana-altimira-gloria.htm\" target=\"_blank\" rel=\"noopener noreferrer\">Curr\u00edculum<\/a><\/p>\n<p>[\/et_pb_team_member][\/et_pb_column][et_pb_column type=&#8221;1_4&#8243; _builder_version=&#8221;4.16&#8243; custom_padding=&#8221;|||&#8221; global_colors_info=&#8221;{}&#8221; custom_padding__hover=&#8221;|||&#8221;][et_pb_team_member name=&#8221;Batlle i Jord\u00e0, Carles&#8221; position=&#8221;Departament de Dramat\u00fargia, Escenificaci\u00f3 i Coreografia (ITB)&#8221; image_url=&#8221;https:\/\/masters.filescat.uab.cat\/muet\/wp-content\/uploads\/sites\/2\/2018\/12\/batlle_carles.jpg&#8221; admin_label=&#8221;batlle&#8221; _builder_version=&#8221;4.24.0&#8243; body_font_size=&#8221;14px&#8221; link_option_url=&#8221;https:\/\/www.institutdelteatre.cat\/ca\/estudis\/professorat\/id51\/batlle-jorda-carles.htm&#8221; link_option_url_new_window=&#8221;on&#8221; global_colors_info=&#8221;{}&#8221;]<\/p>\n<p><a href=\"mailto:batllejc@institutdelteatre.cat\">batllejc@institutdelteatre.cat<\/a><br \/><a href=\"https:\/\/www.institutdelteatre.cat\/ca\/estudis\/professorat\/id51\/batlle-jorda-carles.htm\" target=\"_blank\" rel=\"noopener noreferrer\">Curr\u00edculum<\/a><\/p>\n<p>[\/et_pb_team_member][\/et_pb_column][\/et_pb_row][et_pb_row column_structure=&#8221;1_4,1_4,1_4,1_4&#8243; _builder_version=&#8221;4.16&#8243; background_size=&#8221;initial&#8221; background_position=&#8221;top_left&#8221; background_repeat=&#8221;repeat&#8221; global_colors_info=&#8221;{}&#8221;][et_pb_column type=&#8221;1_4&#8243; _builder_version=&#8221;4.16&#8243; custom_padding=&#8221;|||&#8221; global_colors_info=&#8221;{}&#8221; custom_padding__hover=&#8221;|||&#8221;][et_pb_team_member name=&#8221;Carnevali, Davide&#8221; position=&#8221;Departament de Dramat\u00fargia, Escenificaci\u00f3 i Coreografia (DEC)&#8221; image_url=&#8221;https:\/\/masters.filescat.uab.cat\/muet\/wp-content\/uploads\/sites\/2\/2021\/05\/carnevali-davide.jpg&#8221; admin_label=&#8221;carnivale&#8221; _builder_version=&#8221;4.24.0&#8243; body_font_size=&#8221;14px&#8221; link_option_url=&#8221;https:\/\/www.institutdelteatre.cat\/ca\/estudis\/professorat\/id574\/carnevali-davide.htm&#8221; link_option_url_new_window=&#8221;on&#8221; global_colors_info=&#8221;{}&#8221;]<\/p>\n<p><a href=\"mailto:carnevalid@institutdelteatre.cat\">carnevalid@institutdelteatre.cat<\/a><br \/><a href=\"https:\/\/www.institutdelteatre.cat\/ca\/estudis\/professorat\/id574\/carnevali-davide.htm\" target=\"_blank\" rel=\"noopener noreferrer\">Curr\u00edculum<\/a><\/p>\n<p>[\/et_pb_team_member][\/et_pb_column][et_pb_column type=&#8221;1_4&#8243; _builder_version=&#8221;4.16&#8243; custom_padding=&#8221;|||&#8221; global_colors_info=&#8221;{}&#8221; custom_padding__hover=&#8221;|||&#8221;][et_pb_team_member name=&#8221;Corral Full\u00e0, Anna&#8221; position=&#8221;Departament de Filologia Francesa i Rom\u00e0nica. Facultat de Traducci\u00f3 i Interpretaci\u00f3 (UAB)&#8221; image_url=&#8221;https:\/\/masters.filescat.uab.cat\/muet\/wp-content\/uploads\/sites\/2\/2023\/05\/corral_anna.jpg&#8221; admin_label=&#8221;Corral&#8221; _builder_version=&#8221;4.21.0&#8243; link_option_url=&#8221;http:\/\/orcid.org\/0000-0001-7335-2128&#8243; link_option_url_new_window=&#8221;on&#8221; global_colors_info=&#8221;{}&#8221;]<\/p>\n<p><a href=\"mailto:ana.corral@uab.cat\">Ana.Corral@uab.cat<\/a><br \/><a href=\"http:\/\/orcid.org\/0000-0001-7335-2128\" target=\"_blank\" rel=\"noopener noreferrer\">Curr\u00edculum<\/a><\/p>\n<p>[\/et_pb_team_member][\/et_pb_column][et_pb_column type=&#8221;1_4&#8243; _builder_version=&#8221;4.16&#8243; custom_padding=&#8221;|||&#8221; global_colors_info=&#8221;{}&#8221; custom_padding__hover=&#8221;|||&#8221;][et_pb_team_member name=&#8221;Cort\u00e9s i Mir, Francesc&#8221; position=&#8221;Departament d&#8217;Art i Musicologia. Facultat de Filosofia i Lletres (UAB)&#8221; image_url=&#8221;https:\/\/masters.filescat.uab.cat\/muet\/wp-content\/uploads\/sites\/2\/2018\/12\/cortes_francesc.jpg&#8221; admin_label=&#8221;Cort\u00e9s&#8221; _builder_version=&#8221;4.16&#8243; body_font_size=&#8221;14px&#8221; link_option_url=&#8221;http:\/\/www.musc.cat\/ca\/membres\/francesc-cortes-i-mir.html&#8221; link_option_url_new_window=&#8221;on&#8221; global_colors_info=&#8221;{}&#8221;]<\/p>\n<p><a href=\"mailto:francesc.cortes@uab.cat\">Francesc.Cortes@uab.cat<\/a><br \/><a href=\"http:\/\/www.musc.cat\/ca\/membres\/francesc-cortes-i-mir.html\" target=\"_blank\" rel=\"noopener noreferrer\">Curr\u00edculum<\/a><\/p>\n<p>[\/et_pb_team_member][\/et_pb_column][et_pb_column type=&#8221;1_4&#8243; _builder_version=&#8221;4.16&#8243; custom_padding=&#8221;|||&#8221; global_colors_info=&#8221;{}&#8221; custom_padding__hover=&#8221;|||&#8221;][et_pb_team_member name=&#8221;Escud\u00e9 Gall\u00e9s, Beth&#8221; position=&#8221;Departament de Dramat\u00fargia, Escenificaci\u00f3 i Coreografia (ITB)&#8221; image_url=&#8221;https:\/\/masters.filescat.uab.cat\/muet\/wp-content\/uploads\/sites\/2\/2018\/12\/escude_beth.jpg&#8221; admin_label=&#8221;escud\u00e9&#8221; _builder_version=&#8221;4.16&#8243; body_font_size=&#8221;14px&#8221; link_option_url=&#8221;https:\/\/www.institutdelteatre.cat\/estudis\/professorat\/id76\/escude-galles-elisabeth.htm&#8221; link_option_url_new_window=&#8221;on&#8221; global_colors_info=&#8221;{}&#8221;]<\/p>\n<p><a href=\"mailto:escudege@institutdelteatre.cat\">escudege@institutdelteatre.cat<\/a><br \/><a href=\"https:\/\/www.institutdelteatre.cat\/estudis\/professorat\/id76\/escude-galles-elisabeth.htm\" target=\"_blank\" rel=\"noopener noreferrer\">Curr\u00edculum<\/a><\/p>\n<p>[\/et_pb_team_member][\/et_pb_column][\/et_pb_row][et_pb_row column_structure=&#8221;1_4,1_4,1_4,1_4&#8243; _builder_version=&#8221;4.16&#8243; background_size=&#8221;initial&#8221; background_position=&#8221;top_left&#8221; background_repeat=&#8221;repeat&#8221; global_colors_info=&#8221;{}&#8221;][et_pb_column type=&#8221;1_4&#8243; _builder_version=&#8221;4.16&#8243; custom_padding=&#8221;|||&#8221; global_colors_info=&#8221;{}&#8221; custom_padding__hover=&#8221;|||&#8221;][et_pb_team_member name=&#8221;Foguet i Boreu, Francesc&#8221; position=&#8221;Departament de Filologia Catalana. Facultat de Filosofia i Lletres (UAB)&#8221; image_url=&#8221;https:\/\/masters.filescat.uab.cat\/muet\/wp-content\/uploads\/sites\/2\/2019\/01\/foguet_francesc.jpg&#8221; admin_label=&#8221;Foguet&#8221; _builder_version=&#8221;4.24.0&#8243; body_font_size=&#8221;14px&#8221; link_option_url=&#8221;http:\/\/filescat.uab.cat\/filcat\/francesc-foguet-i-boreu\/&#8221; link_option_url_new_window=&#8221;on&#8221; global_colors_info=&#8221;{}&#8221;]<\/p>\n<p><a href=\"mailto:Francesc.foguet@uab.cat\">Francesc.foguet@uab.cat<\/a><br \/><a href=\"http:\/\/filescat.uab.cat\/filcat\/francesc-foguet-i-boreu\/\" target=\"_blank\" rel=\"noopener noreferrer\">Curr\u00edculum<\/a><\/p>\n<p>[\/et_pb_team_member][\/et_pb_column][et_pb_column type=&#8221;1_4&#8243; _builder_version=&#8221;4.16&#8243; custom_padding=&#8221;|||&#8221; global_colors_info=&#8221;{}&#8221; custom_padding__hover=&#8221;|||&#8221;][et_pb_team_member name=&#8221;Fratini, Roberto&#8221; position=&#8221;Departament de Teoria i Hist\u00f2ria de les Arts Esc\u00e8niques (ITB)&#8221; image_url=&#8221;https:\/\/masters.filescat.uab.cat\/muet\/wp-content\/uploads\/sites\/2\/2018\/12\/fratini_roberto.jpg&#8221; admin_label=&#8221;fratini&#8221; _builder_version=&#8221;4.24.0&#8243; body_font_size=&#8221;14px&#8221; link_option_url=&#8221;http:\/\/www.eolia.cat\/pdf\/Roberto_Fratini_CV.pdf&#8221; link_option_url_new_window=&#8221;on&#8221; global_colors_info=&#8221;{}&#8221;]<\/p>\n<p><a href=\"mailto:fratinir@institutdelteatre.cat\">fratinir@institutdelteatre.cat<\/a><br \/><a href=\"http:\/\/www.eolia.cat\/pdf\/Roberto_Fratini_CV.pdf\" target=\"_blank\" rel=\"noopener noreferrer\">Curr\u00edculum<\/a><\/p>\n<p>[\/et_pb_team_member][\/et_pb_column][et_pb_column type=&#8221;1_4&#8243; _builder_version=&#8221;4.16&#8243; custom_padding=&#8221;|||&#8221; global_colors_info=&#8221;{}&#8221; custom_padding__hover=&#8221;|||&#8221;][et_pb_team_member name=&#8221;Jan\u00e9 Llig\u00e9, Jordi&#8221; position=&#8221;Departament de Filologia Anglesa i de German\u00edstica. Facultat de Filosofia i Lletres (UAB)&#8221; image_url=&#8221;https:\/\/masters.filescat.uab.cat\/muet\/wp-content\/uploads\/sites\/2\/2020\/06\/jane_jordi.jpg&#8221; admin_label=&#8221;jan\u00e9&#8221; _builder_version=&#8221;4.24.0&#8243; body_font_size=&#8221;14px&#8221; link_option_url=&#8221;http:\/\/grupsderecerca.uab.cat\/getcc\/content\/jordi-jan\u00e9-llig\u00e9&#8221; link_option_url_new_window=&#8221;on&#8221; global_colors_info=&#8221;{}&#8221;]<\/p>\n<p><a href=\"mailto:jordi.jane@uab.cat\">jordi.jane@uab.cat<\/a><br \/><a href=\"http:\/\/grupsderecerca.uab.cat\/getcc\/content\/jordi-jan\u00e9-llig\u00e9\" target=\"_blank\" rel=\"noopener noreferrer\">Curr\u00edculum<\/a><\/p>\n<p>[\/et_pb_team_member][\/et_pb_column][et_pb_column type=&#8221;1_4&#8243; _builder_version=&#8221;4.16&#8243; custom_padding=&#8221;|||&#8221; global_colors_info=&#8221;{}&#8221; custom_padding__hover=&#8221;|||&#8221;][et_pb_team_member name=&#8221;Laakso, Riikka Annina&#8221; position=&#8221; &#8221; image_url=&#8221;https:\/\/masters.filescat.uab.cat\/muet\/wp-content\/uploads\/sites\/2\/2023\/09\/laakso-riikka-annina.jpg&#8221; admin_label=&#8221;laakso&#8221; _builder_version=&#8221;4.24.0&#8243; body_font_size=&#8221;14px&#8221; link_option_url=&#8221;https:\/\/dhac.iec.cat\/dhac_p.asp?id_personal=827&#8243; link_option_url_new_window=&#8221;on&#8221; global_colors_info=&#8221;{}&#8221;]<\/p>\n<p><a href=\"mailto:laaksor@institutdelteatre.cat\">laaksor@institutdelteatre.cat<\/a><br \/><a href=\"https:\/\/www.institutdelteatre.cat\/estudis\/professorat\/id627\/laakso-riikka-annina.htm\" target=\"_blank\" rel=\"noopener noreferrer\">Curr\u00edculum<\/a><\/p>\n<p>[\/et_pb_team_member][\/et_pb_column][\/et_pb_row][et_pb_row column_structure=&#8221;1_4,1_4,1_4,1_4&#8243; _builder_version=&#8221;4.16&#8243; background_size=&#8221;initial&#8221; background_position=&#8221;top_left&#8221; background_repeat=&#8221;repeat&#8221; global_colors_info=&#8221;{}&#8221;][et_pb_column type=&#8221;1_4&#8243; _builder_version=&#8221;4.16&#8243; custom_padding=&#8221;|||&#8221; global_colors_info=&#8221;{}&#8221; custom_padding__hover=&#8221;|||&#8221;][et_pb_team_member name=&#8221;Llorens Moreno, N\u00faria&#8221; position=&#8221;Departament d&#8217;Art i Musicologia. Facultat de Filosofia i Lletres (UAB)&#8221; image_url=&#8221;https:\/\/masters.filescat.uab.cat\/muet\/wp-content\/uploads\/sites\/2\/2018\/12\/llorens_nuria.jpg&#8221; admin_label=&#8221;llorens&#8221; _builder_version=&#8221;4.24.0&#8243; body_font_size=&#8221;14px&#8221; link_option_url=&#8221;https:\/\/dhac.iec.cat\/dhac_p.asp?id_personal=827&#8243; link_option_url_new_window=&#8221;on&#8221; global_colors_info=&#8221;{}&#8221;]<\/p>\n<p><a href=\"mailto:nuria.llorens@uab.cat\">nuria.llorens@uab.cat<\/a><br \/><a href=\"https:\/\/dhac.iec.cat\/dhac_p.asp?id_personal=827\" target=\"_blank\" rel=\"noopener noreferrer\">Curr\u00edculum<\/a><\/p>\n<p>[\/et_pb_team_member][\/et_pb_column][et_pb_column type=&#8221;1_4&#8243; _builder_version=&#8221;4.16&#8243; custom_padding=&#8221;|||&#8221; global_colors_info=&#8221;{}&#8221; custom_padding__hover=&#8221;|||&#8221;][et_pb_team_member name=&#8221;Masgrau i Peya, Llu\u00eds&#8221; position=&#8221;Departament de Teoria i Hist\u00f2ria de les Arts Esc\u00e8niques (ITB)&#8221; image_url=&#8221;https:\/\/masters.filescat.uab.cat\/muet\/wp-content\/uploads\/sites\/2\/2018\/12\/masgrau_lluis2.jpg&#8221; admin_label=&#8221;masgrau&#8221; _builder_version=&#8221;4.24.0&#8243; body_font_size=&#8221;14px&#8221; link_option_url=&#8221;https:\/\/www.institutdelteatre.cat\/estudis\/professorat\/id102\/masgrau-peya-lluis.htm&#8221; link_option_url_new_window=&#8221;on&#8221; global_colors_info=&#8221;{}&#8221;]<\/p>\n<p><a href=\"mailto:masgraupl@institutdelteatre.cat\">masgraupl@institutdelteatre.cat<\/a><br \/><a href=\"https:\/\/www.institutdelteatre.cat\/estudis\/professorat\/id102\/masgrau-peya-lluis.htm\" target=\"_blank\" rel=\"noopener noreferrer\">Curr\u00edculum<\/a><\/p>\n<p>[\/et_pb_team_member][\/et_pb_column][et_pb_column type=&#8221;1_4&#8243; _builder_version=&#8221;4.16&#8243; custom_padding=&#8221;|||&#8221; global_colors_info=&#8221;{}&#8221; custom_padding__hover=&#8221;|||&#8221;][et_pb_team_member name=&#8221;Palmeri, Daniela&#8221; position=&#8221;Departament de Filologia Francesa i Rom\u00e0nica. Facultat de Filosofia i Lletres (UAB)&#8221; image_url=&#8221;https:\/\/masters.filescat.uab.cat\/muet\/wp-content\/uploads\/sites\/2\/2020\/09\/palmeri_daniela.jpg&#8221; admin_label=&#8221;Palmeri&#8221; _builder_version=&#8221;4.24.0&#8243; body_font_size=&#8221;14px&#8221; link_option_url=&#8221;https:\/\/gent.uab.cat\/danielapalmeri\/ca&#8221; link_option_url_new_window=&#8221;on&#8221; global_colors_info=&#8221;{}&#8221;]<\/p>\n<p><a href=\"mailto:daniela.palmeri@uab.cat\">Daniela.Palmeri@uab.cat<\/a><br \/><a href=\"https:\/\/gent.uab.cat\/danielapalmeri\/ca\" target=\"_blank\" rel=\"noopener noreferrer\" data-wplink-edit=\"true\">Curr\u00edculum<\/a><\/p>\n<p>[\/et_pb_team_member][\/et_pb_column][et_pb_column type=&#8221;1_4&#8243; _builder_version=&#8221;4.16&#8243; custom_padding=&#8221;|||&#8221; global_colors_info=&#8221;{}&#8221; custom_padding__hover=&#8221;|||&#8221;][et_pb_team_member name=&#8221;Prat i Coll, Jordi&#8221; position=&#8221;Departament de Dramat\u00fargia, Escenificaci\u00f3 i Coreografia (ITB)&#8221; image_url=&#8221;https:\/\/masters.filescat.uab.cat\/muet\/wp-content\/uploads\/sites\/2\/2025\/07\/prat-coll_jordi.jpg&#8221; admin_label=&#8221;Prat i Coll&#8221; _builder_version=&#8221;4.27.4&#8243; body_font_size=&#8221;14px&#8221; link_option_url=&#8221;https:\/\/www.institutdelteatre.cat\/estudis\/professorat\/pld173\/prat-i-coll-jordi?cerca_173=prat&#8221; link_option_url_new_window=&#8221;on&#8221; global_colors_info=&#8221;{}&#8221;]<\/p>\n<p><a href=\"mailto:pratcj@institutdelteatre.cat\">pratcj@institutdelteatre.cat<\/a><br \/><a href=\"https:\/\/www.institutdelteatre.cat\/estudis\/professorat\/pld173\/prat-i-coll-jordi?cerca_173=prat\" target=\"_blank\" rel=\"noopener noreferrer\" data-wplink-edit=\"true\">Curr\u00edculum<\/a><\/p>\n<p>[\/et_pb_team_member][\/et_pb_column][\/et_pb_row][et_pb_row column_structure=&#8221;1_4,1_4,1_4,1_4&#8243; _builder_version=&#8221;4.16&#8243; background_size=&#8221;initial&#8221; background_position=&#8221;top_left&#8221; background_repeat=&#8221;repeat&#8221; global_colors_info=&#8221;{}&#8221;][et_pb_column type=&#8221;1_4&#8243; _builder_version=&#8221;4.16&#8243; custom_padding=&#8221;|||&#8221; global_colors_info=&#8221;{}&#8221; custom_padding__hover=&#8221;|||&#8221;][et_pb_team_member name=&#8221;Rafa, Marta&#8221; position=&#8221;Departament de Disseny Esc\u00e8nic (ITB)&#8221; image_url=&#8221;https:\/\/masters.filescat.uab.cat\/muet\/wp-content\/uploads\/sites\/2\/2023\/05\/rafa_marta.jpg&#8221; admin_label=&#8221;Rafa&#8221; _builder_version=&#8221;4.21.0&#8243; body_font_size=&#8221;14px&#8221; link_option_url=&#8221;https:\/\/gent.uab.cat\/danielapalmeri\/ca&#8221; link_option_url_new_window=&#8221;on&#8221; global_colors_info=&#8221;{}&#8221;]<\/p>\n<p><a href=\"mailto:rafasm@institutdelteatre.cat\">rafasm@institutdelteatre.cat<\/a><br \/><a href=\"https:\/\/www.institutdelteatre.cat\/ca\/estudis\/professorat\/id116\/rafa-serra-marta.htm\" target=\"_blank\" rel=\"noopener noreferrer\">Curr\u00edculum<\/a><\/p>\n<p>[\/et_pb_team_member][\/et_pb_column][et_pb_column type=&#8221;1_4&#8243; _builder_version=&#8221;4.16&#8243; custom_padding=&#8221;|||&#8221; global_colors_info=&#8221;{}&#8221; custom_padding__hover=&#8221;|||&#8221;][et_pb_team_member name=&#8221;Santamaria i Roig, N\u00faria&#8221; position=&#8221;Departament de Filologia Catalana. Facultat de Filosofia i Lletres (UAB)&#8221; image_url=&#8221;https:\/\/masters.filescat.uab.cat\/muet\/wp-content\/uploads\/sites\/2\/2018\/12\/santamaria_nuria.jpg&#8221; admin_label=&#8221;santamaria&#8221; _builder_version=&#8221;4.24.0&#8243; body_font_size=&#8221;14px&#8221; link_option_url=&#8221;http:\/\/orcid.org\/0000-0003-0026-7939&#8243; link_option_url_new_window=&#8221;on&#8221; global_colors_info=&#8221;{}&#8221;]<\/p>\n<p><a href=\"mailto:nuria.santamaria@uab.cat\">nuria.santamaria@uab.cat<\/a><br \/><a href=\"http:\/\/orcid.org\/0000-0003-0026-7939\" target=\"_blank\" rel=\"noopener noreferrer\">Curr\u00edculum<\/a><\/p>\n<p>[\/et_pb_team_member][\/et_pb_column][et_pb_column type=&#8221;1_4&#8243; _builder_version=&#8221;4.16&#8243; custom_padding=&#8221;|||&#8221; global_colors_info=&#8221;{}&#8221; custom_padding__hover=&#8221;|||&#8221;][et_pb_team_member name=&#8221;Saumell i Verg\u00e9s, Merc\u00e8&#8221; position=&#8221;Departament de Teoria i Hist\u00f2ria de les Arts Esc\u00e8niques (ITB)&#8221; image_url=&#8221;https:\/\/masters.filescat.uab.cat\/muet\/wp-content\/uploads\/sites\/2\/2018\/12\/saumell_merce.jpg&#8221; admin_label=&#8221;saumell&#8221; _builder_version=&#8221;4.24.0&#8243; body_font_size=&#8221;14px&#8221; link_option_url=&#8221;https:\/\/www.institutdelteatre.cat\/estudis\/professorat\/id468\/saumell-verges-m-merce.htm&#8221; link_option_url_new_window=&#8221;on&#8221; global_colors_info=&#8221;{}&#8221;]<\/p>\n<p><a href=\"mailto:saumellvm@institutdelteatre.cat\">saumellvm@institutdelteatre.cat<\/a><br \/><a href=\"https:\/\/www.institutdelteatre.cat\/estudis\/professorat\/id468\/saumell-verges-m-merce.htm\" target=\"_blank\" rel=\"noopener noreferrer\">Curr\u00edculum<\/a><\/p>\n<p>[\/et_pb_team_member][\/et_pb_column][et_pb_column type=&#8221;1_4&#8243; _builder_version=&#8221;4.16&#8243; custom_padding=&#8221;|||&#8221; global_colors_info=&#8221;{}&#8221; custom_padding__hover=&#8221;|||&#8221;][et_pb_team_member name=&#8221;Schmutz, Christina&#8221; position=&#8221;Departament de Teoria i Hist\u00f2ria de les arts esc\u00e8niques (TEO)&#8221; image_url=&#8221;https:\/\/masters.filescat.uab.cat\/muet\/wp-content\/uploads\/sites\/2\/2022\/10\/schmutz.jpg&#8221; admin_label=&#8221;schmutz&#8221; _builder_version=&#8221;4.24.0&#8243; body_font_size=&#8221;14px&#8221; link_option_url_new_window=&#8221;on&#8221; global_colors_info=&#8221;{}&#8221;]<\/p>\n<p><a href=\"mailto:schmutzc@institutdelteatre.cat\">schmutzc@institutdelteatre.cat<\/a><\/p>\n<p>[\/et_pb_team_member][\/et_pb_column][\/et_pb_row][et_pb_row column_structure=&#8221;1_4,1_4,1_4,1_4&#8243; _builder_version=&#8221;4.16&#8243; background_size=&#8221;initial&#8221; background_position=&#8221;top_left&#8221; background_repeat=&#8221;repeat&#8221; global_colors_info=&#8221;{}&#8221;][et_pb_column type=&#8221;1_4&#8243; _builder_version=&#8221;4.16&#8243; custom_padding=&#8221;|||&#8221; global_colors_info=&#8221;{}&#8221; custom_padding__hover=&#8221;|||&#8221;][et_pb_team_member name=&#8221;Solanilla, Anna&#8221; position=&#8221;Departament de Disseny Esc\u00e8nic (ITB)&#8221; image_url=&#8221;https:\/\/masters.filescat.uab.cat\/muet\/wp-content\/uploads\/sites\/2\/2018\/12\/solanilla_anna.jpg&#8221; admin_label=&#8221;solanilla&#8221; _builder_version=&#8221;4.24.0&#8243; body_font_size=&#8221;14px&#8221; link_option_url=&#8221;https:\/\/www.institutdelteatre.cat\/estudis\/professorat\/id136\/solanilla-rosello-anna.htm&#8221; link_option_url_new_window=&#8221;on&#8221; global_colors_info=&#8221;{}&#8221;]<\/p>\n<p><a href=\"mailto:solanillara@institutdelteatre.cat\">solanillara@institutdelteatre.cat<\/a><br \/><a href=\"http:\/\/www.institutdelteatre.cat\/ca\/pl56\/directori-espais\/id136\/solanilla-rosello-anna.htm\" target=\"_blank\" rel=\"noopener noreferrer\">Curr\u00edculum<\/a><\/p>\n<p>[\/et_pb_team_member][\/et_pb_column][et_pb_column type=&#8221;1_4&#8243; _builder_version=&#8221;4.16&#8243; custom_padding=&#8221;|||&#8221; global_colors_info=&#8221;{}&#8221; custom_padding__hover=&#8221;|||&#8221;][et_pb_team_member name=&#8221;Subir\u00f3s, Carlota&#8221; position=&#8221;Departament de Dramat\u00fargia, Escenificaci\u00f3 i Coreografia (ITB)&#8221; image_url=&#8221;https:\/\/masters.filescat.uab.cat\/muet\/wp-content\/uploads\/sites\/2\/2019\/03\/subiros.jpg&#8221; admin_label=&#8221;subir\u00f3s&#8221; _builder_version=&#8221;4.24.0&#8243; body_font_size=&#8221;14px&#8221; link_option_url=&#8221;https:\/\/www.institutdelteatre.cat\/estudis\/professorat\/id138\/subiros-bosch-carlota.htm&#8221; link_option_url_new_window=&#8221;on&#8221; global_colors_info=&#8221;{}&#8221;]<\/p>\n<p><a href=\"mailto:subirosbc@institutdelteatre.cat\">subirosbc@institutdelteatre.cat<\/a><br \/><a href=\"https:\/\/www.institutdelteatre.cat\/estudis\/professorat\/id138\/subiros-bosch-carlota.htm\" target=\"_blank\" rel=\"noopener noreferrer\">Curr\u00edculum<\/a><\/p>\n<p>[\/et_pb_team_member][\/et_pb_column][et_pb_column type=&#8221;1_4&#8243; _builder_version=&#8221;4.16&#8243; custom_padding=&#8221;|||&#8221; global_colors_info=&#8221;{}&#8221; custom_padding__hover=&#8221;|||&#8221;][et_pb_team_member name=&#8221;Szpunberg, Victoria&#8221; position=&#8221;Departament de Dramat\u00fargia, Escenificaci\u00f3 i Coreografia (ITB)&#8221; image_url=&#8221;https:\/\/masters.filescat.uab.cat\/muet\/wp-content\/uploads\/sites\/2\/2022\/01\/szpunberg_victoria.jpg&#8221; admin_label=&#8221;szpunberg&#8221; _builder_version=&#8221;4.24.0&#8243; body_font_size=&#8221;12px&#8221; link_option_url=&#8221;https:\/\/www.institutdelteatre.cat\/estudis\/professorat\/id139\/szpunberg-witt-victoria.htm&#8221; link_option_url_new_window=&#8221;on&#8221; global_colors_info=&#8221;{}&#8221;]<\/p>\n<p><a href=\"mailto:szpunbergwv@institutdelteatre.cat\">szpunbergwv@institutdelteatre.cat<\/a><br \/><a href=\"https:\/\/www.institutdelteatre.cat\/estudis\/professorat\/id139\/szpunberg-witt-victoria.htm\" target=\"_blank\" rel=\"noopener noreferrer\" data-wplink-edit=\"true\">Curr\u00edculum<\/a><\/p>\n<p>[\/et_pb_team_member][\/et_pb_column][et_pb_column type=&#8221;1_4&#8243; _builder_version=&#8221;4.16&#8243; custom_padding=&#8221;|||&#8221; global_colors_info=&#8221;{}&#8221; custom_padding__hover=&#8221;|||&#8221;][et_pb_team_member name=&#8221;Vendrell, Ester&#8221; position=&#8221;Departament de Dramat\u00fargia, Escenificaci\u00f3 i Coreografia (ITB)&#8221; image_url=&#8221;https:\/\/masters.filescat.uab.cat\/muet\/wp-content\/uploads\/sites\/2\/2020\/05\/vendrell_ester.jpg&#8221; admin_label=&#8221;vendrell&#8221; _builder_version=&#8221;4.24.0&#8243; body_font_size=&#8221;14px&#8221; link_option_url=&#8221;https:\/\/www.institutdelteatre.cat\/estudis\/professorat\/id192\/vendrell-sales-esther.htm&#8221; link_option_url_new_window=&#8221;on&#8221; global_colors_info=&#8221;{}&#8221;]<\/p>\n<p><a href=\"mailto:vendrellse@institutdelteatre.cat\" target=\"_blank\" rel=\"noopener noreferrer\">vendrellse@institutdelteatre.cat<\/a><br \/><a href=\"https:\/\/www.institutdelteatre.cat\/estudis\/professorat\/id192\/vendrell-sales-esther.htm\" target=\"_blank\" rel=\"noopener noreferrer\">Curr\u00edculum<\/a><\/p>\n<p>[\/et_pb_team_member][\/et_pb_column][\/et_pb_row][et_pb_row column_structure=&#8221;1_3,1_3,1_3&#8243; _builder_version=&#8221;4.16&#8243; background_size=&#8221;initial&#8221; background_position=&#8221;top_left&#8221; background_repeat=&#8221;repeat&#8221; global_colors_info=&#8221;{}&#8221;][et_pb_column type=&#8221;1_3&#8243; _builder_version=&#8221;4.16&#8243; custom_padding=&#8221;|||&#8221; global_colors_info=&#8221;{}&#8221; custom_padding__hover=&#8221;|||&#8221;][et_pb_team_member name=&#8221;Duran Domenge, Rafel&#8221; position=&#8221; Escola Universit\u00e0ria ERAM&#8221; image_url=&#8221;https:\/\/masters.filescat.uab.cat\/muet\/wp-content\/uploads\/sites\/2\/2019\/07\/duran_rafael.jpg&#8221; disabled_on=&#8221;on|on|on&#8221; admin_label=&#8221;duran&#8221; _builder_version=&#8221;4.16&#8243; link_option_url=&#8221;https:\/\/www.institutdelteatre.cat\/estudis\/professorat\/id69\/daussa-pastor-boris.htm&#8221; link_option_url_new_window=&#8221;on&#8221; disabled=&#8221;on&#8221; global_colors_info=&#8221;{}&#8221;]<\/p>\n<p><a href=\"mailto:rafelduran@hotmail.com\">rafelduran@hotmail.com<\/a><br \/><a href=\"https:\/\/www.eram.cat\/ca\/professorat\/rafel-duran-domenge\" target=\"_blank\" rel=\"noopener noreferrer\">Curr\u00edculum<\/a><\/p>\n<p>[\/et_pb_team_member][et_pb_team_member name=&#8221;Ramon i Graells, Antoni&#8221; position=&#8221;Secci\u00f3 de Composici\u00f3 Arquitect\u00f2nica. Escola Superior d&#8217;Arquitectura (UPC)&#8221; image_url=&#8221;https:\/\/masters.filescat.uab.cat\/muet\/wp-content\/uploads\/sites\/2\/2018\/12\/ramon_antoni-1.jpg&#8221; disabled_on=&#8221;on|on|on&#8221; admin_label=&#8221;ramon&#8221; _builder_version=&#8221;4.25.2&#8243; body_font_size=&#8221;14px&#8221; link_option_url=&#8221;http:\/\/futur.upc.edu\/AntoniRamonGraells&#8221; link_option_url_new_window=&#8221;on&#8221; disabled=&#8221;on&#8221; global_colors_info=&#8221;{}&#8221;]<\/p>\n<p><a href=\"mailto:antoni.ramon@upc.edu\">antoni.ramon@upc.edu<\/a><br \/><a href=\"http:\/\/futur.upc.edu\/AntoniRamonGraells\" target=\"_blank\" rel=\"noopener noreferrer\">Curr\u00edculum<\/a><\/p>\n<p>[\/et_pb_team_member][\/et_pb_column][et_pb_column type=&#8221;1_3&#8243; _builder_version=&#8221;4.16&#8243; custom_padding=&#8221;|||&#8221; global_colors_info=&#8221;{}&#8221; custom_padding__hover=&#8221;|||&#8221;][et_pb_team_member name=&#8221;Gall\u00e9n, Enric&#8221; position=&#8221;Departament de Traducci\u00f3 i Ci\u00e8ncies del Llenguatge | Facultat de Traducci\u00f3 i Interpretaci\u00f3 (UPF)&#8221; image_url=&#8221;https:\/\/masters.filescat.uab.cat\/muet\/wp-content\/uploads\/sites\/2\/2018\/12\/gallen_enric.jpg&#8221; disabled_on=&#8221;on|on|on&#8221; admin_label=&#8221;gall\u00e9n&#8221; _builder_version=&#8221;4.16&#8243; link_option_url=&#8221;http:\/\/orcid.org\/0000-0003-1490-5102&#8243; link_option_url_new_window=&#8221;on&#8221; disabled=&#8221;on&#8221; global_colors_info=&#8221;{}&#8221;]<\/p>\n<p><a href=\"mailto:enric.gallen@upf.edu\">enric.gallen@upf.edu<\/a><br \/>\n<a href=\"http:\/\/orcid.org\/0000-0003-1490-5102\" target=\"_blank\" rel=\"noopener noreferrer\">Curr\u00edculum<\/a><\/p>\n<p>[\/et_pb_team_member][et_pb_team_member name=&#8221;Tornero, Helena&#8221; position=&#8221;Departament de Dramat\u00fargia, Escenificaci\u00f3 i Coreografia (ITB)&#8221; image_url=&#8221;https:\/\/masters.filescat.uab.cat\/muet\/wp-content\/uploads\/sites\/2\/2020\/01\/tornero_helena.jpg&#8221; disabled_on=&#8221;on|on|on&#8221; admin_label=&#8221;tornero&#8221; _builder_version=&#8221;4.16&#8243; link_option_url=&#8221;https:\/\/masters.filescat.uab.cat\/muet\/wp-content\/uploads\/sites\/2\/2020\/01\/tornero_helena.pdf&#8221; link_option_url_new_window=&#8221;on&#8221; disabled=&#8221;on&#8221; global_colors_info=&#8221;{}&#8221;]<\/p>\n<p><a href=\"mailto:tornerobe@institutdelteatre.cat\">tornerobe@institutdelteatre.cat<\/a><br \/><a href=\"https:\/\/masters.filescat.uab.cat\/muet\/wp-content\/uploads\/sites\/2\/2020\/01\/tornero_helena.pdf\" target=\"_blank\" rel=\"noopener noreferrer\">Curr\u00edculum<\/a><\/p>\n<p>[\/et_pb_team_member][\/et_pb_column][et_pb_column type=&#8221;1_3&#8243; _builder_version=&#8221;4.16&#8243; custom_padding=&#8221;|||&#8221; global_colors_info=&#8221;{}&#8221; custom_padding__hover=&#8221;|||&#8221;][et_pb_team_member name=&#8221;Massip, Jes\u00fas Francesc&#8221; position=&#8221;Departament de Filologia Catalana. Facultat de Lletres (URV)&#8221; image_url=&#8221;https:\/\/masters.filescat.uab.cat\/muet\/wp-content\/uploads\/sites\/2\/2022\/01\/massip_francesc.jpg&#8221; disabled_on=&#8221;on|on|on&#8221; admin_label=&#8221;Massip&#8221; _builder_version=&#8221;4.16&#8243; link_option_url=&#8221;https:\/\/iris.urv.cat\/ipublic\/profile\/index\/iMarinaID\/04-321000\/&#8221; link_option_url_new_window=&#8221;on&#8221; disabled=&#8221;on&#8221; global_colors_info=&#8221;{}&#8221;]<\/p>\n<p><a href=\"mailto:francesc.massip@urv.cat\">francesc.massip@urv.cat<\/a><br \/><a href=\"https:\/\/iris.urv.cat\/ipublic\/profile\/index\/iMarinaID\/04-321000\/\" target=\"_blank\" rel=\"noopener noreferrer\">Curr\u00edculum<\/a>\u00a0 | <a href=\"https:\/\/orcid.org\/0000-0001-9926-5428\" target=\"_blank\" rel=\"noopener noreferrer\">ORCID<\/a> | <a href=\"http:\/\/lairem.wordpress.com\/\" target=\"_blank\" rel=\"me nofollow noopener noreferrer\">LAiREM<\/a><\/p>\n<p>[\/et_pb_team_member][et_pb_team_member name=&#8221;Sim\u00f3 Vinyes, Ramon&#8221; position=&#8221;Departament de Dramat\u00fargia, Escenificaci\u00f3 i Coreografia (ITB)&#8221; image_url=&#8221;https:\/\/masters.filescat.uab.cat\/muet\/wp-content\/uploads\/sites\/2\/2020\/05\/simo_ramon.jpg&#8221; disabled_on=&#8221;on|on|on&#8221; admin_label=&#8221;simo&#8221; _builder_version=&#8221;4.25.2&#8243; body_font_size=&#8221;14px&#8221; link_option_url=&#8221;https:\/\/www.institutdelteatre.cat\/estudis\/professorat\/id471\/simo-vinyes-ramon.htm&#8221; link_option_url_new_window=&#8221;on&#8221; disabled=&#8221;on&#8221; global_colors_info=&#8221;{}&#8221;]<\/p>\n<p><a href=\"mailto:simovr@institutdelteatre.cat\">simovr@institutdelteatre.cat<\/a><br \/><a href=\"https:\/\/www.institutdelteatre.cat\/estudis\/professorat\/id471\/simo-vinyes-ramon.htm\" target=\"_blank\" rel=\"noopener noreferrer\">Curr\u00edculum<\/a><\/p>\n<p>[\/et_pb_team_member][\/et_pb_column][\/et_pb_row][et_pb_row column_structure=&#8221;1_3,1_3,1_3&#8243; _builder_version=&#8221;4.16&#8243; background_size=&#8221;initial&#8221; background_position=&#8221;top_left&#8221; background_repeat=&#8221;repeat&#8221; global_colors_info=&#8221;{}&#8221;][et_pb_column type=&#8221;1_3&#8243; _builder_version=&#8221;4.16&#8243; custom_padding=&#8221;|||&#8221; global_colors_info=&#8221;{}&#8221; custom_padding__hover=&#8221;|||&#8221;][et_pb_team_member name=&#8221;Fondevila Fern\u00e1ndez, Jordi&#8221; position=&#8221;Departament de Dramat\u00fargia, Escenificaci\u00f3 i Coreografia (ITB)&#8221; image_url=&#8221;https:\/\/masters.filescat.uab.cat\/muet\/wp-content\/uploads\/sites\/2\/2018\/12\/fontdevila_jordi.jpg&#8221; disabled_on=&#8221;on|on|on&#8221; admin_label=&#8221;fondevila&#8221; _builder_version=&#8221;4.16&#8243; link_option_url=&#8221;http:\/\/www.institutdelteatre.cat\/ca\/escoles-i-centres-territorials\/thm21\/pag914\/pl76\/contactes-docents\/id80\/fondevila-fernandez-jordi.htm?cerca_76=fondevila&#8221; link_option_url_new_window=&#8221;on&#8221; disabled=&#8221;on&#8221; global_colors_info=&#8221;{}&#8221;]<\/p>\n<p><a href=\"mailto:fondevilafj@institutdelteatre.cat\">fondevilafj@institutdelteatre.cat<\/a><br \/>\n<a href=\"http:\/\/www.institutdelteatre.cat\/ca\/escoles-i-centres-territorials\/thm21\/pag914\/pl76\/contactes-docents\/id80\/fondevila-fernandez-jordi.htm?cerca_76=fondevila\" target=\"_blank\" rel=\"noopener noreferrer\">Curr\u00edculum<\/a><\/p>\n<p>[\/et_pb_team_member][et_pb_team_member name=&#8221;Dauss\u00e0 Pastor, Boris&#8221; position=&#8221;Departament de Teoria i Hist\u00f2ria de les Arts Esc\u00e8niques (ITB)&#8221; image_url=&#8221;https:\/\/masters.filescat.uab.cat\/muet\/wp-content\/uploads\/sites\/2\/2018\/12\/daussa_boris.jpg&#8221; disabled_on=&#8221;on|on|on&#8221; admin_label=&#8221;dauss\u00e0&#8221; _builder_version=&#8221;4.16&#8243; link_option_url=&#8221;https:\/\/www.institutdelteatre.cat\/estudis\/professorat\/id69\/daussa-pastor-boris.htm&#8221; link_option_url_new_window=&#8221;on&#8221; disabled=&#8221;on&#8221; global_colors_info=&#8221;{}&#8221;]<\/p>\n<p><a href=\"mailto:daussapb@institutelteatre.cat\">daussapb@institutelteatre.cat<\/a><br \/><a href=\"https:\/\/www.institutdelteatre.cat\/estudis\/professorat\/id69\/daussa-pastor-boris.htm\" target=\"_blank\" rel=\"noopener noreferrer\">Curr\u00edculum<\/a><\/p>\n<p>[\/et_pb_team_member][\/et_pb_column][et_pb_column type=&#8221;1_3&#8243; _builder_version=&#8221;4.16&#8243; custom_padding=&#8221;|||&#8221; global_colors_info=&#8221;{}&#8221; custom_padding__hover=&#8221;|||&#8221;][et_pb_team_member name=&#8221;Prat Bruxola, Montserrat&#8221; position=&#8221;Departament de Dramat\u00fargia, Escenificaci\u00f3 i Coreografia (ITB)&#8221; image_url=&#8221;https:\/\/masters.filescat.uab.cat\/muet\/wp-content\/uploads\/sites\/2\/2018\/12\/prat-montserrat.jpg&#8221; disabled_on=&#8221;on|on|on&#8221; admin_label=&#8221;prat&#8221; _builder_version=&#8221;4.27.4&#8243; link_option_url=&#8221;http:\/\/www.institutdelteatre.cat\/ca\/escoles-i-centres-territorials\/thm21\/pag914\/pl76\/contactes-docents\/id113\/prat-bruxola-montserrat.htm&#8221; link_option_url_new_window=&#8221;on&#8221; disabled=&#8221;on&#8221; global_colors_info=&#8221;{}&#8221;]<\/p>\n<p><a href=\"mailto:pratbm@institutdelteatre.cat\">pratbm@institutdelteatre.cat<\/a><br \/><a href=\"http:\/\/www.institutdelteatre.cat\/ca\/escoles-i-centres-territorials\/thm21\/pag914\/pl76\/contactes-docents\/id113\/prat-bruxola-montserrat.htm\" target=\"_blank\" rel=\"noopener noreferrer\">Curr\u00edculum<\/a><\/p>\n<p>[\/et_pb_team_member][et_pb_team_member name=&#8221;Molina Escobar, V\u00edctor&#8221; position=&#8221;Departament de Teoria i Hist\u00f2ria de les Arts Esc\u00e8niques (ITB)&#8221; image_url=&#8221;https:\/\/masters.filescat.uab.cat\/muet\/wp-content\/uploads\/sites\/2\/2018\/12\/molina_victor.jpg&#8221; disabled_on=&#8221;on|on|on&#8221; admin_label=&#8221;molina&#8221; _builder_version=&#8221;4.16&#8243; link_option_url=&#8221;https:\/\/www.institutdelteatre.cat\/estudis\/professorat\/id104\/molina-escobar-jose-victor.htm&#8221; link_option_url_new_window=&#8221;on&#8221; disabled=&#8221;on&#8221; global_colors_info=&#8221;{}&#8221;]<\/p>\n<p><a href=\"mailto:molinaev@institutdelteatre.cat\">molinaev@institutdelteatre.cat<\/a><br \/>\n<a href=\"https:\/\/www.institutdelteatre.cat\/estudis\/professorat\/id104\/molina-escobar-jose-victor.htm\" target=\"_blank\" rel=\"noopener noreferrer\">Curr\u00edculum<\/a><\/p>\n<p>[\/et_pb_team_member][et_pb_team_member name=&#8221;Arribas S\u00e1nchez, Cristina&#8221; position=&#8221;Departament de Teoria i Hist\u00f2ria de l&#8217;Arquitectura i T\u00e8cniques de Comunicaci\u00f3. Escola T\u00e8cnica Superior d&#8217;Arquitectura del Vall\u00e8s (ETSAV) (UPC)&#8221; image_url=&#8221;https:\/\/masters.filescat.uab.cat\/muet\/wp-content\/uploads\/sites\/2\/2025\/07\/arribas_cristina.jpg&#8221; disabled_on=&#8221;on|on|on&#8221; admin_label=&#8221;Arribas&#8221; _builder_version=&#8221;4.27.4&#8243; body_font_size=&#8221;14px&#8221; link_option_url=&#8221;https:\/\/futur.upc.edu\/25208934&#8243; link_option_url_new_window=&#8221;on&#8221; disabled=&#8221;on&#8221; global_colors_info=&#8221;{}&#8221;]<\/p>\n<p><a href=\"mailto:cristina.arribasupc.edu\">cristina.arribasupc.edu<\/a><br \/><a href=\"https:\/\/futur.upc.edu\/25208934\" target=\"_blank\" rel=\"noopener noreferrer\">Curr\u00edculum<\/a><\/p>\n<p>[\/et_pb_team_member][\/et_pb_column][et_pb_column type=&#8221;1_3&#8243; _builder_version=&#8221;4.16&#8243; custom_padding=&#8221;|||&#8221; global_colors_info=&#8221;{}&#8221; custom_padding__hover=&#8221;|||&#8221;][et_pb_team_member name=&#8221;Rodr\u00edguez Mart\u00ednez, Antonio Sim\u00f3n&#8221; position=&#8221;ESAD (Tallers Interpretaci\u00f3 i Direcci\u00f3 d&#8217;Actors) (ITB)&#8221; image_url=&#8221;https:\/\/masters.filescat.uab.cat\/muet\/wp-content\/uploads\/sites\/2\/2018\/12\/simon_antonio.jpg&#8221; disabled_on=&#8221;on|on|on&#8221; admin_label=&#8221;rodriguez&#8221; _builder_version=&#8221;4.16&#8243; link_option_url=&#8221;http:\/\/www.institutdelteatre.cat\/ca\/pl56\/directori-espais\/professorat\/id123\/rodriguez-martinez-antonio.htm&#8221; link_option_url_new_window=&#8221;on&#8221; disabled=&#8221;on&#8221; global_colors_info=&#8221;{}&#8221;]<\/p>\n<p><a href=\"mailto:rodriguezma@institutdelteatre.cat\">rodriguezma@institutdelteatre.cat<\/a><br \/>\n<a href=\"http:\/\/www.institutdelteatre.cat\/ca\/pl56\/directori-espais\/professorat\/id123\/rodriguez-martinez-antonio.htm\" target=\"_blank\" rel=\"noopener noreferrer\">Curr\u00edculum<\/a><\/p>\n<p>[\/et_pb_team_member][et_pb_team_member name=&#8221;Gibert i Pujol, Miquel M.&#8221; position=&#8221;Departament d&#8217;Humanitats | Facultat d&#8217;Humanitats (UPF)&#8221; image_url=&#8221;https:\/\/masters.filescat.uab.cat\/muet\/wp-content\/uploads\/sites\/2\/2018\/12\/gibert_miquel-m.jpg&#8221; disabled_on=&#8221;on|on|on&#8221; admin_label=&#8221;gibert&#8221; _builder_version=&#8221;4.16&#8243; link_option_url=&#8221;http:\/\/orcid.org\/0000-0002-7449-7764&#8243; link_option_url_new_window=&#8221;on&#8221; disabled=&#8221;on&#8221; global_colors_info=&#8221;{}&#8221;]<\/p>\n<p><a href=\"mailto:miquel.gibert@upf.edu\">miquel.gibert@upf.edu<\/a><br \/>\n<a href=\"http:\/\/orcid.org\/0000-0002-7449-7764\" target=\"_blank\" rel=\"noopener noreferrer\">Curr\u00edculum<\/a><\/p>\n<p>[\/et_pb_team_member][\/et_pb_column][\/et_pb_row][\/et_pb_section]<\/p>\n","protected":false},"excerpt":{"rendered":"<p>tomas.ivan.alcazar@upc.eduCurr\u00edculumRossend.Arques@uab.catCurr\u00edculumbalanaag@institutdelteatre.catCurr\u00edculumbatllejc@institutdelteatre.catCurr\u00edculumcarnevalid@institutdelteatre.catCurr\u00edculumAna.Corral@uab.catCurr\u00edculumFrancesc.Cortes@uab.catCurr\u00edculumescudege@institutdelteatre.catCurr\u00edculumFrancesc.foguet@uab.catCurr\u00edculumfratinir@institutdelteatre.catCurr\u00edculumjordi.jane@uab.catCurr\u00edculumlaaksor@institutdelteatre.catCurr\u00edculumnuria.llorens@uab.catCurr\u00edculummasgraupl@institutdelteatre.catCurr\u00edculumDaniela.Palmeri@uab.catCurr\u00edculumpratcj@institutdelteatre.catCurr\u00edculumrafasm@institutdelteatre.catCurr\u00edculumnuria.santamaria@uab.catCurr\u00edculumsaumellvm@institutdelteatre.catCurr\u00edculumschmutzc@institutdelteatre.catsolanillara@institutdelteatre.catCurr\u00edculumsubirosbc@institutdelteatre.catCurr\u00edculumszpunbergwv@institutdelteatre.catCurr\u00edculumvendrellse@institutdelteatre.catCurr\u00edculumrafelduran@hotmail.comCurr\u00edculumantoni.ramon@upc.eduCurr\u00edculumenric.gallen@upf.edu Curr\u00edculum tornerobe@institutdelteatre.catCurr\u00edculumfrancesc.massip@urv.catCurr\u00edculum\u00a0 | ORCID | LAiREMsimovr@institutdelteatre.catCurr\u00edculumfondevilafj@institutdelteatre.cat Curr\u00edculum daussapb@institutelteatre.catCurr\u00edculumpratbm@institutdelteatre.catCurr\u00edculummolinaev@institutdelteatre.cat Curr\u00edculum cristina.arribasupc.eduCurr\u00edculumrodriguezma@institutdelteatre.cat Curr\u00edculum miquel.gibert@upf.edu Curr\u00edculum<\/p>\n","protected":false},"author":1,"featured_media":0,"parent":0,"menu_order":0,"comment_status":"open","ping_status":"open","template":"","meta":{"_et_pb_use_builder":"on","_et_pb_old_content":"<h3>Professorat<\/h3>\r\n<h4>Arqu\u00e9s i Corominas, Rossend<\/h4>\r\n<h6>Departament de Filologia Francesa i Rom\u00e0nica | Facultat de Filosofia i Lletres (UAB)<br \/>\r\n <a href=\"mailto:rossend.arques@uab.cat\">rossend.arques@uab.cat<\/a><\/h6>\r\n<a href=\"http:\/\/centresderecerca.uab.cat\/iem\/en\/node\/198\" target=\"_blank\" rel=\"noopener noreferrer\"><img src=\"https:\/\/masters.filescat.uab.cat\/muet\/wp-content\/uploads\/sites\/2\/2013\/03\/cv.png\" alt=\"cv\" width=\"30\" height=\"30\" \/><\/a>\r\n<h4>Batlle i Jord\u00e0, Carles<\/h4>\r\n<h6>Departament de Dramat\u00fargia, Escenificaci\u00f3 i Coreografia (ITB)<br \/>\r\n <a href=\"mailto:batllejc@institutdelteatre.cat\">batllejc@institutdelteatre.cat<\/a><\/h6>\r\n<p><a href=\"http:\/\/www.institutdelteatre.cat\/ca\/pl56\/directori-espais\/professorat\/id51\/batlle-jorda-carles.htm\" target=\"_blank\" rel=\"noopener noreferrer\"><img src=\"https:\/\/masters.filescat.uab.cat\/muet\/wp-content\/uploads\/sites\/2\/2013\/03\/cv.png\" alt=\"cv\" width=\"30\" height=\"30\" \/><\/a><\/p>\r\n<h4>Corral Full\u00e0, Anna<\/h4>\r\n<h6>Departament de Filologia Francesa i Rom\u00e0nica . Facultat de Traducci\u00f3 i Interpretaci\u00f3 (UAB)<br \/>\r\n <a href=\"mailto:ana.corral@uab.cat\">ana.corral@uab.cat<\/a><\/h6>\r\n<p><a href=\"http:\/\/orcid.org\/0000-0001-7335-2128\" target=\"_blank\" rel=\"noopener noreferrer\"><img src=\"https:\/\/masters.filescat.uab.cat\/muet\/wp-content\/uploads\/sites\/2\/2013\/03\/cv.png\" alt=\"cv\" width=\"30\" height=\"30\" \/><\/a><\/p>\r\n<h4>Cort\u00e9s i Mir, Francesc<\/h4>\r\n<h6>Departament d\u2019Art i Musicologia | Facultat de Filosofia i Lletres (UAB)<br \/>\r\n <a href=\"mailto:francesc.cortes@uab.cat\">francesc.cortes@uab.cat<\/a><\/h6>\r\n<p><a href=\"http:\/\/www.musc.cat\/ca\/membres\/francesc-cortes-i-mir.html\" target=\"_blank\" rel=\"noopener noreferrer\"><img src=\"https:\/\/masters.filescat.uab.cat\/muet\/wp-content\/uploads\/sites\/2\/2013\/03\/cv.png\" alt=\"cv\" width=\"30\" height=\"30\" \/><\/a><\/p>\r\n<h4>Dauss\u00e0 Pastor, Boris<\/h4>\r\n<h6>Departament de Teoria i Hist\u00f2ria de les Arts Esc\u00e8niques (ITB)<br \/>\r\n <a href=\"mailto:daussapb@institutelteatre.cat\">daussapb@institutdelteatre.cat<\/a><\/h6>\r\n<p><a href=\"http:\/\/institutdelteatre.cat\/ca\/escoles-i-centres-territorials\/thm21\/pag914\/pl76\/contactes-docents\/id69\/daussa-pastor-boris.htm\" target=\"_blank\" rel=\"noopener noreferrer\"><img src=\"https:\/\/masters.filescat.uab.cat\/muet\/wp-content\/uploads\/sites\/2\/2013\/03\/cv.png\" alt=\"cv\" width=\"30\" height=\"30\" \/><\/a><\/p>\r\n<h4>Escud\u00e9 Gall\u00e9s, Beth<\/h4>\r\n<h6>Departament de Dramat\u00fargia, Escenificaci\u00f3 i Coreografia (ITB)<br \/>\r\n <a href=\"mailto:escudege@institutdelteatre.cat \">escudege@institutdelteatre.cat <\/a><\/h6>\r\n<p><a href=\"http:\/\/www.institutdelteatre.cat\/ca\/pl56\/directori-espais\/professorat\/id76\/escude-galles-elisabeth.htm\" target=\"_blank\" rel=\"noopener noreferrer\"><img src=\"https:\/\/masters.filescat.uab.cat\/muet\/wp-content\/uploads\/sites\/2\/2013\/03\/cv.png\" alt=\"cv\" width=\"30\" height=\"30\" \/><\/a><\/p>\r\n<h4>Foguet i Boreu, Francesc<\/h4>\r\n<h6>Departament de Filologia Catalana | Facultat de Filosofia I Lletres (UAB)<br \/>\r\n <a href=\"mailto:Francesc.foguet@uab.cat\">Francesc.foguet@uab.cat<\/a><\/h6>\r\n<p><a href=\"http:\/\/orcid.org\/0000-0003-4083-5486\" target=\"_blank\" rel=\"noopener noreferrer\"><img  src=\"https:\/\/masters.filescat.uab.cat\/muet\/wp-content\/uploads\/sites\/2\/2013\/03\/cv.png\" alt=\"cv\" width=\"30\" height=\"30\" \/><\/a><\/p>\r\n<h4>Fondevila Fern\u00e1ndez, Jordi<\/h4>\r\n<h6>Departament de Dramat\u00fargia, Escenificaci\u00f3 i Coreografia (ITB)<br \/>\r\n <a href=\"mailto:fondevilafj@institutdelteatre.cat\">fondevilafj@institutdelteatre.cat<\/a><\/h6>\r\n<p><a href=\"http:\/\/www.institutdelteatre.cat\/ca\/escoles-i-centres-territorials\/thm21\/pag914\/pl76\/contactes-docents\/id80\/fondevila-fernandez-jordi.htm?cerca_76=fondevila\" target=\"_blank\" rel=\"noopener noreferrer\"><img src=\"https:\/\/masters.filescat.uab.cat\/muet\/wp-content\/uploads\/sites\/2\/2013\/03\/cv.png\" alt=\"cv\" width=\"30\" height=\"30\" \/><\/a><\/p>\r\n<h4>Fratini, Roberto<\/h4>\r\n<h6>Departament de Teoria i Hist\u00f2ria de les Arts Esc\u00e8niques (ITB)<br \/>\r\n <a href=\"mailto:fratinir@institutdelteatre.cat\">fratinir@institutdelteatre.cat<\/a><\/h6>\r\n<p><a href=\"http:\/\/www.eolia.cat\/pdf\/Roberto_Fratini_CV.pdf\" target=\"_blank\" rel=\"noopener noreferrer\"><img  src=\"https:\/\/masters.filescat.uab.cat\/muet\/wp-content\/uploads\/sites\/2\/2013\/03\/cv.png\" alt=\"cv\" width=\"30\" height=\"30\" \/><\/a><\/p>\r\n<h4>Gall\u00e9n, Enric<\/h4>\r\n<h6>Departament de Traducci\u00f3 i Ci\u00e8ncies del Llenguatge | Facultat de Traducci\u00f3 i Interpretaci\u00f3 (UPF)<br \/>\r\n <a href=\"mailto:enric.gallen@upf.edu\">enric.gallen@upf.edu<\/a><\/h6>\r\n<p><a href=\"http:\/\/orcid.org\/0000-0003-1490-5102\" target=\"_blank\" rel=\"noopener noreferrer\"><img src=\"https:\/\/masters.filescat.uab.cat\/muet\/wp-content\/uploads\/sites\/2\/2013\/03\/cv.png\" alt=\"cv\" width=\"30\" height=\"30\" \/><\/a><\/p>\r\n<h4>Gibert i Pujol, Miquel M.<\/h4>\r\n<h6>Departament d\u2019Humanitats | Facultat d'Humanitats (UPF)<br \/>\r\n <a href=\"mailto:miquel.gibert@upf.edu\">miquel.gibert@upf.edu<\/a><\/h6>\r\n<p><a href=\"http:\/\/orcid.org\/0000-0002-7449-7764\" target=\"_blank\" rel=\"noopener noreferrer\"><img src=\"https:\/\/masters.filescat.uab.cat\/muet\/wp-content\/uploads\/sites\/2\/2013\/03\/cv.png\" alt=\"cv\" width=\"30\" height=\"30\" \/><\/a><\/p>\r\n<h4>Llorens Moreno, N\u00faria<\/h4>\r\n<h6>Departament d\u2019Art i Musicologia | Facultat de Filosofia i Lletres (UAB)<br \/>\r\n <a href=\"mailto:nuria.llorens@uab.cat\">nuria.llorens@uab.cat<\/a><\/h6>\r\n<p><a href=\"http:\/\/dhac.iec.cat\/dhac_p.asp?id_personal=827\" target=\"_blank\" rel=\"noopener noreferrer\"><img src=\"https:\/\/masters.filescat.uab.cat\/muet\/wp-content\/uploads\/sites\/2\/2013\/03\/cv.png\" alt=\"cv\" width=\"30\" height=\"30\" \/><\/a><\/p>\r\n<h4>Masgrau i Peya, Llu\u00eds<\/h4>\r\n<h6>Departament de Teoria i Hist\u00f2ria de les Arts Esc\u00e8niques (ITB)<br \/>\r\n <a href=\"mailto:masgraupl@institutdelteatre.cat\">masgraupl@institutdelteatre.cat<\/a><\/h6>\r\n<p><a href=\"http:\/\/www.institutdelteatre.cat\/ca\/escoles-i-centres-territorials\/thm21\/pag914\/pl76\/contactes-docents\/id102\/masgrau-peya-lluis.htm\" target=\"_blank\" rel=\"noopener noreferrer\"><img src=\"https:\/\/masters.filescat.uab.cat\/muet\/wp-content\/uploads\/sites\/2\/2013\/03\/cv.png\" alt=\"cv\" width=\"30\" height=\"30\" \/><\/a><\/p>\r\n<h4>Molina Escobar, V\u00edctor<\/h4>\r\n<h6>Departament de Teoria i Hist\u00f2ria de les Arts Esc\u00e8niques (ITB)<br \/>\r\n <a href=\"mailto:molinaev@institutdelteatre.cat\">molinaev@institutdelteatre.cat<\/a><\/h6>\r\n<p><a href=\"http:\/\/www.institutdelteatre.cat\/ca\/pl56\/directori-espais\/professorat\/id175\/molina-escobar-jose-victor.htm\" target=\"_blank\" rel=\"noopener noreferrer\"><img src=\"https:\/\/masters.filescat.uab.cat\/muet\/wp-content\/uploads\/sites\/2\/2013\/03\/cv.png\" alt=\"cv\" width=\"30\" height=\"30\" \/><\/a><\/p>\r\n<h4>Prat Bruxola, Montserrat<\/h4>\r\n<h6>Departament de Dramat\u00fargia, Escenificaci\u00f3 i Coreografia (ITB)<br \/>\r\n <a href=\"mailto:pratbm@institutdelteatre.cat\">pratbm@institutdelteatre.cat<\/a><\/h6>\r\n<p><a href=\"http:\/\/www.institutdelteatre.cat\/ca\/escoles-i-centres-territorials\/thm21\/pag914\/pl76\/contactes-docents\/id113\/prat-bruxola-montserrat.htm\" target=\"_blank\" rel=\"noopener noreferrer\"><img src=\"https:\/\/masters.filescat.uab.cat\/muet\/wp-content\/uploads\/sites\/2\/2013\/03\/cv.png\" alt=\"cv\" width=\"30\" height=\"30\" \/><\/a><\/p>\r\n<h4>Ramon i Graells, Antoni<\/h4>\r\n<h6>Secci\u00f3 de Composici\u00f3 Arquitect\u00f2nica | Escola T\u00e8cnica Superior d\u2019Arquitectura de Barcelona (UPC)<br \/>\r\n <a href=\"mailto:antoni.ramon@upc.edu\">antoni.ramon@upc.edu<\/a><\/h6>\r\n<p><a href=\"http:\/\/futur.upc.edu\/AntoniRamonGraells\" target=\"_blank\" rel=\"noopener noreferrer\"><img src=\"https:\/\/masters.filescat.uab.cat\/muet\/wp-content\/uploads\/sites\/2\/2013\/03\/cv.png\" alt=\"cv\" width=\"30\" height=\"30\" \/><\/a><\/p>\r\n<h4>Rodr\u00edguez Mart\u00ednez, Antonio Sim\u00f3n<\/h4>\r\n<h6>ESAD (Tallers Interpretaci\u00f3 i Direcci\u00f3 d'Actors) (ITB)<br \/>\r\n <a href=\"mailto:rodriguezma@institutdelteatre.cat\">rodriguezma@institutdelteatre.cat<\/a><\/h6>\r\n<p><a href=\"http:\/\/www.institutdelteatre.cat\/ca\/pl56\/directori-espais\/professorat\/id123\/rodriguez-martinez-antonio.htm\" target=\"_blank\" rel=\"noopener noreferrer\"><img src=\"https:\/\/masters.filescat.uab.cat\/muet\/wp-content\/uploads\/sites\/2\/2013\/03\/cv.png\" alt=\"cv\" width=\"30\" height=\"30\" \/><\/a><\/p>\r\n<h4>Santamaria i Roig, N\u00faria<\/h4>\r\n<h6>Departament de Filologia Catalana | Facultat de Filosofia i Lletres (UAB)<br \/>\r\n <a href=\"mailto:nuria.santamaria@uab.cat\">nuria.santamaria@uab.cat<\/a><\/h6>\r\n<p><a href=\"http:\/\/orcid.org\/0000-0003-0026-7939\" target=\"_blank\" rel=\"noopener noreferrer\"><img src=\"https:\/\/masters.filescat.uab.cat\/muet\/wp-content\/uploads\/sites\/2\/2013\/03\/cv.png\" alt=\"cv\" width=\"30\" height=\"30\" \/><\/a><\/p>\r\n<h4>Saumell i Verg\u00e9s, Merc\u00e8<\/h4>\r\n<h6>Departament de Teoria i Hist\u00f2ria de les Arts Esc\u00e8niques (ITB)<br \/>\r\n <a href=\"mailto:saumellvm@institutdelteatre.cat\">saumellvm@institutdelteatre.cat<\/a><\/h6>\r\n<p><a href=\"http:\/\/www.institutdelteatre.cat\/ca\/pl56\/directori-espais\/id468\/saumell-verges-m-merce.htm\" target=\"_blank\" rel=\"noopener noreferrer\"><img src=\"https:\/\/masters.filescat.uab.cat\/muet\/wp-content\/uploads\/sites\/2\/2013\/03\/cv.png\" alt=\"cv\" width=\"30\" height=\"30\" \/><\/a><\/p>\r\n<h4>Solanilla, Anna<\/h4>\r\n<h6>Departament de Disseny Esc\u00e8nic (ITB)<br \/>\r\n <a href=\"mailto:solanillara@institutdelteatre.cat\">solanillara@institutdelteatre.cat<\/a><\/h6>\r\n<p><a href=\"http:\/\/www.institutdelteatre.cat\/ca\/pl56\/directori-espais\/id136\/solanilla-rosello-anna.htm\" target=\"_blank\" rel=\"noopener noreferrer\"><img src=\"https:\/\/masters.filescat.uab.cat\/muet\/wp-content\/uploads\/sites\/2\/2013\/03\/cv.png\" alt=\"cv\" width=\"30\" height=\"30\" \/><\/a><\/p>\r\n<h4>Szpunberg, Victoria<\/h4>\r\n<h6>Departament de Dramat\u00fargia, Escenificaci\u00f3 i Coreografia (ITB)<br \/>\r\n <a href=\"mailto:szpunbergwv@institutdelteatre.cat\">szpunbergwv@institutdelteatre.cat<\/a><\/h6>\r\n<p><a href=\"http:\/\/www.institutdelteatre.cat\/ca\/escoles-i-centres-territorials\/thm21\/pag914\/pl76\/contactes-docents\/id139\/szpunberg-witt-victoria.htm \" target=\"_blank\" rel=\"noopener noreferrer\"><img src=\"https:\/\/masters.filescat.uab.cat\/muet\/wp-content\/uploads\/sites\/2\/2013\/03\/cv.png\" alt=\"cv\" width=\"30\" height=\"30\" \/><\/a><\/p>\r\n<h4>Vendrell, Ester<\/h4>\r\n<h6>Departament de Dramat\u00fargia, Escenificaci\u00f3 i Coreografia (ITB)<br \/>\r\n <a href=\"mailto:vendrellse@institutdelteatre.cat\">vendrellse@institutdelteatre.cat<\/a><\/h6>\r\n<p><a href=\"http:\/\/www.institutdelteatre.cat\/ca\/pl56\/directori-espais\/professorat\/id192\/vendrell-sales-esther.htm\" target=\"_blank\" rel=\"noopener noreferrer\"><img src=\"https:\/\/masters.filescat.uab.cat\/muet\/wp-content\/uploads\/sites\/2\/2013\/03\/cv.png\" alt=\"cv\" width=\"30\" height=\"30\" \/><\/a><\/p>","_et_gb_content_width":"","footnotes":""},"class_list":["post-150","page","type-page","status-publish","hentry"],"_links":{"self":[{"href":"https:\/\/masters.filescat.uab.cat\/muet\/wp-json\/wp\/v2\/pages\/150","targetHints":{"allow":["GET"]}}],"collection":[{"href":"https:\/\/masters.filescat.uab.cat\/muet\/wp-json\/wp\/v2\/pages"}],"about":[{"href":"https:\/\/masters.filescat.uab.cat\/muet\/wp-json\/wp\/v2\/types\/page"}],"author":[{"embeddable":true,"href":"https:\/\/masters.filescat.uab.cat\/muet\/wp-json\/wp\/v2\/users\/1"}],"replies":[{"embeddable":true,"href":"https:\/\/masters.filescat.uab.cat\/muet\/wp-json\/wp\/v2\/comments?post=150"}],"version-history":[{"count":22,"href":"https:\/\/masters.filescat.uab.cat\/muet\/wp-json\/wp\/v2\/pages\/150\/revisions"}],"predecessor-version":[{"id":3310,"href":"https:\/\/masters.filescat.uab.cat\/muet\/wp-json\/wp\/v2\/pages\/150\/revisions\/3310"}],"wp:attachment":[{"href":"https:\/\/masters.filescat.uab.cat\/muet\/wp-json\/wp\/v2\/media?parent=150"}],"curies":[{"name":"wp","href":"https:\/\/api.w.org\/{rel}","templated":true}]}}