{"id":1190,"date":"2017-12-04T12:16:08","date_gmt":"2017-12-04T12:16:08","guid":{"rendered":"http:\/\/masters.filescat.uab.cat\/muet\/?page_id=1190"},"modified":"2017-12-04T12:16:08","modified_gmt":"2017-12-04T12:16:08","slug":"curs-2018-2019","status":"publish","type":"page","link":"https:\/\/masters.filescat.uab.cat\/muet\/curs-2018-2019\/","title":{"rendered":"Curs 2018-2019"},"content":{"rendered":"<h3>Calendari i horaris. Curs 2018-2019<\/h3>\n<h4>ENTREVISTES<\/h4>\n<h6><strong>14 DE SETEMBRE DE 2018<\/strong><\/h6>\n<ul>\n<li>\n<p>11.00 h., a l&#8217;Institut del Teatre de Barcelona: Entrevistes personalitzades per als estudiants que vulguin optar a matricular-se al m\u00f2dul de Pr\u00e0ctiques externes<br \/>\nAt\u00e8s que nom\u00e9s es disposa de deu places per a les Pr\u00e0ctiques Externes, es demana als estudiants que aspirin a matricular-s\u2019hi que lliurin amb una setmana d\u2019antelaci\u00f3, a tot estirar, un breu <em>curriculum vitae<\/em> a la professora Montserrat Prat\u00a0(<a href=\"mailto:pratbm@institutdelteatre.cat\">pratbm@institutdelteatre.cat<\/a>), en qu\u00e8 s&#8217;especifiqui la formaci\u00f3 i l&#8217;activitat duta a terme en l&#8217;\u00e0mbit de les arts esc\u00e8niques.<br \/>\nEls professors del m\u00f2dul valoraran especialment la qualitat de la formaci\u00f3 te\u00f2rica i de les experi\u00e8ncies pr\u00e0ctiques en l&#8217;\u00e0mbit de les arts esc\u00e8niques, tant d&#8217;\u00edndole professional com amateur. Com que l&#8217;orientaci\u00f3 de les pr\u00e0ctiques no \u00e9s professionalitzadora sin\u00f3 de recerca en els processos creatius, l&#8217;estudiant que vulgui fer-ne haur\u00e0 de tenir una formaci\u00f3 pr\u00e0ctica espec\u00edfica que permeti disposar d&#8217;un coneixement previ que faciliti la seva incorporaci\u00f3 en la instituci\u00f3 o entitat d&#8217;acollida.\u00a0<br \/>\nD&#8217;altra banda, tamb\u00e9 es valorar\u00e0 la diversitat de traject\u00f2ries dels estudiants i les possibilitats reals d&#8217;integraci\u00f3 en les destinacions d&#8217;acord amb la borsa de pr\u00e0ctiques disponible.<\/p>\n<\/li>\n<\/ul>\n<h4>SESSI\u00d3 INAUGURAL I LLI\u00c7O MAGISTRAL<\/h4>\n<h6><strong>21 DE SETEMBRE DE 2018<\/strong><\/h6>\n<ul>\n<li>\n<p>10h Sessi\u00f3 inaugural del MUET a c\u00e0rrec de l\u2019equip de coordinaci\u00f3 (Sala de Juntes, B7\/025, Facultat de Filosofia i Lletres, UAB).\u00a0<\/p>\n<\/li>\n<li>\n<p>12h Lli\u00e7\u00f3 magistral de Jordi Coca, dramaturg i doctor en Arts Esc\u00e8niques (Sala de Graus, B7\/052, \u00a0Facultat de Filolsofia i Lletres, UAB)<\/p>\n<\/li>\n<\/ul>\n<p>&nbsp;<\/p>\n<h4>CURS ACAD\u00c8MIC 2018-2019<\/h4>\n<h6><strong>PRIMER SEMESTRE<\/strong><\/h6>\n<ul style=\"list-style-type: circle\">\n<li>43150 Metodologies d\u2019an\u00e0lisi i investigaci\u00f3 de les arts esc\u00e8niques, 15 cr. \u2013 S1, dilluns i dimecres, UAB\/ IT<\/li>\n<li>43151 Hist\u00f2ria de la representaci\u00f3: text i espectacle, 9 cr. \u2013 S1, dimarts, UAB<\/li>\n<li>43152 Laboratori de direcci\u00f3 d\u2019actors i escenificaci\u00f3, 6 cr. \u2013 S1, dijous, IT<\/li>\n<li>43153 Laboratori de dramat\u00fargia, 9 cr. \u2013 S1, dimarts, IT<\/li>\n<li>43154 Teoria de la representaci\u00f3, 6 cr. \u2013 S1, dijous, UPF<\/li>\n<\/ul>\n<div align=\"center\">\n<table style=\"width: 770px;height: 101px;border: 1px solid #660033\" border=\"1\" cellspacing=\"5\" cellpadding=\"5\" align=\"center\">\n<tbody>\n<tr style=\"background-color: #ffffff\" align=\"center\">\n<td style=\"text-align: center;background-color: #f3f3f3;border: 1px solid #f3f3f3\">\u00a0<\/td>\n<td style=\"background-color: #a9a9a9;border: 1px solid #fffafa\">\n<h6><span style=\"color: #800000\"><strong>Dilluns<\/strong><\/span><\/h6>\n<\/td>\n<td style=\"background-color: #a9a9a9;border: 1px solid #fffafa\">\n<h6><span style=\"color: #800000\"><strong>Dimarts<\/strong><\/span><\/h6>\n<\/td>\n<td style=\"background-color: #a9a9a9;border: 1px solid #fffafa\">\n<h6><span style=\"color: #800000\"><strong>Dimecres<\/strong><\/span><\/h6>\n<\/td>\n<td style=\"background-color: #a9a9a9;border: 1px solid #fffafa\">\n<h6><span style=\"color: #800000\"><strong>Dijous<\/strong><\/span><\/h6>\n<\/td>\n<td style=\"background-color: #a9a9a9;border: 1px solid #fffafa\">\n<h6><span style=\"color: #800000\"><strong>Divendres<\/strong><\/span><\/h6>\n<\/td>\n<\/tr>\n<tr>\n<td style=\"background-color: #a9a9a9;border: 1px solid #fffafa\">\n<h6><span style=\"color: #800000\">16.00-19.00<\/span><\/h6>\n<\/td>\n<td style=\"background-color: #a9a9a9;border: 1px solid #fffafa\"><span style=\"color: #ffffff\"> 43150 (UAB, IT)<\/span><\/td>\n<td style=\"background-color: #a9a9a9;border: 1px solid #fffafa\"><span style=\"color: #ffffff\">43151 (UAB)<\/span><br \/>\n<span style=\"color: #ffffff\">43153 (IT)<\/span><\/td>\n<td style=\"background-color: #a9a9a9;border: 1px solid #fffafa\"><span style=\"color: #ffffff\"> 43150 (UAB, IT)<\/span><\/td>\n<td style=\"background-color: #a9a9a9;border: 1px solid #fffafa\"><span style=\"color: #ffffff\">43154 (UPF)<\/span><span style=\"color: #ffffff\"><br \/>\n43152 (IT)<\/span><\/td>\n<td style=\"background-color: #a9a9a9;border: 1px solid #fffafa\"><span style=\"color: #ffffff\">Activitats complement\u00e0ries<br \/>\nRecuperaci\u00f3 de classes, si cal<br \/>\n<\/span><\/td>\n<\/tr>\n<\/tbody>\n<\/table>\n<\/div>\n<p>&nbsp;<\/p>\n<h6><strong>SEGON SEMESTRE<\/strong><\/h6>\n<ul style=\"list-style-type: circle\">\n<li>43155 Treball de fi de m\u00e0ster, 12 cr. \u2013 S2, sense horari reglat<\/li>\n<li>43156 Arts Esc\u00e8niques i altres arts, 6 cr. \u2013 S2, dimecres, UAB<\/li>\n<li>43157 Cr\u00edtica i recepci\u00f3 del drama contemporani, 6 cr. \u2013 S2, dilluns, UAB<\/li>\n<li>43158 Hist\u00f2ria i historiografia de les arts esc\u00e8niques, 6 cr. \u2013 S2, dimarts, IT<\/li>\n<li>43159 Metodologia de la investigaci\u00f3 en la dansa, 6 cr. \u2013 S2, dijous, IT<\/li>\n<li>43160 Pr\u00e0ctiques externes, 6 cr. \u2013 S2, sense horari reglat<\/li>\n<\/ul>\n<div align=\"center\">\n<table style=\"width: 770px;height: 101px;border: 1px solid #660033\" border=\"1\" cellspacing=\"5\" cellpadding=\"5\" align=\"center\">\n<tbody>\n<tr style=\"background-color: #ffffff\" align=\"center\">\n<td style=\"text-align: center;background-color: #f3f3f3;border: 1px solid #f3f3f3\">\u00a0<\/td>\n<td style=\"background-color: #a9a9a9;border: 1px solid #fffafa\">\n<h6><span style=\"color: #800000\"><strong>Dilluns<\/strong><\/span><\/h6>\n<\/td>\n<td style=\"background-color: #a9a9a9;border: 1px solid #fffafa\">\n<h6><span style=\"color: #800000\"><strong>Dimarts<\/strong><\/span><\/h6>\n<\/td>\n<td style=\"background-color: #a9a9a9;border: 1px solid #fffafa\">\n<h6><span style=\"color: #800000\"><strong>Dimecres<\/strong><\/span><\/h6>\n<\/td>\n<td style=\"background-color: #a9a9a9;border: 1px solid #fffafa\">\n<h6><span style=\"color: #800000\"><strong>Dijous<\/strong><\/span><\/h6>\n<\/td>\n<td style=\"background-color: #a9a9a9;border: 1px solid #fffafa\">\n<h6><span style=\"color: #800000\"><strong>Divendres<\/strong><\/span><\/h6>\n<\/td>\n<\/tr>\n<tr>\n<td style=\"background-color: #a9a9a9;border: 1px solid #fffafa\">\n<h6><span style=\"color: #800000\">16.00-19.00<\/span><\/h6>\n<\/td>\n<td style=\"background-color: #a9a9a9;border: 1px solid #fffafa\"><span style=\"color: #ffffff\"> 43157 (UAB)<\/span><\/td>\n<td style=\"background-color: #a9a9a9;border: 1px solid #fffafa\"><span style=\"color: #ffffff\">43158<\/span><span style=\"color: #ffffff\"> (IT)<\/span><\/td>\n<td style=\"background-color: #a9a9a9;border: 1px solid #fffafa\"><span style=\"color: #ffffff\"> 43156 (UAB)<\/span><\/td>\n<td style=\"background-color: #a9a9a9;border: 1px solid #fffafa\"><span style=\"color: #ffffff\">43159<\/span><span style=\"color: #ffffff\"> (IT)<\/span><\/td>\n<td style=\"background-color: #a9a9a9;border: 1px solid #fffafa\"><span style=\"color: #ffffff\">Activitats complement\u00e0ries<br \/>\n43155 i 43160<br \/>\nRecuperaci\u00f3 de classes, si cal<br \/>\n<\/span><\/td>\n<\/tr>\n<\/tbody>\n<\/table>\n<\/div>\n<p>&nbsp;<\/p>\n<h4>43150 Metodologies d\u2019an\u00e0lisi i investigaci\u00f3 de les arts esc\u00e8niques \u2013 coord. Francesc Foguet<\/h4>\n<p style=\"padding-left: 30px\">1. Merc\u00e8 Saumell. 3, 10, 17, 24 i \u00a031 d\u2019octubre. IT.<br \/>\n2. N\u00faria Santamaria, 8 i 15 d\u2019octubre. UAB.<br \/>\n3. Francesc Foguet, 22 i 29 d\u2019octubre. UAB.<br \/>\n4. Francesc Foguet i N\u00faria Santamaria, 5 i 12 de novembre. UAB.<br \/>\n5. Francesc Cort\u00e8s. 19 i 26 de novembre. UAB.<br \/>\n6. Llu\u00eds Masgrau. 7, 14, 21 i 28 de novembre, i 5, 12 i 19 de desembre. IT.<br \/>\n7. V\u00edctor Molina. 9, 16, 23 i 30 de gener, i 6 de febrer. IT.<\/p>\n<p>&nbsp;<\/p>\n<h4>43151 Hist\u00f2ria de la representaci\u00f3: text i espectacle \u2013 coord. Rossend Arqu\u00e8s<\/h4>\n<ol>\n<li>Rossend Arqu\u00e8s. 2, 9, 16, 23 i 30 d\u2019octubre. UAB.<\/li>\n<li>Miquel M. Gibert. 6 i 13 de novembre. UAB.<\/li>\n<li>Enric Gall\u00e9n. 20 i 27 de novembre. UAB.<\/li>\n<li>Anna Corral. 4, 11 i 18 de desembre, i 8 i 15 de gener. UAB.<\/li>\n<\/ol>\n<h4>43152 Laboratori de direcci\u00f3 d\u2019actors i escenificaci\u00f3 \u2013 coord. Merc\u00e8 Saumell<\/h4>\n<ol>\n<li>Antonio Sim\u00f3n Rodr\u00edguez. 4, 11, 18 i 25 d\u2019octubre, 8 i 15 de novembre, 13 i 20 de desembre, i 10 de gener (presentaci\u00f3 del projecte). IT.<\/li>\n<li>Alumnes\/actors. 22 i 29 de novembre. IT<\/li>\n<\/ol>\n<h4>43153 Laboratori de dramat\u00fargia \u2013 coord. Carles Batlle<\/h4>\n<ol>\n<li>Beth Escud\u00e9. 2, 9, 16, 23 i 30 d\u2019octubre. IT.<\/li>\n<li>Carles Batlle. 6 i 13 de novembre. IT.<\/li>\n<li>Victoria Szpunberg. 20 i 27 de novembre, 4, 11 i 18 de desembre, i 8, 15 i 22 de gener. IT.<\/li>\n<\/ol>\n<h4>43154 Teoria de la representaci\u00f3 \u2013 coord. Miquel Gibert<\/h4>\n<ol>\n<li>Miquel M. Gibert. 4, 11, 18 i 25 d\u2019octubre, i 8 de novembre. UPF.<\/li>\n<li>Enric Gall\u00e9n. 15, 22 i 29 de novembre, i 13 i 20 de desembre. UPF.<\/li>\n<\/ol>\n<h4>43155 Treball de fi de m\u00e0ster \u2013 coord.\u00a0Francesc Foguet<\/h4>\n<ul>\n<li>El 5 d\u2019octubre, a les 16.00 hores: primera reuni\u00f3 informativa amb el coordinador del m\u00f2dul. UAB.<\/li>\n<li>Durant el mes\u00a0d\u2019octubre: proposta de tema i\u00a0adjudicaci\u00f3 de tutor.<\/li>\n<li>Durant el mes de novembre, primera sessi\u00f3\u00a0de tutoria amb el tutor assignat.<\/li>\n<li>Durant el segon semestre, la resta de sessions de tutoria (tres, com a m\u00ednim)<\/li>\n<li>Els dies 8 i 15 de febrer, a partir de les 16.00 h.: seminari conjunt sobre l\u2019estat dels TFM. Cada alumne hi ha d\u2019exposar durant 8 minuts: a) presentaci\u00f3 del TFM; b) hip\u00f2tesi de partida; c) objectius; d) estat de la q\u00fcesti\u00f3 bibliogr\u00e0fica; e) metodologia de treball; d) \u00edndex provisional; e) aven\u00e7os significatius; f) dubtes i problemes. Debat posterior. UAB<\/li>\n<li>El 4 de juliol: data l\u00edmit de lliurament del treball; cal dipositar-ne una c\u00f2pia definitiva, signada pel tutor, a la secretaria del departament de Filologia Catalana de la Facultat de Filosofia i Lletres de la UAB. No s\u2019admetran treballs fora d\u2019aquest termini.<\/li>\n<li>El 18 de juliol, es faran p\u00fablics els tribunals. Cada estudiant ha de lliurar una c\u00f2pia definitiva del seu treball al director i als membres del tribunal.<\/li>\n<li>El 2 i 3 de setembre: defensa p\u00fablica dels treballs a la UAB.<\/li>\n<\/ul>\n<h4>43156 Arts Esc\u00e8niques i altres arts \u2013 coord. Anna Corral<\/h4>\n<ol>\n<li>Anna Corral. 6, 13, 20 i 27 de febrer. UAB.<\/li>\n<li>N\u00faria Llorens. 6, 13, 20 i 27 de mar\u00e7. UAB.<\/li>\n<li>Anna Solanilla. 3, 10 i 24 d\u2019abril, i 9 de maig. IT.<\/li>\n<\/ol>\n<h4>43157 Cr\u00edtica i recepci\u00f3 del drama contemporani \u2013 coord. N\u00faria Santamaria<\/h4>\n<ol>\n<li>N\u00faria Santamaria. 11, 18 i 25 de febrer, i 4 i 11 de mar\u00e7. UAB.<\/li>\n<li>Francesc Foguet. 18 i 25 de mar\u00e7, i 1, 8 i 29 d\u2019abril. UAB.<\/li>\n<\/ol>\n<h4>43158 Hist\u00f2ria i historiografia de les arts esc\u00e8niques \u2013 coord. Llu\u00eds Masgrau<\/h4>\n<ol>\n<li>Boris Dauss\u00e0. 12, 19 i 26 de febrer; 5, 12, 19 i 26 de mar\u00e7, i 2 i 9 d\u2019abril. IT.<\/li>\n<li>Antoni Ramon. 23 i 30 d\u2019abril, i 7 de maig. IT.<\/li>\n<\/ol>\n<h4>43159 Metodologia de la investigaci\u00f3 en la dansa \u2013coord. Roberto Fratini<\/h4>\n<ol>\n<li>Ester Vendrell, 14, 21 i 28 de febrer, i 7 i 14 de mar\u00e7. IT.<\/li>\n<li>Roberto Fratini, 21 i 28 de mar\u00e7, i 4, 11 i 25 d\u2019abril. IT.<\/li>\n<\/ol>\n<h4>43160 Pr\u00e0ctiques externes \u2013 coord.\u00a0Beth Escud\u00e9. <br \/>\nProfessors responsables: Montse Prat i Jordi Fondevila<\/h4>\n<ul>\n<li>19 d\u2019octubre, a les 16h, reuni\u00f3 inicial amb els tutors de les Pr\u00e0ctiques Externes. IT.<\/li>\n<li>9 de novembre, a les 16h, reuni\u00f3 per estudiar el perfil i el tipus de pr\u00e0ctica. IT.<\/li>\n<li>11 de gener, a les 16h, reuni\u00f3 per acabar de definir els perfils i tancar els convenis. IT.<\/li>\n<li>12 d\u2019abril, a les 16h, tutories de seguiment. IT.<\/li>\n<li>14 de juny, a les 16 h, tutories de seguiment. IT.<\/li>\n<li>12 de juliol: lliurament de la mem\u00f2ria. IT.<\/li>\n<li>5 de setembre: defensa de la mem\u00f2ria. IT.<\/li>\n<\/ul>\n","protected":false},"excerpt":{"rendered":"<p>Calendari i horaris. Curs 2018-2019 ENTREVISTES 14 DE SETEMBRE DE 2018 11.00 h., a l&#8217;Institut del Teatre de Barcelona: Entrevistes personalitzades per als estudiants que vulguin optar a matricular-se al m\u00f2dul de Pr\u00e0ctiques externes At\u00e8s que nom\u00e9s es disposa de deu places per a les Pr\u00e0ctiques Externes, es demana als estudiants que aspirin a matricular-s\u2019hi [&hellip;]<\/p>\n","protected":false},"author":1,"featured_media":0,"parent":0,"menu_order":0,"comment_status":"closed","ping_status":"closed","template":"","meta":{"_et_pb_use_builder":"","_et_pb_old_content":"","_et_gb_content_width":"","footnotes":""},"class_list":["post-1190","page","type-page","status-publish","hentry"],"_links":{"self":[{"href":"https:\/\/masters.filescat.uab.cat\/muet\/wp-json\/wp\/v2\/pages\/1190","targetHints":{"allow":["GET"]}}],"collection":[{"href":"https:\/\/masters.filescat.uab.cat\/muet\/wp-json\/wp\/v2\/pages"}],"about":[{"href":"https:\/\/masters.filescat.uab.cat\/muet\/wp-json\/wp\/v2\/types\/page"}],"author":[{"embeddable":true,"href":"https:\/\/masters.filescat.uab.cat\/muet\/wp-json\/wp\/v2\/users\/1"}],"replies":[{"embeddable":true,"href":"https:\/\/masters.filescat.uab.cat\/muet\/wp-json\/wp\/v2\/comments?post=1190"}],"version-history":[{"count":0,"href":"https:\/\/masters.filescat.uab.cat\/muet\/wp-json\/wp\/v2\/pages\/1190\/revisions"}],"wp:attachment":[{"href":"https:\/\/masters.filescat.uab.cat\/muet\/wp-json\/wp\/v2\/media?parent=1190"}],"curies":[{"name":"wp","href":"https:\/\/api.w.org\/{rel}","templated":true}]}}