{"id":1093,"date":"2017-03-23T08:40:48","date_gmt":"2017-03-23T08:40:48","guid":{"rendered":"http:\/\/masters.filescat.uab.cat\/muet\/?page_id=1093"},"modified":"2017-03-23T08:40:48","modified_gmt":"2017-03-23T08:40:48","slug":"curs-2017-2018","status":"publish","type":"page","link":"https:\/\/masters.filescat.uab.cat\/muet\/curs-2017-2018\/","title":{"rendered":"Curs 2017-2018"},"content":{"rendered":"<h3>Calendari i horaris. Curs 2017-2018<\/h3>\n<h4>ENTREVISTES<\/h4>\n<div class=\"box_gray\">\n<h6><strong>20 DE SETEMBRE DE 2017<\/strong><\/h6>\n<ul>\n<li>\n<h6>11.00 h. Entrevistes personalitzades per als estudiants que vulguin optar a matricular-se al m\u00f2dul de Pr\u00e0ctiques externes (Institut del Teatre de Barcelona)\u00a0<br \/>\n At\u00e8s que nom\u00e9s es disposa de deu places per a les Pr\u00e0ctiques Externes, es demana als estudiants que aspirin a matricular-s\u2019hi que lliurin amb una setmana d\u2019antelaci\u00f3, a tot estirar, un breu <em>curriculum vitae<\/em> a la professora Montserrat Prat\u00a0(<a href=\"mailto:pratbm@institutdelteatre.cat\">pratbm@institutdelteatre.cat<\/a>), en qu\u00e8 s&#8217;especifiqui la formaci\u00f3 i l&#8217;activitat duta a terme en l&#8217;\u00e0mbit de les arts esc\u00e8niques.<br \/>\n Els professors del m\u00f2dul valoraran especialment la qualitat de la formaci\u00f3 te\u00f2rica i de les experi\u00e8ncies pr\u00e0ctiques en l&#8217;\u00e0mbit de les arts esc\u00e8niques, tant d&#8217;\u00edndole professional com amateur. Com que l&#8217;orientaci\u00f3 de les pr\u00e0ctiques no \u00e9s professionalitzadora sin\u00f3 de recerca en els processos creatius, l&#8217;estudiant que vulgui fer-ne haur\u00e0 de tenir una formaci\u00f3 pr\u00e0ctica espec\u00edfica que permeti disposar d&#8217;un coneixement previ que faciliti la seva incorporaci\u00f3 en la instituci\u00f3 o entitat d&#8217;acollida.\u00a0<br \/>\n D&#8217;altra banda, tamb\u00e9 es valorar\u00e0 la diversitat de traject\u00f2ries dels estudiants i les possibilitats reals d&#8217;integraci\u00f3 en les destinacions d&#8217;acord amb la borsa de pr\u00e0ctiques disponible.<\/h6>\n<\/li>\n<\/ul>\n<\/div>\n<p>&nbsp;<\/p>\n<h4>SESSI\u00d3 INAUGURAL I TUTORIES DE MATR\u00cdCULA<\/h4>\n<div class=\"box_gray\">\n<h6><strong>22 DE SETEMBRE DE 2017<\/strong><\/h6>\n<ul>\n<li>\n<h6>11h Sessi\u00f3 inaugural del MUET a c\u00e0rrec de l\u2019equip de coordinaci\u00f3 i tutories personalitzades de matr\u00edcula (Sala de reunions del Deganat, B9-130, Facultat de Filosofia i Lletres, UAB).\u00a0<br \/>\n Pr\u00e8viament, l\u2019estudiant ha de passar pel Suport Log\u00edstic i Punt d\u2019Informaci\u00f3 de la Facultat de Filosofia i Lletres de la UAB (al costat de la porta principal) per recollir-hi la carpeta i l\u2019agenda com a estudiant del m\u00e0ster.\u00a0<br \/>\n \u00c9s recomanable consultar amb atenci\u00f3 el calendari i els horaris, com tamb\u00e9 les guies docents dels m\u00f2duls que es poden trobar al web oficial del m\u00e0ster.<br \/>\n Un cop feta la sessi\u00f3 de tutoria, l\u2019estudiant haur\u00e0 de demanar cita pr\u00e8via a Gesti\u00f3 Acad\u00e8mica per poder-se matricular.<\/h6>\n<\/li>\n<\/ul>\n<\/div>\n<p>&nbsp;<\/p>\n<h4>CURS ACAD\u00c8MIC 2017-2018<\/h4>\n<div class=\"box_gray\">\n<h6><strong>PRIMER SEMESTRE<\/strong><\/h6>\n<div title=\"Page 1\">\n<div>\n<div>\n<ul style=\"list-style-type: circle\">\n<li>43150 Metodologies d\u2019an\u00e0lisi i investigaci\u00f3 de les arts esc\u00e8niques, 15 cr. \u2013 S1, dilluns i dimecres, UAB\/ IT<\/li>\n<li>43151 Hist\u00f2ria de la representaci\u00f3: text i espectacle, 9 cr. \u2013 S1, dimarts, UAB<\/li>\n<li>43152 Laboratori de direcci\u00f3 d\u2019actors i escenificaci\u00f3, 6 cr. \u2013 S1, dijous, IT<\/li>\n<li>43153 Laboratori de dramat\u00fargia, 9 cr. \u2013 S1, dimarts, IT<\/li>\n<li>43154 Teoria de la representaci\u00f3, 6 cr. \u2013 S1, dijous, UPF<\/li>\n<\/ul>\n<\/div>\n<\/div>\n<\/div>\n<div class=\"checklist checklist\">\n<div align=\"center\">\n<table style=\"width: 770px;height: 101px;border: 1px solid #660033\" border=\"1\" cellspacing=\"5\" cellpadding=\"5\" align=\"center\">\n<tbody>\n<tr style=\"background-color: #ffffff\" align=\"center\">\n<td style=\"text-align: center;background-color: #f3f3f3;border: 1px solid #f3f3f3\">\u00a0<\/td>\n<td style=\"background-color: #a9a9a9;border: 1px solid #fffafa\">\n<h6><span style=\"color: #800000\"><strong>Dilluns<\/strong><\/span><\/h6>\n<\/td>\n<td style=\"background-color: #a9a9a9;border: 1px solid #fffafa\">\n<h6><span style=\"color: #800000\"><strong>Dimarts<\/strong><\/span><\/h6>\n<\/td>\n<td style=\"background-color: #a9a9a9;border: 1px solid #fffafa\">\n<h6><span style=\"color: #800000\"><strong>Dimecres<\/strong><\/span><\/h6>\n<\/td>\n<td style=\"background-color: #a9a9a9;border: 1px solid #fffafa\">\n<h6><span style=\"color: #800000\"><strong>Dijous<\/strong><\/span><\/h6>\n<\/td>\n<td style=\"background-color: #a9a9a9;border: 1px solid #fffafa\">\n<h6><span style=\"color: #800000\"><strong>Divendres<\/strong><\/span><\/h6>\n<\/td>\n<\/tr>\n<tr>\n<td style=\"background-color: #a9a9a9;border: 1px solid #fffafa\">\n<h6><span style=\"color: #800000\">16.00-19.00<\/span><\/h6>\n<\/td>\n<td style=\"background-color: #a9a9a9;border: 1px solid #fffafa\"><span style=\"color: #ffffff\"> 43150 (UAB, IT)<\/span><\/td>\n<td style=\"background-color: #a9a9a9;border: 1px solid #fffafa\"><span style=\"color: #ffffff\">43151 (UAB)<\/span><br \/>\n <span style=\"color: #ffffff\">43153 (IT)<\/span><\/td>\n<td style=\"background-color: #a9a9a9;border: 1px solid #fffafa\"><span style=\"color: #ffffff\"> 43150 (UAB, IT)<\/span><\/td>\n<td style=\"background-color: #a9a9a9;border: 1px solid #fffafa\"><span style=\"color: #ffffff\">43154 (UPF)<\/span><span style=\"color: #ffffff\"><br \/>\n 43152 (IT)<\/span><\/td>\n<td style=\"background-color: #a9a9a9;border: 1px solid #fffafa\"><span style=\"color: #ffffff\">Activitats complement\u00e0ries<br \/>\n Recuperaci\u00f3 de classes, si cal<br \/>\n <\/span><\/td>\n<\/tr>\n<\/tbody>\n<\/table>\n<\/div>\n<\/div>\n<\/div>\n<div class=\"box_gray\">\n<h6><strong>SEGON SEMESTRE<\/strong><\/h6>\n<div title=\"Page 1\">\n<div>\n<div>\n<ul style=\"list-style-type: circle\">\n<li>43155 Treball de fi de m\u00e0ster, 12 cr. \u2013 S2, sense horari reglat<\/li>\n<li>43156 Arts Esc\u00e8niques i altres arts, 6 cr. \u2013 S2, dimecres, UAB<\/li>\n<li>43157 Cr\u00edtica i recepci\u00f3 del drama contemporani, 6 cr. \u2013 S2, dilluns, UAB<\/li>\n<li>43158 Hist\u00f2ria i historiografia de les arts esc\u00e8niques, 6 cr. \u2013 S2, dimarts, IT<\/li>\n<li>43159 Metodologia de la investigaci\u00f3 en la dansa, 6 cr. \u2013 S2, dijous, IT<\/li>\n<li>43160 Pr\u00e0ctiques externes, 6 cr. \u2013 S2, sense horari reglat<\/li>\n<\/ul>\n<\/div>\n<\/div>\n<\/div>\n<div class=\"checklist checklist\">\n<div align=\"center\">\n<table style=\"width: 770px;height: 101px;border: 1px solid #660033\" border=\"1\" cellspacing=\"5\" cellpadding=\"5\" align=\"center\">\n<tbody>\n<tr style=\"background-color: #ffffff\" align=\"center\">\n<td style=\"text-align: center;background-color: #f3f3f3;border: 1px solid #f3f3f3\">\u00a0<\/td>\n<td style=\"background-color: #a9a9a9;border: 1px solid #fffafa\">\n<h6><span style=\"color: #800000\"><strong>Dilluns<\/strong><\/span><\/h6>\n<\/td>\n<td style=\"background-color: #a9a9a9;border: 1px solid #fffafa\">\n<h6><span style=\"color: #800000\"><strong>Dimarts<\/strong><\/span><\/h6>\n<\/td>\n<td style=\"background-color: #a9a9a9;border: 1px solid #fffafa\">\n<h6><span style=\"color: #800000\"><strong>Dimecres<\/strong><\/span><\/h6>\n<\/td>\n<td style=\"background-color: #a9a9a9;border: 1px solid #fffafa\">\n<h6><span style=\"color: #800000\"><strong>Dijous<\/strong><\/span><\/h6>\n<\/td>\n<td style=\"background-color: #a9a9a9;border: 1px solid #fffafa\">\n<h6><span style=\"color: #800000\"><strong>Divendres<\/strong><\/span><\/h6>\n<\/td>\n<\/tr>\n<tr>\n<td style=\"background-color: #a9a9a9;border: 1px solid #fffafa\">\n<h6><span style=\"color: #800000\">16.00-19.00<\/span><\/h6>\n<\/td>\n<td style=\"background-color: #a9a9a9;border: 1px solid #fffafa\"><span style=\"color: #ffffff\"> 43157 (UAB)<\/span><\/td>\n<td style=\"background-color: #a9a9a9;border: 1px solid #fffafa\"><span style=\"color: #ffffff\">43158<\/span><span style=\"color: #ffffff\"> (IT)<\/span><\/td>\n<td style=\"background-color: #a9a9a9;border: 1px solid #fffafa\"><span style=\"color: #ffffff\"> 43156 (UAB)<\/span><\/td>\n<td style=\"background-color: #a9a9a9;border: 1px solid #fffafa\"><span style=\"color: #ffffff\">43159<\/span><span style=\"color: #ffffff\"> (IT)<\/span><\/td>\n<td style=\"background-color: #a9a9a9;border: 1px solid #fffafa\"><span style=\"color: #ffffff\">Activitats complement\u00e0ries<br \/>\n 43155 i 43160<br \/>\n Recuperaci\u00f3 de classes, si cal<br \/>\n <\/span><\/td>\n<\/tr>\n<\/tbody>\n<\/table>\n<\/div>\n<\/div>\n<\/div>\n<div class=\"box_gray\">\n<h6><strong>43150 Metodologies d\u2019an\u00e0lisi i investigaci\u00f3 de les arts esc\u00e8niques \u2013 coord. Francesc Foguet<\/strong><\/h6>\n<div title=\"Page 2\">\n<div>\n<div>\n<p style=\"padding-left: 30px\">1. Merc\u00e8 Saumell. 4\u00a0i 11 d\u2019octubre. IT.<br \/>\n 2. N\u00faria Santamaria, 9 i 16 d\u2019octubre. UAB.<br \/>\n 3. Francesc Foguet, 23 i 30 d\u2019octubre. UAB.<br \/>\n 4. Francesc Foguet i N\u00faria Santamaria, 6 i 13 de novembre. UAB.<br \/>\n 5. Francesc Cort\u00e8s. 20 i 27 de novembre. UAB.<br \/>\n 6. Llu\u00eds Masgrau. 18 i 25 d\u2019octubre, 8, 15, 22 i 29 de novembre, i 13 de desembre. IT.<br \/>\n 7. V\u00edctor Molina. 4, 11 i 18 de desembre, i 8 i 15 de gener. IT.<br \/>\n 8. Merc\u00e8 Saumell. 20 de desembre, 10 i 17 de gener. IT.<\/p>\n<\/div>\n<\/div>\n<\/div>\n<\/div>\n<div class=\"box_gray\">\n<h6><strong>43151 Hist\u00f2ria de la representaci\u00f3: text i espectacle \u2013 coord. Rossend Arqu\u00e8s<\/strong><\/h6>\n<div title=\"Page 2\">\n<div>\n<div>\n<ol>\n<li>Rossend Arqu\u00e8s. 3, 10, 17, 24 i 31 d\u2019octubre. UAB.<\/li>\n<li>Miquel M. Gibert. 7 i 14\u00a0de novembre. UAB.<\/li>\n<li>Enric Gall\u00e9n. 21 i 28 de novembre. UAB.<\/li>\n<li>Anna Corral. 12 i 19 de desembre, i 9, 16 i 23 de gener. UAB.<\/li>\n<\/ol>\n<\/div>\n<\/div>\n<\/div>\n<\/div>\n<div class=\"box_gray\">\n<h6><strong>43152 Laboratori de direcci\u00f3 d\u2019actors i escenificaci\u00f3 \u2013 coord. Merc\u00e8 Saumell<\/strong><\/h6>\n<ol>\n<li>Antonio Sim\u00f3n Rodr\u00edguez. 5, 19 i 26 d\u2019octubre, 2, 9 i 16 de novembre, 14 i 21 de desembre, i 11 de gener (presentaci\u00f3 del projecte). IT.<\/li>\n<li>Alumnes\/actors. 23 i 30 de novembre. IT<\/li>\n<\/ol>\n<\/div>\n<div class=\"box_gray\">\n<h6><strong>43153 Laboratori de dramat\u00fargia \u2013 coord. Carles Batlle<\/strong><\/h6>\n<div title=\"Page 2\">\n<div>\n<div>\n<ol>\n<li>Beth Escud\u00e9. 3, 10, 17, 24 i 31 d\u2019octubre. IT.<\/li>\n<li>Victoria Szpunberg. 7, 14, 21 i 28 de novembre, 5, 12 i 19 de desembre, i 9, 16 i 23 de gener. IT.<\/li>\n<\/ol>\n<\/div>\n<\/div>\n<\/div>\n<\/div>\n<div class=\"box_gray\">\n<h6><strong>43154 Teoria de la representaci\u00f3 \u2013 coord. Miquel Gibert<\/strong><\/h6>\n<div title=\"Page 3\">\n<div>\n<div>\n<ol>\n<li>Miquel M. Gibert. 5, 19 i 26 d\u2019octubre, i 2 i 9 de novembre. UPF.<\/li>\n<li>Enric Gall\u00e9n. 16, 23 i 30 de novembre, i 13 i 20 de desembre. UPF.<\/li>\n<\/ol>\n<\/div>\n<\/div>\n<\/div>\n<\/div>\n<div class=\"box_gray\">\n<h6><strong>43155 Treball de fi de m\u00e0ster \u2013 coord.\u00a0Francesc Foguet<\/strong><\/h6>\n<div title=\"Page 3\">\n<ul>\n<li>El 6 d\u2019octubre, a les 16.00 hores: primera reuni\u00f3 informativa amb el coordinador del m\u00f2dul. UAB.<\/li>\n<li>Durant el mes\u00a0d\u2019octubre: proposta de tema i\u00a0adjudicaci\u00f3 de tutor.<\/li>\n<li>Durant el mes de novembre, primera sessi\u00f3\u00a0de tutoria amb el tutor assignat.<\/li>\n<li>Durant el segon semestre, la resta de sessions de tutoria (tres, com a m\u00ednim)<\/li>\n<li>Els dies 9 i 16 de febrer, a partir de les 16.00 h.: seminari conjunt sobre l\u2019estat dels TFM. Cada alumne hi ha d\u2019exposar durant 8 minuts: a) presentaci\u00f3 del TFM; b) hip\u00f2tesi de partida; c) objectius; d) estat de la q\u00fcesti\u00f3 bibliogr\u00e0fica; e) metodologia de treball; d) \u00edndex provisional; e) aven\u00e7os significatius; f) dubtes i problemes. Debat posterior. UAB<\/li>\n<li>El 4 de juliol: data l\u00edmit de lliurament del treball; cal dipositar-ne una c\u00f2pia definitiva, signada pel tutor, a la secretaria del departament. No s\u2019admetran treballs fora d\u2019aquest termini.<\/li>\n<li>El 16 de juliol, es faran p\u00fablics els tribunals. Cada estudiant ha de lliurar una c\u00f2pia definitiva del seu treball al director i als membres del tribunal.<\/li>\n<li>El 3 i 4 de setembre: defensa p\u00fablica dels treballs a la UAB.<\/li>\n<\/ul>\n<\/div>\n<\/div>\n<div class=\"box_gray\">\n<h6><strong>43156 Arts Esc\u00e8niques i altres arts \u2013 coord. Anna Corral<\/strong><\/h6>\n<div title=\"Page 3\">\n<div>\n<div>\n<ol>\n<li>Anna Corral. 7, 14, 21 i 28 de febrer. UAB.<\/li>\n<li>N\u00faria Llorens. 7, 14, i 21 de mar\u00e7, i 4 d&#8217;abril. UAB.<\/li>\n<li>Anna Solanilla. 18 i 25 d\u2019abril, i 2 i 9 de maig. IT.<\/li>\n<\/ol>\n<\/div>\n<\/div>\n<\/div>\n<\/div>\n<div class=\"box_gray\">\n<h6><strong>43157 Cr\u00edtica i recepci\u00f3 del drama contemporani \u2013 coord. N\u00faria Santamaria<\/strong><\/h6>\n<div title=\"Page 3\">\n<div>\n<div>\n<ol>\n<li>N\u00faria Santamaria. 12, 19 i 26 de febrer, 5 de mar\u00e7. UAB.<\/li>\n<li>Francesc Foguet. 12 i 19 de mar\u00e7, i 9 i 16 d\u2019abril. UAB.<\/li>\n<li>Francesc Foguet i N\u00faria Santamaria. 23 i 30 d&#8217;abril. UAB.<\/li>\n<\/ol>\n<\/div>\n<\/div>\n<\/div>\n<\/div>\n<div class=\"box_gray\">\n<h6><strong>43158 Hist\u00f2ria i historiografia de les arts esc\u00e8niques \u2013 coord. Llu\u00eds Masgrau<\/strong><\/h6>\n<div title=\"Page 3\">\n<div>\n<div>\n<ol>\n<li>Boris Dauss\u00e0. 13, 20 i 27 de febrer; 6, 13 i 20 de mar\u00e7, i 3 i 10 d\u2019abril. IT.<\/li>\n<li>Antoni Ramon. 17 i 24 d\u2019abril, i 8 de maig. IT.<\/li>\n<\/ol>\n<\/div>\n<\/div>\n<\/div>\n<\/div>\n<div class=\"box_gray\">\n<h6><strong>43159 Metodologia de la investigaci\u00f3 en la dansa \u2013coord. Roberto Fratini<\/strong><\/h6>\n<ol>\n<li>Ester Vendrell, 8, 15, i 22 de febrer, i 1 i 8 de mar\u00e7. IT.<\/li>\n<li>Roberto Fratini, 15 i 22 de mar\u00e7, i 5, 12 i 19 d\u2019abril. IT.<\/li>\n<\/ol>\n<\/div>\n<div class=\"box_gray\">\n<h6><strong>43160 Pr\u00e0ctiques externes \u2013 coord.\u00a0Beth Escud\u00e9. <br \/>\nProfessors responsables: Montse Prat i Jordi Fondevila<\/strong><\/h6>\n<div title=\"Page 4\">\n<div>\n<div>\n<ul>\n<li>6 d\u2019octubre, a les 16h, reuni\u00f3 inicial amb els tutors de les Pr\u00e0ctiques Externes. IT.<\/li>\n<li>10 de novembre, a les 16h, reuni\u00f3 per estudiar el perfil i el tipus de pr\u00e0ctica. IT.<\/li>\n<li>12 de gener, a les 16h, reuni\u00f3 per acabar de definir els perfils i tancar els convenis. IT.<\/li>\n<li>20 d\u2019abril, a les 16h, tutories de seguiment. IT.<\/li>\n<li>15 de juny, a les 16 h, tutories de seguiment. IT.<\/li>\n<li>13 de juliol: lliurament de la mem\u00f2ria. IT.<\/li>\n<li>5 de setembre: defensa de la mem\u00f2ria. IT.<\/li>\n<\/ul>\n<\/div>\n<\/div>\n<\/div>\n<\/div>\n<p>&nbsp;<\/p>\n","protected":false},"excerpt":{"rendered":"<p>Calendari i horaris. Curs 2017-2018 ENTREVISTES 20 DE SETEMBRE DE 2017 11.00 h. Entrevistes personalitzades per als estudiants que vulguin optar a matricular-se al m\u00f2dul de Pr\u00e0ctiques externes (Institut del Teatre de Barcelona)\u00a0 At\u00e8s que nom\u00e9s es disposa de deu places per a les Pr\u00e0ctiques Externes, es demana als estudiants que aspirin a matricular-s\u2019hi que [&hellip;]<\/p>\n","protected":false},"author":1,"featured_media":0,"parent":0,"menu_order":0,"comment_status":"closed","ping_status":"closed","template":"","meta":{"_et_pb_use_builder":"","_et_pb_old_content":"","_et_gb_content_width":"","footnotes":""},"class_list":["post-1093","page","type-page","status-publish","hentry"],"_links":{"self":[{"href":"https:\/\/masters.filescat.uab.cat\/muet\/wp-json\/wp\/v2\/pages\/1093","targetHints":{"allow":["GET"]}}],"collection":[{"href":"https:\/\/masters.filescat.uab.cat\/muet\/wp-json\/wp\/v2\/pages"}],"about":[{"href":"https:\/\/masters.filescat.uab.cat\/muet\/wp-json\/wp\/v2\/types\/page"}],"author":[{"embeddable":true,"href":"https:\/\/masters.filescat.uab.cat\/muet\/wp-json\/wp\/v2\/users\/1"}],"replies":[{"embeddable":true,"href":"https:\/\/masters.filescat.uab.cat\/muet\/wp-json\/wp\/v2\/comments?post=1093"}],"version-history":[{"count":0,"href":"https:\/\/masters.filescat.uab.cat\/muet\/wp-json\/wp\/v2\/pages\/1093\/revisions"}],"wp:attachment":[{"href":"https:\/\/masters.filescat.uab.cat\/muet\/wp-json\/wp\/v2\/media?parent=1093"}],"curies":[{"name":"wp","href":"https:\/\/api.w.org\/{rel}","templated":true}]}}