{"id":216,"date":"2013-05-01T00:00:11","date_gmt":"2013-05-01T00:00:11","guid":{"rendered":"http:\/\/158.109.159.121\/webs\/portal\/molelh\/?page_id=216"},"modified":"2025-11-20T13:00:09","modified_gmt":"2025-11-20T12:00:09","slug":"personal-docente","status":"publish","type":"page","link":"https:\/\/masters.filescat.uab.cat\/molelh\/personal-docente\/","title":{"rendered":"Personal docente"},"content":{"rendered":"<p>[et_pb_section fb_built=\u00bb1&#8243; _builder_version=\u00bb4.16&#8243; global_colors_info=\u00bb{}\u00bb][et_pb_row _builder_version=\u00bb4.16&#8243; custom_margin=\u00bb0px|||\u00bb custom_padding=\u00bb0px|||\u00bb global_colors_info=\u00bb{}\u00bb][et_pb_column type=\u00bb4_4&#8243; _builder_version=\u00bb4.16&#8243; custom_padding=\u00bb|||\u00bb global_colors_info=\u00bb{}\u00bb custom_padding__hover=\u00bb|||\u00bb][et_pb_text _builder_version=\u00bb4.16&#8243; global_colors_info=\u00bb{}\u00bb]<\/p>\n<h4>Profesorado<\/h4>\n<p>[\/et_pb_text][\/et_pb_column][\/et_pb_row][et_pb_row column_structure=\u00bb1_4,1_4,1_4,1_4&#8243; _builder_version=\u00bb4.16&#8243; background_size=\u00bbinitial\u00bb background_position=\u00bbtop_left\u00bb background_repeat=\u00bbrepeat\u00bb global_colors_info=\u00bb{}\u00bb][et_pb_column type=\u00bb1_4&#8243; _builder_version=\u00bb4.16&#8243; custom_padding=\u00bb|||\u00bb global_colors_info=\u00bb{}\u00bb custom_padding__hover=\u00bb|||\u00bb][et_pb_team_member name=\u00bbAguilar Cuevas, Lourdes\u00bb position=\u00bbCatedr\u00e1tica de universidad. \u00c1rea de Lengua Espa\u00f1ola.\u00bb image_url=\u00bbhttps:\/\/masters.filescat.uab.cat\/molelh\/wp-content\/uploads\/sites\/3\/2025\/11\/aguilar_lourdes.jpg\u00bb admin_label=\u00bbAguilar\u00bb _builder_version=\u00bb4.27.4&#8243; link_option_url=\u00bbhttp:\/\/filescat.uab.cat\/filesp\/ana-paz-afonso\/\u00bb link_option_url_new_window=\u00bbon\u00bb global_colors_info=\u00bb{}\u00bb]<\/p>\n<p><a href=\"mailto:lourdes.aguilar@uab.cat\">lourdes.aguilar@uab.cat<\/a><br \/><a href=\"https:\/\/portalrecerca.uab.cat\/es\/persons\/60dab892-fd45-45d9-b594-95bf927d53db\" target=\"_blank\" rel=\"noopener\">Curr\u00edculum<\/a><\/p>\n<p>[\/et_pb_team_member][\/et_pb_column][et_pb_column type=\u00bb1_4&#8243; _builder_version=\u00bb4.16&#8243; custom_padding=\u00bb|||\u00bb global_colors_info=\u00bb{}\u00bb custom_padding__hover=\u00bb|||\u00bb][et_pb_team_member name=\u00bbAmores Garc\u00eda, Montserrat\u00bb position=\u00bbCatedr\u00e1tica de universidad. \u00c1rea de Literatura Espa\u00f1ola\u00bb image_url=\u00bbhttps:\/\/masters.filescat.uab.cat\/molelh\/wp-content\/uploads\/sites\/3\/2025\/11\/amores_montse.jpg\u00bb admin_label=\u00bbAmores\u00bb _builder_version=\u00bb4.27.4&#8243; link_option_url=\u00bbhttp:\/\/filescat.uab.cat\/filesp\/montserrat-amores-garcia\/\u00bb link_option_url_new_window=\u00bbon\u00bb global_colors_info=\u00bb{}\u00bb]<\/p>\n<p><a href=\"mailto:montserrat.amores@uab.cat\">montserrat.amores@uab.cat<\/a><br \/><a href=\"https:\/\/portalrecerca.uab.cat\/es\/persons\/montserrat-amores-garcia-3\/\" target=\"_blank\" rel=\"noopener\">Curr\u00edculum<\/a><\/p>\n<p>[\/et_pb_team_member][\/et_pb_column][et_pb_column type=\u00bb1_4&#8243; _builder_version=\u00bb4.16&#8243; custom_padding=\u00bb|||\u00bb global_colors_info=\u00bb{}\u00bb custom_padding__hover=\u00bb|||\u00bb][et_pb_team_member name=\u00bbBoadas Cabarrocas, Sonia\u00bb position=\u00bbTitular de universidad. \u00c1rea Literatura Espa\u00f1ola\u00bb image_url=\u00bbhttps:\/\/masters.filescat.uab.cat\/molelh\/wp-content\/uploads\/sites\/3\/2025\/11\/boadas_sonia.jpg\u00bb admin_label=\u00bbBoadas\u00bb _builder_version=\u00bb4.27.4&#8243; link_option_url=\u00bbhttp:\/\/filescat.uab.cat\/filesp\/santiago-alcoba-rueda\/\u00bb link_option_url_new_window=\u00bbon\u00bb global_colors_info=\u00bb{}\u00bb]<\/p>\n<p><a href=\"mailto:sonia.boadas@uab.cat\">sonia.boadas@uab.cat<\/a><br \/><a href=\"https:\/\/portalrecerca.uab.cat\/es\/persons\/sonia-boadas-cabarrocas\" target=\"_blank\" rel=\"noopener\">Curr\u00edculum<\/a><\/p>\n<p>[\/et_pb_team_member][\/et_pb_column][et_pb_column type=\u00bb1_4&#8243; _builder_version=\u00bb4.16&#8243; custom_padding=\u00bb|||\u00bb global_colors_info=\u00bb{}\u00bb custom_padding__hover=\u00bb|||\u00bb][et_pb_team_member name=\u00bbBuenafuentes de la Mata, Cristina\u00bb position=\u00bbTitular de universidad. \u00c1rea de Lengua Espa\u00f1ola\u00bb image_url=\u00bbhttps:\/\/masters.filescat.uab.cat\/molelh\/wp-content\/uploads\/sites\/3\/2025\/11\/CristinaBuenafuentes.png\u00bb admin_label=\u00bbBuenafuentes\u00bb _builder_version=\u00bb4.27.4&#8243; link_option_url=\u00bbhttp:\/\/filescat.uab.cat\/filesp\/cristina-buenafuentes-de-la-mata\/\u00bb link_option_url_new_window=\u00bbon\u00bb global_colors_info=\u00bb{}\u00bb]<\/p>\n<p><a href=\"mailto:cristina.buenafuentes@uab.cat\">cristina.buenafuentes@uab.cat<\/a><br \/><a href=\"https:\/\/portalrecerca.uab.cat\/es\/persons\/cristina-buenafuentes-de-la-mata-7\/\" target=\"_blank\" rel=\"noopener\">Curr\u00edculum<\/a><\/p>\n<p>[\/et_pb_team_member][\/et_pb_column][\/et_pb_row][et_pb_row column_structure=\u00bb1_4,1_4,1_4,1_4&#8243; _builder_version=\u00bb4.16&#8243; background_size=\u00bbinitial\u00bb background_position=\u00bbtop_left\u00bb background_repeat=\u00bbrepeat\u00bb global_colors_info=\u00bb{}\u00bb][et_pb_column type=\u00bb1_4&#8243; _builder_version=\u00bb4.16&#8243; custom_padding=\u00bb|||\u00bb global_colors_info=\u00bb{}\u00bb custom_padding__hover=\u00bb|||\u00bb][et_pb_team_member name=\u00bbBustamante, Fernanda\u00bb position=\u00bbProfesora lectora. \u00c1rea de Literatura Espanyola\u00bb image_url=\u00bbhttps:\/\/masters.filescat.uab.cat\/molelh\/wp-content\/uploads\/sites\/3\/2025\/11\/bustamante_fernanda.jpg\u00bb admin_label=\u00bbbustamante\u00bb _builder_version=\u00bb4.27.4&#8243; link_option_url=\u00bbhttp:\/\/filescat.uab.cat\/filesp\/fernanda-bustamante-escalona\/\u00bb link_option_url_new_window=\u00bbon\u00bb hover_enabled=\u00bb0&#8243; global_colors_info=\u00bb{}\u00bb sticky_enabled=\u00bb0&#8243;]<\/p>\n<p><a href=\"mailto:mariafernanda.bustamante@uab.cat\">mariafernanda.bustamante@uab.cat<\/a><br \/><a href=\"https:\/\/portalrecerca.uab.cat\/es\/persons\/fernanda-bustamante-escalona\" target=\"_blank\" rel=\"noopener\">Curr\u00edculum<\/a><\/p>\n<p>[\/et_pb_team_member][\/et_pb_column][et_pb_column type=\u00bb1_4&#8243; _builder_version=\u00bb4.16&#8243; custom_padding=\u00bb|||\u00bb global_colors_info=\u00bb{}\u00bb custom_padding__hover=\u00bb|||\u00bb][et_pb_team_member name=\u00bbCantillo Nieves, Maria Teresa \u00bb position=\u00bbProfesora lectora.  \u00c1rea de Lengua Espa\u00f1ola\u00bb image_url=\u00bbhttps:\/\/masters.filescat.uab.cat\/molelh\/wp-content\/uploads\/sites\/3\/2025\/11\/cantillo_teresa.jpg\u00bb admin_label=\u00bbCantillo\u00bb _builder_version=\u00bb4.27.4&#8243; link_option_url=\u00bbhttp:\/\/www.gexel.es\/manuelaznarsoler.html\u00bb link_option_url_new_window=\u00bbon\u00bb global_colors_info=\u00bb{}\u00bb]<\/p>\n<p><a href=\"mailto:teresa.cantillo@uab.cat\">teresa.cantillo@uab.cat<\/a><br \/><a href=\"https:\/\/portalrecerca.uab.cat\/en\/persons\/maria-teresa-cantillo-nieves\" target=\"_blank\" rel=\"noopener\">Curr\u00edculum<\/a><\/p>\n<p>[\/et_pb_team_member][\/et_pb_column][et_pb_column type=\u00bb1_4&#8243; _builder_version=\u00bb4.16&#8243; custom_padding=\u00bb|||\u00bb global_colors_info=\u00bb{}\u00bb custom_padding__hover=\u00bb|||\u00bb][et_pb_team_member name=\u00bbClaver\u00eda Nadal, Gloria\u00bb position=\u00bbCatedr\u00e1tica de universidad. \u00c1rea de Lengua Espa\u00f1ola\u00bb image_url=\u00bbhttps:\/\/masters.filescat.uab.cat\/molelh\/wp-content\/uploads\/sites\/3\/2025\/11\/GloriaClaveria.png\u00bb admin_label=\u00bbclaveria\u00bb _builder_version=\u00bb4.27.4&#8243; link_option_url=\u00bbhttp:\/\/filescat.uab.cat\/filesp\/gloria-claveria-nadal\/\u00bb link_option_url_new_window=\u00bbon\u00bb global_colors_info=\u00bb{}\u00bb]<\/p>\n<p><a href=\"mailto:gloria.claveria@uab.cat\">gloria.claveria@uab.cat<\/a><br \/><a href=\"https:\/\/portalrecerca.uab.cat\/en\/persons\/gloria-claveria-nadal-12\" target=\"_blank\" rel=\"noopener\">Curr\u00edculum<\/a><\/p>\n<p>[\/et_pb_team_member][\/et_pb_column][et_pb_column type=\u00bb1_4&#8243; _builder_version=\u00bb4.16&#8243; custom_padding=\u00bb|||\u00bb global_colors_info=\u00bb{}\u00bb custom_padding__hover=\u00bb|||\u00bb][et_pb_team_member name=\u00bbCotarelo Esteban, Luc\u00eda\u00bb position=\u00bbTitular de universidad. \u00c1rea de Literatura Espa\u00f1ola\u00bb image_url=\u00bbhttps:\/\/masters.filescat.uab.cat\/molelh\/wp-content\/uploads\/sites\/3\/2025\/11\/cotarelo_lucia.jpg\u00bb admin_label=\u00bbCotarelo\u00bb _builder_version=\u00bb4.27.4&#8243; link_option_url=\u00bbhttp:\/\/filescat.uab.cat\/filesp\/ekaterina-chernova-tupikina\/\u00bb link_option_url_new_window=\u00bbon\u00bb global_colors_info=\u00bb{}\u00bb]<\/p>\n<p><a href=\"mailto:lucia.cotarelo@uab.cat\">lucia.cotarelo@uab.cat<\/a><br \/><a href=\"https:\/\/portalrecerca.uab.cat\/en\/persons\/lucia-cotarelo-esteban\" target=\"_blank\" rel=\"noopener\">Curr\u00edculum<\/a><\/p>\n<p>[\/et_pb_team_member][\/et_pb_column][\/et_pb_row][et_pb_row column_structure=\u00bb1_4,1_4,1_4,1_4&#8243; _builder_version=\u00bb4.16&#8243; background_size=\u00bbinitial\u00bb background_position=\u00bbtop_left\u00bb background_repeat=\u00bbrepeat\u00bb global_colors_info=\u00bb{}\u00bb][et_pb_column type=\u00bb1_4&#8243; _builder_version=\u00bb4.16&#8243; custom_padding=\u00bb|||\u00bb global_colors_info=\u00bb{}\u00bb custom_padding__hover=\u00bb|||\u00bb][et_pb_team_member name=\u00bbFern\u00e1ndez Garc\u00eda, Laura\u00bb position=\u00bbProfesora lectora. \u00c1rea de Literatura Espa\u00f1ola\u00bb image_url=\u00bbhttps:\/\/masters.filescat.uab.cat\/molelh\/wp-content\/uploads\/sites\/3\/2025\/11\/Laura-Fernandez.jpg\u00bb admin_label=\u00bbFernandez, Laura\u00bb _builder_version=\u00bb4.27.4&#8243; link_option_url=\u00bbhttp:\/\/prosodia.upf.edu\/membres\/carmedelamota\/index.html\u00bb link_option_url_new_window=\u00bbon\u00bb hover_enabled=\u00bb0&#8243; global_colors_info=\u00bb{}\u00bb sticky_enabled=\u00bb0&#8243;]<\/p>\n<p><a href=\"mailto:laura.fernandez.garcia@uab.cat\">laura.fernandez.garcia@uab.cat<\/a><br \/><a href=\"https:\/\/portalrecerca.uab.cat\/en\/persons\/laura-fernandez-garcia\" target=\"_blank\" rel=\"noopener\">Curr\u00edculum<\/a><\/p>\n<p>[\/et_pb_team_member][\/et_pb_column][et_pb_column type=\u00bb1_4&#8243; _builder_version=\u00bb4.16&#8243; custom_padding=\u00bb|||\u00bb global_colors_info=\u00bb{}\u00bb custom_padding__hover=\u00bb|||\u00bb][et_pb_team_member name=\u00bbFernandez Sanchez, Javier\u00bb position=\u00bbProfesor agregado. \u00c1rea de Llengua Espanyola\u00bb image_url=\u00bbhttps:\/\/masters.filescat.uab.cat\/molelh\/wp-content\/uploads\/sites\/3\/2025\/11\/Javier-Fernandez.webp\u00bb admin_label=\u00bb Fernandez, Javier\u00bb _builder_version=\u00bb4.27.4&#8243; link_option_url=\u00bbhttp:\/\/filcat.uab.cat\/clt\/membres\/professors\/brucart.html\u00bb link_option_url_new_window=\u00bbon\u00bb global_colors_info=\u00bb{}\u00bb]<\/p>\n<p><a href=\"mailto:javier.fernandez.sanchez@uab.cat\">javier.fernandez.sanchez@uab.cat<\/a><br \/><a href=\"https:\/\/portalrecerca.uab.cat\/ca\/persons\/javier-fernandez-sanchez\" target=\"_blank\" rel=\"noopener\">Curr\u00edculum<\/a><\/p>\n<p>[\/et_pb_team_member][\/et_pb_column][et_pb_column type=\u00bb1_4&#8243; _builder_version=\u00bb4.16&#8243; custom_padding=\u00bb|||\u00bb global_colors_info=\u00bb{}\u00bb custom_padding__hover=\u00bb|||\u00bb][et_pb_team_member name=\u00bbFerr\u00fas Ant\u00f3n, Beatriz\u00bb position=\u00bbCatedr\u00e1tica de universidad. \u00c1rea de Literatura Espa\u00f1ola\u00bb image_url=\u00bbhttps:\/\/masters.filescat.uab.cat\/molelh\/wp-content\/uploads\/sites\/3\/2025\/11\/ferrus_beatriz.jpg\u00bb admin_label=\u00bbferrus\u00bb _builder_version=\u00bb4.27.4&#8243; link_option_url=\u00bbhttp:\/\/filescat.uab.cat\/filesp\/beatriz-ferrus-anton\/\u00bb link_option_url_new_window=\u00bbon\u00bb global_colors_info=\u00bb{}\u00bb]<\/p>\n<p><a href=\"mailto:beatriz.ferrus@uab.cat\">beatriz.ferrus@uab.cat<\/a><br \/><a href=\"https:\/\/portalrecerca.uab.cat\/en\/persons\/beatriz-ferrus-anton-3\" target=\"_blank\" rel=\"noopener\">Curr\u00edculum<\/a><\/p>\n<p>[\/et_pb_team_member][\/et_pb_column][et_pb_column type=\u00bb1_4&#8243; _builder_version=\u00bb4.16&#8243; custom_padding=\u00bb|||\u00bb global_colors_info=\u00bb{}\u00bb custom_padding__hover=\u00bb|||\u00bb][et_pb_team_member name=\u00bbFreixas Al\u00e1s, Margarita\u00bb position=\u00bbProfesora agregada. \u00c1rea de Lengua Espa\u00f1ola\u00bb image_url=\u00bbhttps:\/\/masters.filescat.uab.cat\/molelh\/wp-content\/uploads\/sites\/3\/2025\/11\/margarita_freixas.png\u00bb admin_label=\u00bbfreixas\u00bb _builder_version=\u00bb4.27.4&#8243; link_option_url=\u00bbhttp:\/\/filescat.uab.cat\/filesp\/margarita-freixas\/\u00bb link_option_url_new_window=\u00bbon\u00bb global_colors_info=\u00bb{}\u00bb]<\/p>\n<p><a href=\"mailto:margarita.freixas@uab.cat\">margarita.freixas@uab.cat<\/a><br \/><a href=\"https:\/\/portalrecerca.uab.cat\/en\/persons\/margarita-freixas-alas-3\" target=\"_blank\" rel=\"noopener\">Curr\u00edculum<\/a><\/p>\n<p>[\/et_pb_team_member][\/et_pb_column][\/et_pb_row][et_pb_row column_structure=\u00bb1_4,1_4,1_4,1_4&#8243; _builder_version=\u00bb4.16&#8243; background_size=\u00bbinitial\u00bb background_position=\u00bbtop_left\u00bb background_repeat=\u00bbrepeat\u00bb global_colors_info=\u00bb{}\u00bb][et_pb_column type=\u00bb1_4&#8243; _builder_version=\u00bb4.16&#8243; custom_padding=\u00bb|||\u00bb global_colors_info=\u00bb{}\u00bb custom_padding__hover=\u00bb|||\u00bb][et_pb_team_member name=\u00bbGallardo Richards, Emma \u00bb position=\u00bbProfesora sustituta. \u00c1rea de Lengua Espa\u00f1ola\u00bb image_url=\u00bbhttps:\/\/masters.filescat.uab.cat\/molelh\/wp-content\/uploads\/sites\/3\/2025\/11\/Emma-Gallardo.jpg\u00bb admin_label=\u00bbgallardo\u00bb _builder_version=\u00bb4.27.4&#8243; link_option_url=\u00bbhttp:\/\/angallego.wixsite.com\/angelgallego\u00bb link_option_url_new_window=\u00bbon\u00bb global_colors_info=\u00bb{}\u00bb]<\/p>\n<p><a href=\"mailto:emma.gallardo@uab.cat\">emma.gallardo@uab.cat<\/a><br \/><a href=\"https:\/\/portalrecerca.uab.cat\/es\/persons\/emma-gallardo-richards-3\/\" target=\"_blank\" rel=\"noopener\">Curr\u00edculum<\/a><\/p>\n<p>[\/et_pb_team_member][\/et_pb_column][et_pb_column type=\u00bb1_4&#8243; _builder_version=\u00bb4.16&#8243; custom_padding=\u00bb|||\u00bb global_colors_info=\u00bb{}\u00bb custom_padding__hover=\u00bb|||\u00bb][et_pb_team_member name=\u00bbGarriga, Cecilio\u00bb position=\u00bbCatedr\u00e1tico de universidad. \u00c1rea de Lengua Espa\u00f1ola\u00bb image_url=\u00bbhttps:\/\/masters.filescat.uab.cat\/molelh\/wp-content\/uploads\/sites\/3\/2025\/11\/garriga_cecilio.jpg\u00bb admin_label=\u00bbgarriga\u00bb _builder_version=\u00bb4.27.4&#8243; link_option_url=\u00bbhttp:\/\/iemyr.usal.es\/?staff=garriga-escribano-cecilio\u00bb link_option_url_new_window=\u00bbon\u00bb global_colors_info=\u00bb{}\u00bb]<\/p>\n<p><a href=\"mailto:cecilo.garriga@uab.cat\">cecilo.garriga@uab.cat<\/a><br \/><a href=\"https:\/\/portalrecerca.uab.cat\/en\/persons\/cecilio-garriga-escribano-9\" target=\"_blank\" rel=\"noopener\">Curr\u00edculum<\/a><\/p>\n<p>[\/et_pb_team_member][\/et_pb_column][et_pb_column type=\u00bb1_4&#8243; _builder_version=\u00bb4.16&#8243; custom_padding=\u00bb|||\u00bb global_colors_info=\u00bb{}\u00bb custom_padding__hover=\u00bb|||\u00bb][et_pb_team_member name=\u00bbL\u00f3pez Garc\u00eda, Jos\u00e9 Ram\u00f3n\u00bb position=\u00bbCatedr\u00e1tico de universidad. \u00c1rea de Literatura Espa\u00f1ola\u00bb image_url=\u00bbhttps:\/\/masters.filescat.uab.cat\/molelh\/wp-content\/uploads\/sites\/3\/2025\/11\/JoseRamonLopez.jpg\u00bb admin_label=\u00bblopez\u00bb _builder_version=\u00bb4.27.4&#8243; link_option_url=\u00bbhttp:\/\/www.gexel.es\/joseramonlopezgarcia.html\u00bb link_option_url_new_window=\u00bbon\u00bb global_colors_info=\u00bb{}\u00bb]<\/p>\n<p><a href=\"mailto:joseramon.lopez@uab.cat\">joseramon.lopez@uab.cat<\/a><br \/><a href=\"https:\/\/portalrecerca.uab.cat\/en\/persons\/jose-ramon-lopez-garcia-3\" target=\"_blank\" rel=\"noopener\">Curr\u00edculum<\/a><\/p>\n<p>[\/et_pb_team_member][\/et_pb_column][et_pb_column type=\u00bb1_4&#8243; _builder_version=\u00bb4.16&#8243; custom_padding=\u00bb|||\u00bb global_colors_info=\u00bb{}\u00bb custom_padding__hover=\u00bb|||\u00bb][et_pb_team_member name=\u00bbMachuca Ayuso, Mar\u00eda Jes\u00fas\u00bb position=\u00bbProfesora agregada. \u00c1rea de Lengua Espa\u00f1ola\u00bb image_url=\u00bbhttps:\/\/masters.filescat.uab.cat\/molelh\/wp-content\/uploads\/sites\/3\/2025\/11\/machuca_maria.jpg\u00bb admin_label=\u00bbmachuca\u00bb _builder_version=\u00bb4.27.4&#8243; link_option_url=\u00bbhttp:\/\/filescat.uab.cat\/filesp\/maria-jesus-machuca-ayuso\/\u00bb link_option_url_new_window=\u00bbon\u00bb global_colors_info=\u00bb{}\u00bb]<\/p>\n<p><a href=\"mailto:mariajesus.machuca@uab.cat\">mariajesus.machuca@uab.cat<\/a><br \/><a href=\"https:\/\/portalrecerca.uab.cat\/en\/persons\/m-jes%C3%BAs-machuca-ayuso-6\" target=\"_blank\" rel=\"noopener\">Curr\u00edculum<\/a><\/p>\n<p>[\/et_pb_team_member][\/et_pb_column][\/et_pb_row][et_pb_row column_structure=\u00bb1_4,1_4,1_4,1_4&#8243; _builder_version=\u00bb4.16&#8243; background_size=\u00bbinitial\u00bb background_position=\u00bbtop_left\u00bb background_repeat=\u00bbrepeat\u00bb global_colors_info=\u00bb{}\u00bb][et_pb_column type=\u00bb1_4&#8243; _builder_version=\u00bb4.16&#8243; custom_padding=\u00bb|||\u00bb global_colors_info=\u00bb{}\u00bb custom_padding__hover=\u00bb|||\u00bb][et_pb_team_member name=\u00bbMart\u00edn L\u00f3pez, Rebeca\u00bb position=\u00bbProfesora lectora.  \u00c1rea de Literatura Espanyola\u00bb image_url=\u00bbhttps:\/\/masters.filescat.uab.cat\/molelh\/wp-content\/uploads\/sites\/3\/2025\/11\/martin_rebeca.jpg\u00bb admin_label=\u00bbmartin\u00bb _builder_version=\u00bb4.27.4&#8243; link_option_url=\u00bbhttp:\/\/filescat.uab.cat\/filesp\/francisca-montiel-rayo\/\u00bb link_option_url_new_window=\u00bbon\u00bb global_colors_info=\u00bb{}\u00bb]<\/p>\n<p><a href=\"mailto:rebeca.martin@uab.cat\">rebeca.martin@uab.cat<\/a><br \/><a href=\"https:\/\/portalrecerca.uab.cat\/en\/persons\/rebeca-martn-lpez\" target=\"_blank\" rel=\"noopener\">Curr\u00edculum<\/a><\/p>\n<p>[\/et_pb_team_member][\/et_pb_column][et_pb_column type=\u00bb1_4&#8243; _builder_version=\u00bb4.16&#8243; custom_padding=\u00bb|||\u00bb global_colors_info=\u00bb{}\u00bb custom_padding__hover=\u00bb|||\u00bb][et_pb_team_member name=\u00bbMontiel, Francisca\u00bb position=\u00bbTitular de universidad. \u00c1rea de Literatura Espa\u00f1ola\u00bb image_url=\u00bbhttps:\/\/masters.filescat.uab.cat\/molelh\/wp-content\/uploads\/sites\/3\/2025\/11\/montiel_francisca.jpg\u00bb admin_label=\u00bbmontiel\u00bb _builder_version=\u00bb4.27.4&#8243; link_option_url=\u00bbhttp:\/\/filescat.uab.cat\/filesp\/francisca-montiel-rayo\/\u00bb link_option_url_new_window=\u00bbon\u00bb global_colors_info=\u00bb{}\u00bb]<\/p>\n<p><a href=\"mailto:francisca.montiel@uab.cat\">francisca.montiel@uab.cat<\/a><br \/><a href=\"https:\/\/portalrecerca.uab.cat\/en\/persons\/francisca-montiel-rayo-9\" target=\"_blank\" rel=\"noopener\">Curr\u00edculum<\/a><\/p>\n<p>[\/et_pb_team_member][\/et_pb_column][et_pb_column type=\u00bb1_4&#8243; _builder_version=\u00bb4.16&#8243; custom_padding=\u00bb|||\u00bb global_colors_info=\u00bb{}\u00bb custom_padding__hover=\u00bb|||\u00bb][et_pb_team_member name=\u00bbPedote , Giuseppe Simone \u00bb position=\u00bbProfesor lector. \u00c1rea de Lengua Espa\u00f1ola\u00bb image_url=\u00bbhttps:\/\/masters.filescat.uab.cat\/molelh\/wp-content\/uploads\/sites\/3\/2025\/11\/Giuseppe-Simone-Pedote.jpg\u00bb admin_label=\u00bbpedote\u00bb _builder_version=\u00bb4.27.4&#8243; link_option_url=\u00bbhttp:\/\/filescat.uab.cat\/filesp\/laura-munoz-armijo\/\u00bb link_option_url_new_window=\u00bbon\u00bb global_colors_info=\u00bb{}\u00bb]<\/p>\n<p><a href=\"mailto:giuseppe.simone@uab.cat\">giuseppe.simone@uab.cat<\/a><br \/><a href=\"https:\/\/portalrecerca.uab.cat\/en\/persons\/giuseppe-simone-pedote-2\" target=\"_blank\" rel=\"noopener\">Curr\u00edculum<\/a><\/p>\n<p>[\/et_pb_team_member][\/et_pb_column][et_pb_column type=\u00bb1_4&#8243; _builder_version=\u00bb4.16&#8243; custom_padding=\u00bb|||\u00bb global_colors_info=\u00bb{}\u00bb custom_padding__hover=\u00bb|||\u00bb][et_pb_team_member name=\u00bbPoch Olive, Dolors \u00bb position=\u00bbProfesora honoraria. \u00c1rea de Lengua Espa\u00f1ola\u00bb image_url=\u00bbhttps:\/\/masters.filescat.uab.cat\/molelh\/wp-content\/uploads\/sites\/3\/2025\/11\/poch_dolors.jpg\u00bb admin_label=\u00bbpoch\u00bb _builder_version=\u00bb4.27.4&#8243; link_option_url=\u00bbhttp:\/\/filescat.uab.cat\/filesp\/maria-ohannesian-saboundjian\/\u00bb link_option_url_new_window=\u00bbon\u00bb global_colors_info=\u00bb{}\u00bb]<\/p>\n<p><a href=\"mailto:dolors.poch@uab.cat\">dolors.poch@uab.cat<\/a><br \/><a href=\"https:\/\/portalrecerca.uab.cat\/en\/persons\/dolors-poch-oliv%C3%A9-6\" target=\"_blank\" rel=\"noopener\">Curr\u00edculum<\/a><\/p>\n<p>[\/et_pb_team_member][\/et_pb_column][\/et_pb_row][et_pb_row column_structure=\u00bb1_4,1_4,1_4,1_4&#8243; _builder_version=\u00bb4.16&#8243; background_size=\u00bbinitial\u00bb background_position=\u00bbtop_left\u00bb background_repeat=\u00bbrepeat\u00bb global_colors_info=\u00bb{}\u00bb][et_pb_column type=\u00bb1_4&#8243; _builder_version=\u00bb4.16&#8243; custom_padding=\u00bb|||\u00bb global_colors_info=\u00bb{}\u00bb custom_padding__hover=\u00bb|||\u00bb][et_pb_team_member name=\u00bbRaab, Matthias\u00bb position=\u00bbProfesor lector. \u00c1rea de Lengua Espa\u00f1ola\u00bb image_url=\u00bbhttps:\/\/masters.filescat.uab.cat\/molelh\/wp-content\/uploads\/sites\/3\/2025\/11\/Matthias-Raab.jpg\u00bb admin_label=\u00bbraab\u00bb _builder_version=\u00bb4.27.4&#8243; link_option_url=\u00bbhttp:\/\/filescat.uab.cat\/filesp\/matthias-ulrich-raab\/\u00bb link_option_url_new_window=\u00bbon\u00bb global_colors_info=\u00bb{}\u00bb]<\/p>\n<p><a href=\"mailto:matthias.raab@uab.cat\">matthias.raab@uab.cat<\/a><br \/><a href=\"https:\/\/portalrecerca.uab.cat\/en\/persons\/matthias-ulrich-raab-7\" target=\"_blank\" rel=\"noopener\">Curr\u00edculum<\/a><\/p>\n<p>[\/et_pb_team_member][\/et_pb_column][et_pb_column type=\u00bb1_4&#8243; _builder_version=\u00bb4.16&#8243; custom_padding=\u00bb|||\u00bb global_colors_info=\u00bb{}\u00bb custom_padding__hover=\u00bb|||\u00bb][et_pb_team_member name=\u00bbRenau Araque, Irene \u00bb position=\u00bbProfesora lectora. \u00c1rea de Lengua Espa\u00f1ola\u00bb image_url=\u00bbhttps:\/\/masters.filescat.uab.cat\/molelh\/wp-content\/uploads\/sites\/3\/2025\/11\/Irene-Renau.jpg\u00bb admin_label=\u00bbreanu\u00bb _builder_version=\u00bb4.27.4&#8243; link_option_url=\u00bbhttp:\/\/filescat.uab.cat\/filesp\/tania-pleitez-vela\/\u00bb link_option_url_new_window=\u00bbon\u00bb global_colors_info=\u00bb{}\u00bb]<\/p>\n<p><a href=\"mailto:irene.renau@uab.cat\">irene.renau@uab.cat<\/a><br \/><a href=\"https:\/\/portalrecerca.uab.cat\/ca\/persons\/irene-renau-araque\" target=\"_blank\" rel=\"noopener\">Curr\u00edculum<\/a><\/p>\n<p>[\/et_pb_team_member][\/et_pb_column][et_pb_column type=\u00bb1_4&#8243; _builder_version=\u00bb4.16&#8243; custom_padding=\u00bb|||\u00bb global_colors_info=\u00bb{}\u00bb custom_padding__hover=\u00bb|||\u00bb][et_pb_team_member name=\u00bbRodr\u00edguez Sell\u00e9s, Yolanda\u00bb position=\u00bbTitular de universidad. \u00c1rea de Lengua Espa\u00f1ola\u00bb image_url=\u00bbhttps:\/\/masters.filescat.uab.cat\/molelh\/wp-content\/uploads\/sites\/3\/2025\/11\/sin.png\u00bb admin_label=\u00bbrodriguez, yolanda\u00bb _builder_version=\u00bb4.27.4&#8243; link_option_url=\u00bbhttp:\/\/filescat.uab.cat\/filesp\/personal\/docente-e-investigador\/#R\u00bb link_option_url_new_window=\u00bbon\u00bb global_colors_info=\u00bb{}\u00bb]<\/p>\n<p><a href=\"mailto:yolanda.rodriguez@uab.cat\">yolanda.rodriguez@uab.cat<\/a><br \/><a href=\"https:\/\/portalrecerca.uab.cat\/en\/persons\/yolanda-rodr%C3%ADguez-sell%C3%A9s-6\" target=\"_blank\" rel=\"noopener\">Curr\u00edculum<\/a><\/p>\n<p>[\/et_pb_team_member][\/et_pb_column][et_pb_column type=\u00bb1_4&#8243; _builder_version=\u00bb4.16&#8243; custom_padding=\u00bb|||\u00bb global_colors_info=\u00bb{}\u00bb custom_padding__hover=\u00bb|||\u00bb][et_pb_team_member name=\u00bbRost Bagudanch, Assumpci\u00f3\u00bb position=\u00bbTitular de universidad. \u00c0rea de Llengua Espanyola\u00bb image_url=\u00bbhttps:\/\/masters.filescat.uab.cat\/molelh\/wp-content\/uploads\/sites\/3\/2025\/11\/Assum_Rost.jpg\u00bb admin_label=\u00bbrost\u00bb _builder_version=\u00bb4.27.4&#8243; link_option_url=\u00bbhttp:\/\/filescat.uab.cat\/filesp\/marta-prat-sabater\/\u00bb link_option_url_new_window=\u00bbon\u00bb global_colors_info=\u00bb{}\u00bb]<\/p>\n<p><a href=\"mailto:assumpcio.rost@uab.cat\">assumpcio.rost@uab.cat<\/a><br \/><a href=\"https:\/\/portalrecerca.uab.cat\/ca\/persons\/maria-assumpcio-rost-bagudanch\" target=\"_blank\" rel=\"noopener\">Curr\u00edculum<\/a><\/p>\n<p>[\/et_pb_team_member][\/et_pb_column][\/et_pb_row][et_pb_row column_structure=\u00bb1_4,1_4,1_4,1_4&#8243; _builder_version=\u00bb4.16&#8243; background_size=\u00bbinitial\u00bb background_position=\u00bbtop_left\u00bb background_repeat=\u00bbrepeat\u00bb global_colors_info=\u00bb{}\u00bb][et_pb_column type=\u00bb1_4&#8243; _builder_version=\u00bb4.16&#8243; custom_padding=\u00bb|||\u00bb global_colors_info=\u00bb{}\u00bb custom_padding__hover=\u00bb|||\u00bb][et_pb_team_member name=\u00bbSanchez Aguilar, Agustin \u00bb position=\u00bbProfesor asociado. \u00c1rea de Literatura Espa\u00f1ola\u00bb image_url=\u00bbhttps:\/\/masters.filescat.uab.cat\/molelh\/wp-content\/uploads\/sites\/3\/2025\/11\/AgustinSanchezAguilar.jpeg\u00bb admin_label=\u00bbsanchez aguilar\u00bb _builder_version=\u00bb4.27.4&#8243; link_option_url=\u00bbhttp:\/\/filescat.uab.cat\/filesp\/agustin-sanchez-aguilar\/\u00bb link_option_url_new_window=\u00bbon\u00bb global_colors_info=\u00bb{}\u00bb]<\/p>\n<p><a href=\"mailto:agustin.sanchez@uab.cat\">agustin.sanchez@uab.cat<\/a><br \/><a href=\"https:\/\/portalrecerca.uab.cat\/es\/persons\/agustin-snchez-aguilar\" target=\"_blank\" rel=\"noopener\">Curr\u00edculum<\/a><\/p>\n<p>[\/et_pb_team_member][\/et_pb_column][et_pb_column type=\u00bb1_4&#8243; _builder_version=\u00bb4.16&#8243; custom_padding=\u00bb|||\u00bb global_colors_info=\u00bb{}\u00bb custom_padding__hover=\u00bb|||\u00bb][et_pb_team_member name=\u00bbSanchez Lancis, Carlos\u00bb position=\u00bbCatedr\u00e1tico de universidad. \u00c1rea de Lengua Espa\u00f1ola\u00bb image_url=\u00bbhttps:\/\/masters.filescat.uab.cat\/molelh\/wp-content\/uploads\/sites\/3\/2025\/11\/CarlosSanchez-1.png\u00bb admin_label=\u00bbsanchez lancis\u00bb _builder_version=\u00bb4.27.4&#8243; link_option_url=\u00bbhttp:\/\/filescat.uab.cat\/filesp\/guillermo-seres-guillen\/\u00bb link_option_url_new_window=\u00bbon\u00bb global_colors_info=\u00bb{}\u00bb]<\/p>\n<p><a href=\"mailto:carlos.sanchez@uab.cat\">carlos.sanchez@uab.cat<\/a><br \/><a href=\"https:\/\/portalrecerca.uab.cat\/es\/persons\/carlos-sanchez-lancis-4\" target=\"_blank\" rel=\"noopener\">Curr\u00edculum<\/a><\/p>\n<p>[\/et_pb_team_member][\/et_pb_column][et_pb_column type=\u00bb1_4&#8243; _builder_version=\u00bb4.16&#8243; custom_padding=\u00bb|||\u00bb global_colors_info=\u00bb{}\u00bb custom_padding__hover=\u00bb|||\u00bb][et_pb_team_member name=\u00bbSanz Burgos, Omar \u00bb position=\u00bbProfesor lector. \u00c1rea de Literatura Espa\u00f1ola\u00bb image_url=\u00bbhttps:\/\/masters.filescat.uab.cat\/molelh\/wp-content\/uploads\/sites\/3\/2025\/11\/OmarSanz.png\u00bb admin_label=\u00bbsanz\u00bb _builder_version=\u00bb4.27.4&#8243; link_option_url=\u00bbhttp:\/\/filescat.uab.cat\/filesp\/omar-sanz-burgos\/\u00bb link_option_url_new_window=\u00bbon\u00bb global_colors_info=\u00bb{}\u00bb]<\/p>\n<p><a href=\"mailto:omar.sanz@uab.cat\">omar.sanz@uab.cat<\/a><br \/><a href=\"https:\/\/portalrecerca.uab.cat\/es\/persons\/omar-sanz-burgos-7\" target=\"_blank\" rel=\"noopener\">Curr\u00edculum<\/a><\/p>\n<p>[\/et_pb_team_member][\/et_pb_column][et_pb_column type=\u00bb1_4&#8243; _builder_version=\u00bb4.16&#8243; custom_padding=\u00bb|||\u00bb global_colors_info=\u00bb{}\u00bb custom_padding__hover=\u00bb|||\u00bb][et_pb_team_member name=\u00bbSaura Clares, Alba \u00bb position=\u00bbTitular de universidad. \u00c1rea de Literatura Espa\u00f1ola\u00bb image_url=\u00bbhttps:\/\/masters.filescat.uab.cat\/molelh\/wp-content\/uploads\/sites\/3\/2025\/11\/Alba-Saura.jpg\u00bb admin_label=\u00bbsaura\u00bb _builder_version=\u00bb4.27.4&#8243; link_option_url=\u00bbhttps:\/\/www.icrea.cat\/Web\/ScientificStaff\/joan-torruella-casanas-323&#8243; link_option_url_new_window=\u00bbon\u00bb global_colors_info=\u00bb{}\u00bb]<\/p>\n<p><a href=\"mailto:alba.saura@uab.cat\">alba.saura@uab.cat<\/a><br \/><a href=\"https:\/\/portalrecerca.uab.cat\/es\/persons\/alba-saura-clares-4\" target=\"_blank\" rel=\"noopener\">Curr\u00edculum<\/a><\/p>\n<p>[\/et_pb_team_member][\/et_pb_column][\/et_pb_row][et_pb_row column_structure=\u00bb1_4,1_4,1_4,1_4&#8243; _builder_version=\u00bb4.16&#8243; background_size=\u00bbinitial\u00bb background_position=\u00bbtop_left\u00bb background_repeat=\u00bbrepeat\u00bb global_colors_info=\u00bb{}\u00bb][et_pb_column type=\u00bb1_4&#8243; _builder_version=\u00bb4.16&#8243; custom_padding=\u00bb|||\u00bb global_colors_info=\u00bb{}\u00bb custom_padding__hover=\u00bb|||\u00bb][et_pb_team_member name=\u00bbTerron Vinagre, Natalia \u00bb position=\u00bbProfesora lectora. \u00c1rea de Lengua Espa\u00f1ola\u00bb image_url=\u00bbhttps:\/\/masters.filescat.uab.cat\/molelh\/wp-content\/uploads\/sites\/3\/2025\/11\/terron_natalia.jpg\u00bb admin_label=\u00bbterron\u00bb _builder_version=\u00bb4.27.4&#8243; link_option_url=\u00bbhttps:\/\/www.icrea.cat\/Web\/ScientificStaff\/joan-torruella-casanas-323&#8243; link_option_url_new_window=\u00bbon\u00bb global_colors_info=\u00bb{}\u00bb]<\/p>\n<p><a href=\"mailto:natalia.terron@uab.cat\">natalia.terron@uab.cat<\/a><br \/><a href=\"https:\/\/portalrecerca.uab.cat\/es\/persons\/natalia-terr%C3%B3n-vinagre-6\" target=\"_blank\" rel=\"noopener\">Curr\u00edculum<\/a><\/p>\n<p>[\/et_pb_team_member][\/et_pb_column][et_pb_column type=\u00bb1_4&#8243; _builder_version=\u00bb4.16&#8243; custom_padding=\u00bb|||\u00bb global_colors_info=\u00bb{}\u00bb custom_padding__hover=\u00bb|||\u00bb][et_pb_team_member name=\u00bbVald\u00e9s G\u00e1zquez, Ram\u00f3n\u00bb position=\u00bbProfesor agregado. \u00c1rea de Literatura Espa\u00f1ola\u00bb image_url=\u00bbhttps:\/\/masters.filescat.uab.cat\/molelh\/wp-content\/uploads\/sites\/3\/2025\/11\/RamonValdes.jpg\u00bb admin_label=\u00bbvaldes\u00bb _builder_version=\u00bb4.27.4&#8243; link_option_url=\u00bbhttp:\/\/prolope.uab.cat\/archivo\/investigador\/valdes_gazquez_ramon.html\u00bb link_option_url_new_window=\u00bbon\u00bb global_colors_info=\u00bb{}\u00bb]<\/p>\n<p><a href=\"mailto:ramon.valdes.gazquez@uab.cat\">ramon.valdes.gazquez@uab.cat<\/a><br \/><a href=\"https:\/\/portalrecerca.uab.cat\/es\/persons\/ramon-valdes-gazquez-3\" target=\"_blank\" rel=\"noopener\">Curr\u00edculum<\/a><\/p>\n<p>[\/et_pb_team_member][\/et_pb_column][et_pb_column type=\u00bb1_4&#8243; _builder_version=\u00bb4.16&#8243; custom_padding=\u00bb|||\u00bb global_colors_info=\u00bb{}\u00bb custom_padding__hover=\u00bb|||\u00bb][et_pb_team_member name=\u00bbValls Guzm\u00e1n, Fernando\u00bb position=\u00bbCatedr\u00e1tico de universidad jubilado. \u00c1rea de Literatura Espa\u00f1ola\u00bb image_url=\u00bbhttps:\/\/masters.filescat.uab.cat\/molelh\/wp-content\/uploads\/sites\/3\/2025\/11\/valls_fernando.jpg\u00bb admin_label=\u00bbvalls\u00bb _builder_version=\u00bb4.27.4&#8243; link_option_url=\u00bbhttps:\/\/escueladeescritores.com\/profesores\/fernando-valls\/\u00bb link_option_url_new_window=\u00bbon\u00bb global_colors_info=\u00bb{}\u00bb]<\/p>\n<p><a href=\"mailto:fernando.valls@uab.cat\">fernando.valls@uab.cat<\/a><br \/><a href=\"https:\/\/portalrecerca.uab.cat\/ca\/searchAll\/advanced\/?searchByRadioGroup=PartOfNameOrTitle&amp;searchBy=PartOfNameOrTitle&amp;allThese=fernando+valls+guzman&amp;exactPhrase=&amp;or=&amp;minus=&amp;family=&amp;doSearch=Cerca&amp;slowScroll=true&amp;resultFamilyTabToSelect=\" target=\"_blank\" rel=\"noopener\">Curr\u00edculum<\/a><\/p>\n<p>[\/et_pb_team_member][\/et_pb_column][et_pb_column type=\u00bb1_4&#8243; _builder_version=\u00bb4.16&#8243; custom_padding=\u00bb|||\u00bb global_colors_info=\u00bb{}\u00bb custom_padding__hover=\u00bb|||\u00bb][\/et_pb_column][\/et_pb_row][\/et_pb_section]<\/p>\n","protected":false},"excerpt":{"rendered":"<p>Profesoradolourdes.aguilar@uab.catCurr\u00edculummontserrat.amores@uab.catCurr\u00edculumsonia.boadas@uab.catCurr\u00edculumcristina.buenafuentes@uab.catCurr\u00edculummariafernanda.bustamante@uab.catCurr\u00edculumteresa.cantillo@uab.catCurr\u00edculumgloria.claveria@uab.catCurr\u00edculumlucia.cotarelo@uab.catCurr\u00edculumlaura.fernandez.garcia@uab.catCurr\u00edculumjavier.fernandez.sanchez@uab.catCurr\u00edculumbeatriz.ferrus@uab.catCurr\u00edculummargarita.freixas@uab.catCurr\u00edculumemma.gallardo@uab.catCurr\u00edculumcecilo.garriga@uab.catCurr\u00edculumjoseramon.lopez@uab.catCurr\u00edculummariajesus.machuca@uab.catCurr\u00edculumrebeca.martin@uab.catCurr\u00edculumfrancisca.montiel@uab.catCurr\u00edculumgiuseppe.simone@uab.catCurr\u00edculumdolors.poch@uab.catCurr\u00edculummatthias.raab@uab.catCurr\u00edculumirene.renau@uab.catCurr\u00edculumyolanda.rodriguez@uab.catCurr\u00edculumassumpcio.rost@uab.catCurr\u00edculumagustin.sanchez@uab.catCurr\u00edculumcarlos.sanchez@uab.catCurr\u00edculumomar.sanz@uab.catCurr\u00edculumalba.saura@uab.catCurr\u00edculumnatalia.terron@uab.catCurr\u00edculumramon.valdes.gazquez@uab.catCurr\u00edculumfernando.valls@uab.catCurr\u00edculum<\/p>\n","protected":false},"author":1,"featured_media":0,"parent":0,"menu_order":0,"comment_status":"closed","ping_status":"closed","template":"","meta":{"_et_pb_use_builder":"on","_et_pb_old_content":"<h4>Profesorado<\/h4>\r\n<table style=\"width: 100%;\"><tbody><tr><td><tr><td><a class='correu' href=\"#\">Aguilar Cuevas, Lourdes<\/a><\/td>\r\n<td><a class='correu' href=\"#\">Alcoba Rueda, Santiago<\/a><\/td><\/tr>\r\n<tr><td><a class='correu' href=\"#\">Amores Garc\u00eda, Montserrat<\/a><\/td>\r\n<td><a class='correu' href=\"#\">Aznar Soler, Manuel<\/a><\/td><\/tr>\r\n<tr><td><a class='correu' href=\"#\">Blecua Perdices, Luis Alberto<\/a><\/td>\r\n<td><a class='correu' href=\"#\">Brucart Marraco, Josep Maria<\/a><\/td><\/tr>\r\n<tr><td><a class='correu' href=\"#\">Buenafuentes de la Mata, Cristina<\/a><\/td>\r\n<td><a class='correu' href=\"#\">Claver\u00eda Nadal, Gloria<\/a><\/td><\/tr>\r\n<tr><td><a class='correu' href=\"#\">de la Mota Gorriz, Carme<\/a><\/td>\r\n<td><a class='correu' href=\"#\">Ferr\u00fas Ant\u00f3n, Beatriz<\/a><\/td><\/tr>\r\n<tr><td><a class='correu' href=\"#\">Freixas Al\u00e1s, Margarita<\/a><\/td>\r\n<td><a class='correu' href=\"#\">Gallego Bartolom\u00e9, \u00c1ngel<\/a><\/td><\/tr>\r\n<tr><td><a class='correu' href=\"#\">Hernanz Carb\u00f3, Maria Llu\u00efsa<\/a><\/td>\r\n<td><a class='correu' href=\"#\">Larraz Elorriaga, Fernando<\/a><\/td><\/tr>\r\n<tr><td><a class='correu' href=\"#\">L\u00f3pez Garc\u00eda, Jos\u00e9 Ram\u00f3n<\/a><\/td>\r\n<td><a class='correu' href=\"#\">Machuca Ayuso, Mar\u00eda Jes\u00fas<\/a><\/td><\/tr>\r\n<tr><td><a class='correu' href=\"#\">Morros Mestres, Bienvenido<\/a><\/td>\r\n<td><a class='correu' href=\"#\">Mu\u00f1oz Armijo, Laura<\/a><\/td><\/tr>\r\n<tr><td><a class='correu' href=\"#\">Ortiz Rodr\u00edguez, Cristina<\/a><\/td>\r\n<td><a class='correu' href=\"#\">Poch Oliv\u00e9, Dolors<\/a><\/td><\/tr>\r\n<tr><td><a class='correu' href=\"#\">Pont\u00f3n Gij\u00f3n, Gonzalo<\/a><\/td>\r\n<td><a class='correu' href=\"#\">Prat Sabater, Marta<\/a><\/td><\/tr>\r\n<tr><td><a class='correu' href=\"#\">Rico Manrique, Francisco<\/a><\/td>\r\n<td><a class='correu' href=\"#\">Riera Guilera, Carme<\/a><\/td><\/tr>\r\n<tr><td><a class='correu' href=\"#\">Rodr\u00edguez Sell\u00e9s, Yolanda<\/a><\/td>\r\n<td><a class='correu' href=\"#\">Rodr\u00edguez Rodr\u00edguez, Juan<\/a><\/td><\/tr>\r\n<tr><td><a class='correu' href=\"#\">Rubio Mart\u00ednez, Juan Carlos<\/a><\/td>\r\n<td><a class='correu' href=\"#\">Samblancat Miranda, Neus<\/a><\/td><\/tr>\r\n<tr><td><a class='correu' href=\"#\">Ser\u00e9s Guill\u00e9n, Guillermo<\/a><\/td>\r\n<td><a class='correu' href=\"#\">Subirats Ruggeberg, Carlos<\/a><\/td><\/tr>\r\n<tr><td><a class='correu' href=\"#\">Usandizaga Lleonart, Helena<\/a><\/td>\r\n<td><a class='correu' href=\"#\">Vald\u00e9s G\u00e1zquez, Ram\u00f3n<\/a><\/td><\/tr>\r\n<tr><td><a class='correu' href=\"#\">Valls Guzm\u00e1n, Fernando<\/a><\/tbody><\/table>","_et_gb_content_width":"","footnotes":""},"class_list":["post-216","page","type-page","status-publish","hentry"],"_links":{"self":[{"href":"https:\/\/masters.filescat.uab.cat\/molelh\/wp-json\/wp\/v2\/pages\/216","targetHints":{"allow":["GET"]}}],"collection":[{"href":"https:\/\/masters.filescat.uab.cat\/molelh\/wp-json\/wp\/v2\/pages"}],"about":[{"href":"https:\/\/masters.filescat.uab.cat\/molelh\/wp-json\/wp\/v2\/types\/page"}],"author":[{"embeddable":true,"href":"https:\/\/masters.filescat.uab.cat\/molelh\/wp-json\/wp\/v2\/users\/1"}],"replies":[{"embeddable":true,"href":"https:\/\/masters.filescat.uab.cat\/molelh\/wp-json\/wp\/v2\/comments?post=216"}],"version-history":[{"count":23,"href":"https:\/\/masters.filescat.uab.cat\/molelh\/wp-json\/wp\/v2\/pages\/216\/revisions"}],"predecessor-version":[{"id":1747,"href":"https:\/\/masters.filescat.uab.cat\/molelh\/wp-json\/wp\/v2\/pages\/216\/revisions\/1747"}],"wp:attachment":[{"href":"https:\/\/masters.filescat.uab.cat\/molelh\/wp-json\/wp\/v2\/media?parent=216"}],"curies":[{"name":"wp","href":"https:\/\/api.w.org\/{rel}","templated":true}]}}