{"id":150,"date":"2011-11-04T16:41:17","date_gmt":"2011-11-04T16:41:17","guid":{"rendered":"https:\/\/masters.filescat.uab.cat\/webs\/portal\/master\/?page_id=150"},"modified":"2025-09-23T11:08:03","modified_gmt":"2025-09-23T10:08:03","slug":"pla-destudis","status":"publish","type":"page","link":"https:\/\/masters.filescat.uab.cat\/moiellc\/docencia\/pla-destudis\/","title":{"rendered":"Pla d&#8217;estudis curs 2025-2026: NOU!"},"content":{"rendered":"<p>[et_pb_section fb_built=&#8221;1&#8243; _builder_version=&#8221;4.27.4&#8243; custom_padding=&#8221;0px||||false|false&#8221; global_colors_info=&#8221;{}&#8221;][et_pb_row _builder_version=&#8221;4.16&#8243; background_size=&#8221;initial&#8221; background_position=&#8221;top_left&#8221; background_repeat=&#8221;repeat&#8221; global_colors_info=&#8221;{}&#8221;][et_pb_column type=&#8221;4_4&#8243; _builder_version=&#8221;4.16&#8243; custom_padding=&#8221;|||&#8221; global_colors_info=&#8221;{}&#8221; custom_padding__hover=&#8221;|||&#8221;][et_pb_text _builder_version=&#8221;4.27.4&#8243; hover_enabled=&#8221;0&#8243; global_colors_info=&#8221;{}&#8221; sticky_enabled=&#8221;0&#8243;]<\/p>\n<p style=\"text-align: right;\">\u2611\ufe0f \u00a0<a href=\"https:\/\/masters.filescat.uab.cat\/moiellc\/wp-content\/uploads\/sites\/4\/2025\/07\/taula-adaptacions-MUELLAC_2025_2026.pdf\" target=\"_blank\" rel=\"noopener\">Taula d\u2019equiparacions del pla vell al pla nou<\/a><\/p>\n<h3><strong>Durada del M\u00e0ster<\/strong> | 1 any: 60 cr\u00e8dits<\/h3>\n<p>El m\u00e0ster t\u00e9 una durada d\u2019un any (60 cr\u00e8dits ECTS). Tamb\u00e9 \u00e9s possible cursar-lo a temps parcial, amb una matr\u00edcula m\u00ednima de 30 cr\u00e8dits cada any. L\u2019estudiant pot configurar lliurement el curr\u00edculum (t\u00edtol sense menci\u00f3). Per obtenir la menci\u00f3 en\u00a0<strong>Ling\u00fc\u00edstica catalana<\/strong>\u00a0o en\u00a0<strong>Literatura catalana<\/strong>\u00a0cal haver cursat 20 cr\u00e8dits de l\u2019especialitat corresponent; els altres 10 cr\u00e8dits s\u2019obtenen amb assignatures optatives de qualsevol especialitat i\/o amb les pr\u00e0ctiques professionals.<\/p>\n<h3>Oferta d&#8217;assignatures<\/h3>\n<h4>Assignatures obligat\u00f2ries comunes a les dues especialitats<\/h4>\n<ul>\n<li>A1 Instruments de filologia: tractament, edici\u00f3 i correcci\u00f3 de textos (10 ECTS, 1r semestre)<\/li>\n<li>A2 Metodologia de la recerca (5 ECTS, 2n semestre)<\/li>\n<li>A14 Treball de final de m\u00e0ster (15 ECTS, 2n semestre)<\/li>\n<\/ul>\n<h4>Assignatures de l&#8217;especialitat de ling\u00fc\u00edstica catalana<\/h4>\n<ul>\n<li>A6 Gram\u00e0tica I interf\u00edcies en el sistema ling\u00fc\u00edstic catal\u00e0 (5 ECTS, 1r semestre, obligat\u00f2ria d\u2019especialitat)<\/li>\n<li>A7 Evoluci\u00f3 i variaci\u00f3 en la llengua catalana (5 ECTS., 1r semestre, obligat\u00f2ria d\u2019especialitat)<\/li>\n<li>A8 La llengua catalana en una societat multiling\u00fce i diversa (5 ECTS, 1r semestre)<\/li>\n<li>A10 Tractament i an\u00e0lisi de dades ling\u00fc\u00edstiques (5 ECTS, 2n semestre)<\/li>\n<li>A11 El catal\u00e0 com a llengua liter\u00e0ria (5 ECTS, 2n semestre)<\/li>\n<\/ul>\n<h4><strong>Assignatures de l&#8217;especialitat de literatura catalana<\/strong><\/h4>\n<ul>\n<li>A3 Recepci\u00f3 i innovaci\u00f3 en la literatura catalana (5 ECTS, 1r semestre, obligat\u00f2ria d\u2019especialitat)<\/li>\n<li>A4 \u00a0Orientacions i instruments per a l&#8217;estudi de la literatura catalana (5 ECTS, 1r semestre, obligat\u00f2ria d\u2019especialitat)<\/li>\n<li>A5 El sistema literari catal\u00e0: del manuscrit als nous formats (5 ECTS, 1r semestre)<\/li>\n<li>A9 Obra i lectura (5 ECTS, 2n semestre)<\/li>\n<li>A11 El catal\u00e0 com a llengua liter\u00e0ria (5 ECTS, 2n semestre)<\/li>\n<\/ul>\n<h4><strong>Assignatures optatives sense especialitat<\/strong><\/h4>\n<ul>\n<li>A12 Pr\u00e0ctiques professionals (5 ECTS, 1r o 2n semestre)<\/li>\n<li>A13\u00a0Pr\u00e0ctiques professionals avan\u00e7ades (5 ECTS, 2n semestre)<\/li>\n<\/ul>\n<p>&nbsp;<\/p>\n<p>&nbsp;<\/p>\n<h2 style=\"text-align: center;\">Estructura del m\u00e0ster<\/h2>\n<p>[\/et_pb_text][\/et_pb_column][\/et_pb_row][et_pb_row column_structure=&#8221;1_2,1_2&#8243; _builder_version=&#8221;4.16&#8243; custom_margin=&#8221;0px|||&#8221; custom_padding=&#8221;0px|||&#8221; global_colors_info=&#8221;{}&#8221;][et_pb_column type=&#8221;1_2&#8243; _builder_version=&#8221;4.16&#8243; custom_padding=&#8221;|||&#8221; global_colors_info=&#8221;{}&#8221; custom_padding__hover=&#8221;|||&#8221;][et_pb_blurb title=&#8221;1r SEMESTRE&#8221; _builder_version=&#8221;4.27.4&#8243; global_colors_info=&#8221;{}&#8221;]<\/p>\n<p><strong>Assignatura obligatoria<br \/><\/strong>A1 (10 ECTS)<\/p>\n<p><strong>Assignatures optatives<br \/><\/strong>A3 (5 ECTS)<br \/>A4 (5 ECTS)<br \/>A5 (5 ECTS)<br \/>A6 (5 ECTS)<br \/>A7 (5 ECTS)<br \/>A8 (5 ECTS)<br \/>A12 (5 ECTS)<\/p>\n<p>[\/et_pb_blurb][\/et_pb_column][et_pb_column type=&#8221;1_2&#8243; _builder_version=&#8221;4.16&#8243; custom_padding=&#8221;|||&#8221; global_colors_info=&#8221;{}&#8221; custom_padding__hover=&#8221;|||&#8221;][et_pb_blurb title=&#8221;2N SEMESTRE&#8221; _builder_version=&#8221;4.27.4&#8243; global_colors_info=&#8221;{}&#8221;]<\/p>\n<p><strong>Assignatures obligat\u00f2ries<br \/><\/strong>A2 (5 ECTS)<br \/>A14 (15 ECTS)<\/p>\n<p><strong>Assignatures optatives<br \/><\/strong>A9 (5 ECTS)<br \/>A10 (5 ECTS)<br \/>A11 (5 ECTS)<br \/>A12 (5 ECTS)<br \/>A13 (5 ECTS)<\/p>\n<p>[\/et_pb_blurb][\/et_pb_column][\/et_pb_row][\/et_pb_section]<\/p>\n","protected":false},"excerpt":{"rendered":"<p>\u2611\ufe0f \u00a0Taula d\u2019equiparacions del pla vell al pla nou Durada del M\u00e0ster | 1 any: 60 cr\u00e8dits El m\u00e0ster t\u00e9 una durada d\u2019un any (60 cr\u00e8dits ECTS). Tamb\u00e9 \u00e9s possible cursar-lo a temps parcial, amb una matr\u00edcula m\u00ednima de 30 cr\u00e8dits cada any. L\u2019estudiant pot configurar lliurement el curr\u00edculum (t\u00edtol sense menci\u00f3). Per obtenir la [&hellip;]<\/p>\n","protected":false},"author":1,"featured_media":0,"parent":153,"menu_order":0,"comment_status":"closed","ping_status":"closed","template":"","meta":{"_et_pb_use_builder":"on","_et_pb_old_content":"<h3><strong>Durada del M\u00e0ster<\/strong> | 1 any: 60 cr\u00e8dits<\/h3>\r\n<p>El m\u00e0ster t\u00e9 una durada d'un any (60 cr\u00e8dits ECTS). Tamb\u00e9 \u00e9s possible fer-lo a temps parcial, amb una matr\u00edcula m\u00ednima de 30 cr\u00e8dits cada any.<\/p>\r\n<h3>Oferta de m\u00f2duls per al curs 2017-2018<\/h3>\r\n<div class=\"box_gray\">\r\n<h6><strong>M\u00f2duls obligatoris comuns a les dues especialitats<br \/>\r\n<\/strong><\/h6>\r\n<ul>\r\n\t<li>M1 Compet\u00e8ncies i recursos per a la recerca i la professionalitzaci\u00f3 (15 ECTS, anual)<\/li>\r\n\t<li>M2 Treball fi de m\u00e0ster (15 ECTS, 2n semestre)<\/li>\r\n<\/ul>\r\n<\/div>\r\n<div class=\"box_gray\">\r\n<h6><strong>M\u00f2duls de ling\u00fc\u00edstica catalana<\/strong><\/h6>\r\n<p><strong><em>Obligatori<\/em>:<\/strong><br \/>\r\nM3 Llengua catalana: an\u00e0lisi, codificaci\u00f3, comunicaci\u00f3 i aprenentatge (10 ECTS, 1r semestre)<\/p>\r\n<p><strong><em>Optatius<\/em>:<\/strong><br \/>\r\nM3.1 Estructura, tipologia i variaci\u00f3 interna de la llengua catalana (10 ECTS., 1r semestre)<br \/>\r\nM3.2 La llengua catalana en el seu context. \u00das i realitat social (10 ECTS, 1r semestre)<br \/>\r\nM5 Pr\u00e0ctiques externes (10 ECTS, 2n semestre)<\/p>\r\n<\/div>\r\n<div class=\"box_gray\">\r\n<h6><strong>M\u00f2duls de literatura catalana<\/strong><\/h6>\r\n<p><strong><em>Obligatori<\/em>:<\/strong><br \/>\r\nM4 Orientacions i recerques en els estudis literaris catalans (10 ECTS, 1r semestre)<\/p>\r\n<p><strong><em>Optatius<\/em>:<\/strong><br \/>\r\nM4.1 Literatura catalana i cultura contempor\u00e0nia (ss. XIX i XX) (10 ECTS, 1r semestre)<br \/>\r\nM4.2 Literatura catalana i tradici\u00f3 europea (ss. XIII-XVIII) (10 ECTS, 1r semestre)<br \/>\r\nM5 Pr\u00e0ctiques externes (10 ECTS, 2n semestre)<\/p>\r\n<\/div>\r\n<h3>\u00a0<\/h3>\r\n<h3>Estructura del m\u00e0ster<\/h3>\r\n<div class=\"layout_1_2\">\r\n<h4><span class=\"dropcap2\">1<\/span>1r semestre<\/h4>\r\n<div class=\"box_gray\">\r\n<ul>\r\n\t<li>M1: 10 cr\u00e8dits<\/li>\r\n\t<li>Obligatori d'especialitat: 10 cr\u00e8dits<\/li>\r\n\t<li>Optatiu 1: 10 cr\u00e8dits<\/li>\r\n<\/ul>\r\n<\/div>\r\n<\/div>\r\n<div class=\"layout_1_2\">\r\n<h4><span class=\"dropcap2\">2<\/span>Segon semestre<\/h4>\r\n<div class=\"box_gray\">\r\n<ul>\r\n\t<li>M1: 5 cr\u00e8dits<\/li>\r\n\t<li>Optatiu 2: 10 cr\u00e8dits<\/li>\r\n\t<li>Treball fi de m\u00e0ster: 15 cr\u00e8dits<\/li>\r\n<\/ul>\r\n<\/div>\r\n<\/div>","_et_gb_content_width":"","footnotes":""},"class_list":["post-150","page","type-page","status-publish","hentry"],"_links":{"self":[{"href":"https:\/\/masters.filescat.uab.cat\/moiellc\/wp-json\/wp\/v2\/pages\/150","targetHints":{"allow":["GET"]}}],"collection":[{"href":"https:\/\/masters.filescat.uab.cat\/moiellc\/wp-json\/wp\/v2\/pages"}],"about":[{"href":"https:\/\/masters.filescat.uab.cat\/moiellc\/wp-json\/wp\/v2\/types\/page"}],"author":[{"embeddable":true,"href":"https:\/\/masters.filescat.uab.cat\/moiellc\/wp-json\/wp\/v2\/users\/1"}],"replies":[{"embeddable":true,"href":"https:\/\/masters.filescat.uab.cat\/moiellc\/wp-json\/wp\/v2\/comments?post=150"}],"version-history":[{"count":18,"href":"https:\/\/masters.filescat.uab.cat\/moiellc\/wp-json\/wp\/v2\/pages\/150\/revisions"}],"predecessor-version":[{"id":3241,"href":"https:\/\/masters.filescat.uab.cat\/moiellc\/wp-json\/wp\/v2\/pages\/150\/revisions\/3241"}],"up":[{"embeddable":true,"href":"https:\/\/masters.filescat.uab.cat\/moiellc\/wp-json\/wp\/v2\/pages\/153"}],"wp:attachment":[{"href":"https:\/\/masters.filescat.uab.cat\/moiellc\/wp-json\/wp\/v2\/media?parent=150"}],"curies":[{"name":"wp","href":"https:\/\/api.w.org\/{rel}","templated":true}]}}